{"id":675,"date":"2026-04-08T15:19:27","date_gmt":"2026-04-08T18:19:27","guid":{"rendered":"https:\/\/www.ct.ufpb.br\/ppgeps\/?page_id=675"},"modified":"2026-04-29T10:35:43","modified_gmt":"2026-04-29T13:35:43","slug":"dissertacoes-2","status":"publish","type":"page","link":"https:\/\/www.ct.ufpb.br\/ppgeps\/producaointelectual\/dissertacoes-2\/","title":{"rendered":"Disserta\u00e7\u00f5es"},"content":{"rendered":"\n<p>A Universidade Federal da Para\u00edba disponibiliza&nbsp;o&nbsp;<a href=\"https:\/\/repositorio.ufpb.br\/?locale=pt_BR\" target=\"_blank\" rel=\"noreferrer noopener\">Reposit\u00f3rio Institucional da UFPB<\/a>,&nbsp;que cont\u00e9m as vers\u00f5es completas dos trabalhos defendidos. As disserta\u00e7\u00f5es do PPGEPS podem ser consultadas na \u00edntegra ou acessadas por meio dos links abaixo, ressalvando que, em alguns casos, o acesso pode estar sujeito a embargo.<\/p>\n\n\n\n<details class=\"wp-block-details is-layout-flow wp-block-details-is-layout-flow\"><summary><strong>2026<\/strong><\/summary>\n<p><strong>Prefer\u00eancia do tomador de decis\u00e3o em estudos multivariados de controle estat\u00edstico da qualidade orientados por dados <\/strong><\/p>\n\n\n\n<p><strong>Autor: <\/strong>Matheus Cunha de Almeida<\/p>\n\n\n\n<p><strong>Orienta\u00e7\u00e3o: <\/strong>Prof. Dr. Rog\u00e9rio Santana Peruchi<\/p>\n\n\n\n<p>\u2014\u2014\u2014\u2014\u2014\u2014\u2014\u2014\u2014\u2014\u2014\u2014\u2014\u2014\u2014\u2014\u2014\u2014\u2014\u2014\u2014\u2014\u2014\u2014\u2014\u2014\u2014\u2014\u2014\u2014\u2014\u2014\u2014\u2014\u2014\u2014\u2014\u2014\u2014\u2014-<\/p>\n\n\n\n<p><strong>Habilidades da resili\u00eancia para aprimorar a seguran\u00e7a na constru\u00e7\u00e3o civil: identificando pr\u00e1ticas e barreiras<\/strong><\/p>\n\n\n\n<p><strong>Autora: <\/strong>Andreia Batista Ribeiro<\/p>\n\n\n\n<p><strong>Orienta\u00e7\u00e3o: <\/strong>Profa. Dra. Maria Christine Werba Saldanha<\/p>\n\n\n\n<p>\u2014\u2014\u2014\u2014\u2014\u2014\u2014\u2014\u2014\u2014\u2014\u2014\u2014\u2014\u2014\u2014\u2014\u2014\u2014\u2014\u2014\u2014\u2014\u2014\u2014\u2014\u2014\u2014\u2014\u2014\u2014\u2014\u2014\u2014\u2014\u2014\u2014\u2014\u2014\u2014-<\/p>\n<\/details>\n\n\n\n<details class=\"wp-block-details is-layout-flow wp-block-details-is-layout-flow\"><summary><strong>2025<\/strong><\/summary>\n<p>Proposta de um framework de governan\u00e7a para privacidade e prote\u00e7\u00e3o de dados em cadeias de suprimentos<\/p>\n\n\n\n<p><strong>Autor:<\/strong> Jonas Figueredo Silva<\/p>\n\n\n\n<p><strong>Orienta\u00e7\u00e3o: <\/strong>Profa. Dra. Maria Silene Alexandre Leite <\/p>\n\n\n\n<p>\u2014\u2014\u2014\u2014\u2014\u2014\u2014\u2014\u2014\u2014\u2014\u2014\u2014\u2014\u2014\u2014\u2014\u2014\u2014\u2014\u2014\u2014\u2014\u2014\u2014\u2014\u2014\u2014\u2014\u2014\u2014\u2014\u2014\u2014\u2014\u2014\u2014\u2014\u2014\u2014-<\/p>\n\n\n\n<p><strong>Formula\u00e7\u00f5es e heur\u00edsticas de programa\u00e7\u00e3o matem\u00e1tica para o problema de dimensionamento de lotes de m\u00faltiplos itens com restri\u00e7\u00f5es de capacidade e preserva\u00e7\u00e3o de prepara\u00e7\u00e3o<\/strong><\/p>\n\n\n\n<p><strong>Autor:<\/strong>&nbsp;Valdir Soares da Silva Neto<\/p>\n\n\n\n<p><strong>Orienta\u00e7\u00e3o:<\/strong>\u00a0Prof. Dr. Hugo Harry Frederico Ribeiro Kramer<\/p>\n\n\n\n<p>\u2014\u2014\u2014\u2014\u2014\u2014\u2014\u2014\u2014\u2014\u2014\u2014\u2014\u2014\u2014\u2014\u2014\u2014\u2014\u2014\u2014\u2014\u2014\u2014\u2014\u2014\u2014\u2014\u2014\u2014\u2014\u2014\u2014\u2014\u2014\u2014\u2014\u2014\u2014\u2014-<\/p>\n\n\n\n<p><strong>Modelo de maturidade para avalia\u00e7\u00e3o de pr\u00e1ticas de economia circular<\/strong><\/p>\n\n\n\n<p><strong>Autora:&nbsp;<\/strong>Gabrielle Morais de Melo<\/p>\n\n\n\n<p><strong>Orienta\u00e7\u00e3o:<\/strong>\u00a0Prof. Dr. Luciano Costa Santos<\/p>\n\n\n\n<p>\u2014\u2014\u2014\u2014\u2014\u2014\u2014\u2014\u2014\u2014\u2014\u2014\u2014\u2014\u2014\u2014\u2014\u2014\u2014\u2014\u2014\u2014\u2014\u2014\u2014\u2014\u2014\u2014\u2014\u2014\u2014\u2014\u2014\u2014\u2014\u2014\u2014\u2014\u2014\u2014-<\/p>\n\n\n\n<p><strong>An\u00e1lise das rela\u00e7\u00f5es entre capacidades habilitadoras para a transi\u00e7\u00e3o circular<\/strong><\/p>\n\n\n\n<p><strong>Autora:<\/strong>&nbsp;Keren Karolyne N\u00f3brega Silva<\/p>\n\n\n\n<p><strong>Orienta\u00e7\u00e3o:<\/strong>\u00a0Profa. Dra. Cl\u00e1udia Fabiana Gohr<\/p>\n\n\n\n<p>\u2014\u2014\u2014\u2014\u2014\u2014\u2014\u2014\u2014\u2014\u2014\u2014\u2014\u2014\u2014\u2014\u2014\u2014\u2014\u2014\u2014\u2014\u2014\u2014\u2014\u2014\u2014\u2014\u2014\u2014\u2014\u2014\u2014\u2014\u2014\u2014\u2014\u2014\u2014\u2014-<\/p>\n\n\n\n<p><strong>Heur\u00edsticas de programa\u00e7\u00e3o matem\u00e1tica para o problema de dimensionamento de lotes de m\u00faltiplos itens com restri\u00e7\u00f5es de capacidade e m\u00e1quinas paralelas distintas<\/strong><\/p>\n\n\n\n<p><strong>Autor:<\/strong>&nbsp;Ricardo Lukas de Medeiros Fran\u00e7a<\/p>\n\n\n\n<p><strong>Orienta\u00e7\u00e3o:<\/strong>\u00a0Prof. Dr. Hugo Harry Frederico Ribeiro Kramer<\/p>\n\n\n\n<p>\u2014\u2014\u2014\u2014\u2014\u2014\u2014\u2014\u2014\u2014\u2014\u2014\u2014\u2014\u2014\u2014\u2014\u2014\u2014\u2014\u2014\u2014\u2014\u2014\u2014\u2014\u2014\u2014\u2014\u2014\u2014\u2014\u2014\u2014\u2014\u2014\u2014\u2014\u2014\u2014-<\/p>\n\n\n\n<p><strong>Barreiras \u00e0 implementa\u00e7\u00e3o da economia circular nas compras p\u00fablicas: estudo de caso em institui\u00e7\u00e3o p\u00fablica de ensino superior<\/strong><\/p>\n\n\n\n<p><strong>Autor:<\/strong>&nbsp;Augusto C\u00e9sar Tem\u00f3teo de Oliveira<\/p>\n\n\n\n<p><strong>Orienta\u00e7\u00e3o:<\/strong>\u00a0Profa. Dra. Sandra Naomi Morioka<\/p>\n\n\n\n<p>\u2014\u2014\u2014\u2014\u2014\u2014\u2014\u2014\u2014\u2014\u2014\u2014\u2014\u2014\u2014\u2014\u2014\u2014\u2014\u2014\u2014\u2014\u2014\u2014\u2014\u2014\u2014\u2014\u2014\u2014\u2014\u2014\u2014\u2014\u2014\u2014\u2014\u2014\u2014\u2014-<\/p>\n\n\n\n<p><strong>Uma abordagem pragm\u00e1tica para avalia\u00e7\u00e3o de risco ergon\u00f4mico: um modelo curto e abrangente para avaliar riscos psicossociais no local de trabalho<\/strong><\/p>\n\n\n\n<p><strong>Autor:&nbsp;<\/strong>Carlos Rodrigo de Souza Torres<\/p>\n\n\n\n<p><strong>Orienta\u00e7\u00e3o:\u00a0<\/strong>Prof. Dr. Ivan Bolis<\/p>\n\n\n\n<p>\u2014\u2014\u2014\u2014\u2014\u2014\u2014\u2014\u2014\u2014\u2014\u2014\u2014\u2014\u2014\u2014\u2014\u2014\u2014\u2014\u2014\u2014\u2014\u2014\u2014\u2014\u2014\u2014\u2014\u2014\u2014\u2014\u2014\u2014\u2014\u2014\u2014\u2014\u2014\u2014-<\/p>\n\n\n\n<p><strong>Troca de valor sustent\u00e1vel em modelos de neg\u00f3cios circulares<\/strong><\/p>\n\n\n\n<p><strong>Autora:<\/strong>&nbsp;Anna Sabrina Linhares Saldanha<\/p>\n\n\n\n<p><strong>Orienta\u00e7\u00e3o:<\/strong>\u00a0Profa. Dra. Sandra Naomi Morioka<\/p>\n\n\n\n<p>\u2014\u2014\u2014\u2014\u2014\u2014\u2014\u2014\u2014\u2014\u2014\u2014\u2014\u2014\u2014\u2014\u2014\u2014\u2014\u2014\u2014\u2014\u2014\u2014\u2014\u2014\u2014\u2014\u2014\u2014\u2014\u2014\u2014\u2014\u2014\u2014\u2014\u2014\u2014\u2014-<\/p>\n<\/details>\n\n\n\n<details class=\"wp-block-details is-layout-flow wp-block-details-is-layout-flow\"><summary><strong>2024<\/strong><\/summary>\n<p><strong><a href=\"https:\/\/repositorio.ufpb.br\/jspui\/handle\/123456789\/34902\" target=\"_blank\" rel=\"noreferrer noopener\">Modelagem e otimiza\u00e7\u00e3o simult\u00e2nea de processos de medi\u00e7\u00e3o e fabrica\u00e7\u00e3o por filamento fundido<\/a><\/strong><br><strong><br>Autor(a):\u00a0<\/strong>Francisco Tiago Ara\u00fajo Barbosa<strong><br>Orienta\u00e7\u00e3o:<\/strong>\u00a0Prof. Dr. Rog\u00e9rio Santana Peruchi<strong><br><br><\/strong>\u2014\u2014\u2014\u2014\u2014\u2014\u2014\u2014\u2014\u2014\u2014\u2014\u2014\u2014\u2014\u2014\u2014\u2014\u2014\u2014\u2014\u2014\u2014\u2014\u2014\u2014\u2014\u2014\u2014\u2014\u2014\u2014\u2014\u2014\u2014\u2014\u2014\u2014\u2014\u2014-<strong><br>Integra\u00e7\u00e3o e monitoramento da descarboniza\u00e7\u00e3o do deslocamento em Institui\u00e7\u00f5es de Ensino Superior<br><br>Autor(a):\u00a0<\/strong>Walleci Gabeu Lira<br><strong>Orienta\u00e7\u00e3o:\u00a0<\/strong>Prof. Dr. Luciano Costa Santos<\/p>\n\n\n\n<p>\u2014\u2014\u2014\u2014\u2014\u2014\u2014\u2014\u2014\u2014\u2014\u2014\u2014\u2014\u2014\u2014\u2014\u2014\u2014\u2014\u2014\u2014\u2014\u2014\u2014\u2014\u2014\u2014\u2014\u2014\u2014\u2014\u2014\u2014\u2014\u2014\u2014\u2014\u2014\u2014-<\/p>\n\n\n\n<p><strong><a href=\"https:\/\/repositorio.ufpb.br\/jspui\/handle\/123456789\/33367\" target=\"_blank\" rel=\"noreferrer noopener\">Otimiza\u00e7\u00e3o multiobjetivo estoc\u00e1stica para gera\u00e7\u00e3o distribu\u00edda usando sistema h\u00edbrido de energia com sistema de armazenamento em bateria<\/a><\/strong><\/p>\n\n\n\n<p><strong>Autor(a):\u00a0<\/strong>Aglaucibelly Maciel Barbosa<br><strong>Orienta\u00e7\u00e3o:\u00a0<\/strong>Prof. Dr. Paulo Rotella J\u00fanior<\/p>\n\n\n\n<p>\u2014\u2014\u2014\u2014\u2014\u2014\u2014\u2014\u2014\u2014\u2014\u2014\u2014\u2014\u2014\u2014\u2014\u2014\u2014\u2014\u2014\u2014\u2014\u2014\u2014\u2014\u2014\u2014\u2014\u2014\u2014\u2014\u2014\u2014\u2014\u2014\u2014\u2014\u2014\u2014-<\/p>\n\n\n\n<p><strong>Integra\u00e7\u00e3o da Ind\u00fastria 4.0 e da Economia Circular e seu Impacto no Desempenho Organizacional<\/strong><\/p>\n\n\n\n<p><strong>Autor(a):\u00a0<\/strong>Isla Maria Cavalcante Nogueira Ara\u00fajo<br><strong>Orienta\u00e7\u00e3o:\u00a0<\/strong>Profa. Dra. Cl\u00e1udia Fabiana Gohr<\/p>\n\n\n\n<p><a href=\"https:\/\/repositorio.ufpb.br\/jspui\/handle\/123456789\/32603\" target=\"_blank\" rel=\"noreferrer noopener\">\u2014\u2014\u2014\u2014\u2014\u2014\u2014\u2014\u2014\u2014\u2014\u2014\u2014\u2014\u2014\u2014\u2014\u2014\u2014\u2014\u2014\u2014\u2014\u2014\u2014\u2014\u2014\u2014\u2014\u2014\u2014\u2014\u2014\u2014\u2014\u2014\u2014\u2014\u2014\u2014-<\/a><strong><a href=\"https:\/\/repositorio.ufpb.br\/jspui\/handle\/123456789\/32603\" target=\"_blank\" rel=\"noreferrer noopener\"><br>An\u00e1lise de aspectos ergon\u00f4micos em atividades&nbsp;<\/a><em><a href=\"https:\/\/repositorio.ufpb.br\/jspui\/handle\/123456789\/32603\" target=\"_blank\" rel=\"noreferrer noopener\">home office<\/a><\/em><\/strong><\/p>\n\n\n\n<p><strong>Autor(a):&nbsp;<\/strong>Carmem Julianne Beserra Melo<\/p>\n\n\n\n<p><strong>Orienta\u00e7\u00e3o:\u00a0<\/strong>Prof. Dr. Luiz Bueno da Silva<\/p>\n\n\n\n<p>\u2014\u2014\u2014\u2014\u2014\u2014\u2014\u2014\u2014\u2014\u2014\u2014\u2014\u2014\u2014\u2014\u2014\u2014\u2014\u2014\u2014\u2014\u2014\u2014\u2014\u2014\u2014\u2014\u2014\u2014\u2014\u2014\u2014\u2014\u2014\u2014\u2014\u2014\u2014\u2014-<\/p>\n<\/details>\n\n\n\n<details class=\"wp-block-details is-layout-flow wp-block-details-is-layout-flow\"><summary><strong>2023<\/strong><\/summary>\n<p><strong>Contribui\u00e7\u00e3o do BIM \u2013&nbsp;<em>Building Information Modelling<\/em>&nbsp;\u2013 na melhoria da seguran\u00e7a do trabalho em edifica\u00e7\u00f5es verticais<\/strong><\/p>\n\n\n\n<p><strong>Autor(a):\u00a0<\/strong>Ingryd Lins Paes de Ara\u00fajo\u00a0<br><strong>Orienta\u00e7\u00e3o:\u00a0<\/strong>Prof. Dr. Luiz Bueno da Silva<\/p>\n\n\n\n<p>\u2014\u2014\u2014\u2014\u2014\u2014\u2014\u2014\u2014\u2014\u2014\u2014\u2014\u2014\u2014\u2014\u2014\u2014\u2014\u2014\u2014\u2014\u2014\u2014\u2014\u2014\u2014\u2014\u2014\u2014\u2014\u2014\u2014\u2014\u2014\u2014\u2014\u2014\u2014\u2014-<\/p>\n\n\n\n<p class=\" \"><strong><a href=\"https:\/\/repositorio.ufpb.br\/jspui\/handle\/123456789\/32907\" target=\"_blank\" rel=\"noreferrer noopener\">Capacidades din\u00e2micas para supera\u00e7\u00e3o de barreiras da economia circular: um estudo em empresas paraibanas<\/a><\/strong><\/p>\n\n\n\n<p><strong>Autor(a):\u00a0<\/strong>Irla Maria de Vasconcelos Feitosa Lima\u00a0<br><strong>Orienta\u00e7\u00e3o:\u00a0<\/strong>Profa. Dra. Cl\u00e1udia Fabiana Gohr<\/p>\n\n\n\n<p>\u2014\u2014\u2014\u2014\u2014\u2014\u2014\u2014\u2014\u2014\u2014\u2014\u2014\u2014\u2014\u2014\u2014\u2014\u2014\u2014\u2014\u2014\u2014\u2014\u2014\u2014\u2014\u2014\u2014\u2014\u2014\u2014\u2014\u2014\u2014\u2014\u2014\u2014\u2014\u2014-<\/p>\n\n\n\n<p class=\" \"><strong><a href=\"https:\/\/repositorio.ufpb.br\/jspui\/handle\/123456789\/30108\" target=\"_blank\" rel=\"noreferrer noopener\">Uma heur\u00edstica h\u00edbrida para o problema de&nbsp;<em>flow shop<\/em>&nbsp;com bloqueio e minimiza\u00e7\u00e3o do&nbsp;<em>makespan<\/em><\/a><\/strong><\/p>\n\n\n\n<p><strong>Autor(a):&nbsp;<\/strong>Ewerton Victor Paredes da Penha Teixeira&nbsp;<\/p>\n\n\n\n<p><strong>Orienta\u00e7\u00e3o:\u00a0<\/strong>Prof. Dr. Anand Subramanian<\/p>\n\n\n\n<p class=\" \">\u2014\u2014\u2014\u2014\u2014\u2014\u2014\u2014\u2014\u2014\u2014\u2014\u2014\u2014\u2014\u2014\u2014\u2014\u2014\u2014\u2014\u2014\u2014\u2014\u2014\u2014\u2014\u2014\u2014\u2014\u2014\u2014\u2014\u2014\u2014\u2014\u2014\u2014\u2014\u2014-<strong><br>Otimiza\u00e7\u00e3o multiobjetivo de projeto de par\u00e2metros robustos baseada em \u00edndices de capacidade<\/strong><\/p>\n\n\n\n<p><strong>Autor(a):\u00a0<\/strong>Nathan Bezerra de Oliveira\u00a0<br><strong>Orienta\u00e7\u00e3o:\u00a0<\/strong>Prof. Dr. Rog\u00e9rio Santana Peruchi<\/p>\n\n\n\n<p>\u2014\u2014\u2014\u2014\u2014\u2014\u2014\u2014\u2014\u2014\u2014\u2014\u2014\u2014\u2014\u2014\u2014\u2014\u2014\u2014\u2014\u2014\u2014\u2014\u2014\u2014\u2014\u2014\u2014\u2014\u2014\u2014\u2014\u2014\u2014\u2014\u2014\u2014\u2014\u2014-&nbsp;<\/p>\n\n\n\n<p class=\" \"><strong><a href=\"https:\/\/repositorio.ufpb.br\/jspui\/handle\/123456789\/30490\" target=\"_blank\" rel=\"noreferrer noopener\">Modelo de avalia\u00e7\u00e3o da maturidade para o banking 4.0: proposta e aplica\u00e7\u00e3o em um banco brasileiro<\/a><\/strong><\/p>\n\n\n\n<p><strong>Autor(a):&nbsp;<\/strong>S\u00e9fora Maria Nunes Soares&nbsp;<\/p>\n\n\n\n<p><strong>Orienta\u00e7\u00e3o:\u00a0<\/strong>Profa. Dra. Cl\u00e1udia Fabiana Gohr<\/p>\n\n\n\n<p class=\" \">\u2014\u2014\u2014\u2014\u2014\u2014\u2014\u2014\u2014\u2014\u2014\u2014\u2014\u2014\u2014\u2014\u2014\u2014\u2014\u2014\u2014\u2014\u2014\u2014\u2014\u2014\u2014\u2014\u2014\u2014\u2014\u2014\u2014\u2014\u2014\u2014\u2014\u2014\u2014\u2014-<strong><br>Acessibilidade de funcion\u00e1rios com defici\u00eancia sob o olhar da ergonomia: estudo de caso de uma universidade p\u00fablica do Brasil<\/strong><\/p>\n\n\n\n<p><strong>Autor(a):&nbsp;<\/strong>Danielle Ginu\u00edno Correia&nbsp;<\/p>\n\n\n\n<p><strong>Orienta\u00e7\u00e3o:\u00a0<\/strong>Profa. Dra. Maria Christine Werba Saldanha<\/p>\n\n\n\n<p class=\" \">\u2014\u2014\u2014\u2014\u2014\u2014\u2014\u2014\u2014\u2014\u2014\u2014\u2014\u2014\u2014\u2014\u2014\u2014\u2014\u2014\u2014\u2014\u2014\u2014\u2014\u2014\u2014\u2014\u2014\u2014\u2014\u2014\u2014\u2014\u2014\u2014\u2014\u2014\u2014\u2014-<strong><a href=\"https:\/\/repositorio.ufpb.br\/jspui\/handle\/123456789\/30521\" target=\"_blank\" rel=\"noreferrer noopener\"><br>Um modelo de prioriza\u00e7\u00e3o de manuten\u00e7\u00e3o de equipamentos m\u00e9dico-hospitalares<\/a><\/strong><\/p>\n\n\n\n<p><strong>Autor(a):&nbsp;<\/strong>Rafael Moraes Gadelha&nbsp;<\/p>\n\n\n\n<p><strong>Orienta\u00e7\u00e3o:\u00a0<\/strong>Prof. Dr. Luciano Costa Santos<\/p>\n\n\n\n<p class=\" \">\u2014\u2014\u2014\u2014\u2014\u2014\u2014\u2014\u2014\u2014\u2014\u2014\u2014\u2014\u2014\u2014\u2014\u2014\u2014\u2014\u2014\u2014\u2014\u2014\u2014\u2014\u2014\u2014\u2014\u2014\u2014\u2014\u2014\u2014\u2014\u2014\u2014\u2014\u2014\u2014-<strong><a href=\"https:\/\/repositorio.ufpb.br\/jspui\/handle\/123456789\/31425\" target=\"_blank\" rel=\"noreferrer noopener\"><br>Microfundamentos das capacidades din\u00e2micas para o desenvolvimento de atividades de inova\u00e7\u00e3o orientadas \u00e0 sustentabilidade: um estudo em projetos de uma organiza\u00e7\u00e3o do setor el\u00e9trico<\/a><\/strong><\/p>\n\n\n\n<p><strong>Autor(a):&nbsp;<\/strong>Irlanda Mayra Medeiros da Silva<\/p>\n\n\n\n<p><strong>Orienta\u00e7\u00e3o:\u00a0<\/strong>Profa. Dra. Cl\u00e1udia Fabiana Gohr<\/p>\n\n\n\n<p class=\" \">\u2014\u2014\u2014\u2014\u2014\u2014\u2014\u2014\u2014\u2014\u2014\u2014\u2014\u2014\u2014\u2014\u2014\u2014\u2014\u2014\u2014\u2014\u2014\u2014\u2014\u2014\u2014\u2014\u2014\u2014\u2014\u2014\u2014\u2014\u2014\u2014\u2014\u2014\u2014\u2014-<br><strong><a href=\"https:\/\/repositorio.ufpb.br\/jspui\/handle\/123456789\/34328\" target=\"_blank\" rel=\"noreferrer noopener\">Auxiliar nos desafios dos modelos de neg\u00f3cios para sustentabilidade em startups : ferramenta Mix Tool for Sustainability<\/a><\/strong><\/p>\n\n\n\n<p><strong>Autor(a):&nbsp;<\/strong>Andressa Kelly da Silva Nunes&nbsp;<\/p>\n\n\n\n<p><strong>Orienta\u00e7\u00e3o:\u00a0<\/strong>Profa. Dra. Sandra Naomi Morioka<\/p>\n\n\n\n<p class=\" \">\u2014\u2014\u2014\u2014\u2014\u2014\u2014\u2014\u2014\u2014\u2014\u2014\u2014\u2014\u2014\u2014\u2014\u2014\u2014\u2014\u2014\u2014\u2014\u2014\u2014\u2014\u2014\u2014\u2014\u2014\u2014\u2014\u2014\u2014\u2014\u2014\u2014\u2014\u2014\u2014-<strong><br><a href=\"https:\/\/repositorio.ufpb.br\/jspui\/handle\/123456789\/30088\" target=\"_blank\" rel=\"noreferrer noopener\">Avalia\u00e7\u00e3o multicrit\u00e9rio para determinar os riscos operacionais mais relevantes em uma institui\u00e7\u00e3o financeira cooperativa de cr\u00e9dito<\/a><\/strong><\/p>\n\n\n\n<p><strong>Autor(a):&nbsp;<\/strong>Emelly Anne Silva de Lima&nbsp;<\/p>\n\n\n\n<p><strong>Orienta\u00e7\u00e3o:\u00a0<\/strong>Profa. Dra. Maria Silene Alexandre Leite<\/p>\n\n\n\n<p>\u2014\u2014\u2014\u2014\u2014\u2014\u2014\u2014\u2014\u2014\u2014\u2014\u2014\u2014\u2014\u2014\u2014\u2014\u2014\u2014\u2014\u2014\u2014\u2014\u2014\u2014\u2014\u2014\u2014\u2014\u2014\u2014\u2014\u2014\u2014\u2014\u2014\u2014\u2014\u2014-<\/p>\n\n\n\n<p class=\" \"><strong><a href=\"https:\/\/repositorio.ufpb.br\/jspui\/handle\/123456789\/30176\" target=\"_blank\" rel=\"noreferrer noopener\">Riscos de sustentabilidade em grandes projetos: uma proposta de ferramenta de avalia\u00e7\u00e3o sob a perspectiva de stakeholders do novo p\u00f3lo tur\u00edstico Cabo Branco<\/a><\/strong><\/p>\n\n\n\n<p><strong>Autor(a):&nbsp;<\/strong>Thiago Tolentino Muniz&nbsp;<\/p>\n\n\n\n<p><strong>Orienta\u00e7\u00e3o:\u00a0<\/strong>Profa. Dra. Sandra Naomi Morioka<\/p>\n\n\n\n<p class=\" \">\u2014\u2014\u2014\u2014\u2014\u2014\u2014\u2014\u2014\u2014\u2014\u2014\u2014\u2014\u2014\u2014\u2014\u2014\u2014\u2014\u2014\u2014\u2014\u2014\u2014\u2014\u2014\u2014\u2014\u2014\u2014\u2014\u2014\u2014\u2014\u2014\u2014\u2014\u2014\u2014-<strong><br><a href=\"https:\/\/repositorio.ufpb.br\/jspui\/handle\/123456789\/34226\" target=\"_blank\" rel=\"noreferrer noopener\">Artesanato e o design de produto: an\u00e1lise do sistema de produ\u00e7\u00e3o da renda de bilro e proposi\u00e7\u00e3o de uma metodologia para a cria\u00e7\u00e3o de produtos artesanais<\/a><\/strong><\/p>\n\n\n\n<p><strong>Autor(a):&nbsp;<\/strong>Ra\u00edssa Schneweiss de Farias R\u00eago&nbsp;<\/p>\n\n\n\n<p><strong>Orienta\u00e7\u00e3o:\u00a0<\/strong>Profa. Dra. Maria Christine Werba Saldanha<\/p>\n\n\n\n<p class=\" \">\u2014\u2014\u2014\u2014\u2014\u2014\u2014\u2014\u2014\u2014\u2014\u2014\u2014\u2014\u2014\u2014\u2014\u2014\u2014\u2014\u2014\u2014\u2014\u2014\u2014\u2014\u2014\u2014\u2014\u2014\u2014\u2014\u2014\u2014\u2014\u2014\u2014\u2014\u2014\u2014-<strong><a href=\"https:\/\/repositorio.ufpb.br\/jspui\/handle\/123456789\/30175\" target=\"_blank\" rel=\"noreferrer noopener\"><br>Desenvolvimento de um modelo de maturidade para Healthcare 4.0<\/a><\/strong><\/p>\n\n\n\n<p><strong>Autor(a):&nbsp;<\/strong>Eveliny Dias de Medeiros&nbsp;<\/p>\n\n\n\n<p><strong>Orienta\u00e7\u00e3o:\u00a0<\/strong>Prof. Dr. Luciano Costa Santos<\/p>\n\n\n\n<p>\u2014\u2014\u2014\u2014\u2014\u2014\u2014\u2014\u2014\u2014\u2014\u2014\u2014\u2014\u2014\u2014\u2014\u2014\u2014\u2014\u2014\u2014\u2014\u2014\u2014\u2014\u2014\u2014\u2014\u2014\u2014\u2014\u2014\u2014\u2014\u2014\u2014\u2014\u2014\u2014-<\/p>\n\n\n\n<p class=\" \"><strong><a href=\"https:\/\/repositorio.ufpb.br\/jspui\/handle\/123456789\/30523\" target=\"_blank\" rel=\"noreferrer noopener\">An\u00e1lise de estabilidade, capabilidade e otimiza\u00e7\u00e3o de um sistema de medi\u00e7\u00e3o de tonalidade de revestimentos cer\u00e2micos<\/a><\/strong><\/p>\n\n\n\n<p><strong>Autor(a):&nbsp;<\/strong>Jo\u00e3o Batista Cordeiro Dantas&nbsp;<\/p>\n\n\n\n<p><strong>Orienta\u00e7\u00e3o:<\/strong>\u00a0Prof. Dr. Rog\u00e9rio Santana Peruchi<\/p>\n\n\n\n<p>\u2014\u2014\u2014\u2014\u2014\u2014\u2014\u2014\u2014\u2014\u2014\u2014\u2014\u2014\u2014\u2014\u2014\u2014\u2014\u2014\u2014\u2014\u2014\u2014\u2014\u2014\u2014\u2014\u2014\u2014\u2014\u2014\u2014\u2014\u2014\u2014\u2014\u2014\u2014\u2014-<\/p>\n\n\n\n<p class=\" \"><strong><a href=\"https:\/\/repositorio.ufpb.br\/jspui\/handle\/123456789\/30090\" target=\"_blank\" rel=\"noreferrer noopener\">Preven\u00e7\u00e3o atrav\u00e9s do projeto : estudo de boas pr\u00e1ticas na ind\u00fastria da constru\u00e7\u00e3o civil<\/a><\/strong><\/p>\n\n\n\n<p><strong>Autor(a):&nbsp;&nbsp;<\/strong>Jo\u00e3o Gabriel Santos Martins&nbsp;<\/p>\n\n\n\n<p><strong>Orienta\u00e7\u00e3o:\u00a0<\/strong>Profa. Dra. Maria Christine Werba Saldanha<\/p>\n\n\n\n<p class=\" \">\u2014\u2014\u2014\u2014\u2014\u2014\u2014\u2014\u2014\u2014\u2014\u2014\u2014\u2014\u2014\u2014\u2014\u2014\u2014\u2014\u2014\u2014\u2014\u2014\u2014\u2014\u2014\u2014\u2014\u2014\u2014\u2014\u2014\u2014\u2014\u2014\u2014\u2014\u2014\u2014-<strong><br><a href=\"https:\/\/repositorio.ufpb.br\/jspui\/handle\/123456789\/30040\" target=\"_blank\" rel=\"noreferrer noopener\">Um estudo sobre a metodologia utilizada para ponderar os grupos de cursos das UFs na f\u00f3rmula do aluno equivalente<\/a><\/strong><\/p>\n\n\n\n<p><strong>Autor(a):&nbsp;&nbsp;<\/strong>Carla Andr\u00e9a Mendon\u00e7a de Albuquerque&nbsp;<\/p>\n\n\n\n<p><strong>Orienta\u00e7\u00e3o:\u00a0<\/strong>Profa. Dra. Maria Silene Alexandre Leite<\/p>\n\n\n\n<p>\u2014\u2014\u2014\u2014\u2014\u2014\u2014\u2014\u2014\u2014\u2014\u2014\u2014\u2014\u2014\u2014\u2014\u2014\u2014\u2014\u2014\u2014\u2014\u2014\u2014\u2014\u2014\u2014\u2014\u2014\u2014\u2014\u2014\u2014\u2014\u2014\u2014\u2014\u2014\u2014-<\/p>\n\n\n\n<p class=\" \"><strong><a href=\"https:\/\/repositorio.ufpb.br\/jspui\/handle\/123456789\/30078\" target=\"_blank\" rel=\"noreferrer noopener\">Um m\u00e9todo para avalia\u00e7\u00e3o de fatores de risco em cadeia de suprimentos na implementa\u00e7\u00e3o da estrat\u00e9gia<em>&nbsp;omnichannel<\/em><\/a><\/strong><\/p>\n\n\n\n<p><strong>Autor(a):&nbsp;<\/strong>Matheus Soares Brum de Mello&nbsp;<\/p>\n\n\n\n<p><strong>Orienta\u00e7\u00e3o:\u00a0<\/strong>Profa. Dra. Maria Silene Alexandre Leite<\/p>\n\n\n\n<p>\u2014\u2014\u2014\u2014\u2014\u2014\u2014\u2014\u2014\u2014\u2014\u2014\u2014\u2014\u2014\u2014\u2014\u2014\u2014\u2014\u2014\u2014\u2014\u2014\u2014\u2014\u2014\u2014\u2014\u2014\u2014\u2014\u2014\u2014\u2014\u2014\u2014\u2014\u2014\u2014-<strong><br>Otimiza\u00e7\u00e3o multiobjetivo na gera\u00e7\u00e3o h\u00edbrida com armazenamento de energia em baterias sob perspectivas financeira e ambiental<\/strong><\/p>\n\n\n\n<p><strong>Autor(a):&nbsp;<\/strong>Arthur Leandro Guerra Pires&nbsp;<\/p>\n\n\n\n<p><strong>Orienta\u00e7\u00e3o:\u00a0<\/strong>Prof. Dr. Paulo Rotella J\u00fanior<br>\u2014\u2014\u2014\u2014\u2014\u2014\u2014\u2014\u2014\u2014\u2014\u2014\u2014\u2014\u2014\u2014\u2014\u2014\u2014\u2014\u2014\u2014\u2014\u2014\u2014\u2014\u2014\u2014\u2014\u2014\u2014\u2014\u2014\u2014\u2014\u2014\u2014\u2014\u2014\u2014-<\/p>\n\n\n\n<p class=\" \"><strong><a href=\"https:\/\/repositorio.ufpb.br\/jspui\/handle\/123456789\/32605\" target=\"_blank\" rel=\"noreferrer noopener\">Avalia\u00e7\u00e3o do&nbsp;<em>Water-energy-food<\/em>&nbsp;(WEF)&nbsp;<em>Nexus<\/em>&nbsp;em propriedades agr\u00edcolas de pequeno porte<\/a><\/strong><\/p>\n\n\n\n<p><strong>Autor(a):&nbsp;<\/strong>Maria Clara Batista Santos&nbsp;<\/p>\n\n\n\n<p><strong>Orienta\u00e7\u00e3o:\u00a0<\/strong>Profa. Dra. Sandra Naomi Morioka<br>\u2014\u2014\u2014\u2014\u2014\u2014\u2014\u2014\u2014\u2014\u2014\u2014\u2014\u2014\u2014\u2014\u2014\u2014\u2014\u2014\u2014\u2014\u2014\u2014\u2014\u2014\u2014\u2014\u2014\u2014\u2014\u2014\u2014\u2014\u2014\u2014\u2014\u2014\u2014\u2014<\/p>\n<\/details>\n\n\n\n<details class=\"wp-block-details is-layout-flow wp-block-details-is-layout-flow\"><summary><strong>2022<\/strong><\/summary>\n<p><strong><a href=\"https:\/\/repositorio.ufpb.br\/jspui\/handle\/123456789\/26099\" target=\"_blank\" rel=\"noreferrer noopener\">Estrutura\u00e7\u00e3o dos custos em uma cadeia de suprimentos do setor de minera\u00e7\u00e3o<\/a><\/strong><\/p>\n\n\n\n<p><strong>Autor(a):&nbsp;&nbsp;<\/strong>Jailson dos Santos Silva<\/p>\n\n\n\n<p><strong>Orienta\u00e7\u00e3o:\u00a0<\/strong>Profa. Dra. Maria Silene Alexandre Leite<br>\u2014\u2014\u2014\u2014\u2014\u2014\u2014\u2014\u2014\u2014\u2014\u2014\u2014\u2014\u2014\u2014\u2014\u2014\u2014\u2014\u2014\u2014\u2014\u2014\u2014\u2014\u2014\u2014\u2014\u2014\u2014\u2014\u2014\u2014\u2014\u2014\u2014\u2014\u2014\u2014-<\/p>\n\n\n\n<p class=\" \"><strong><a href=\"https:\/\/repositorio.ufpb.br\/jspui\/handle\/123456789\/26942\" target=\"_blank\" rel=\"noreferrer noopener\">Influ\u00eancia de benef\u00edcios e barreiras da modularidade de produto para modelos de neg\u00f3cios sob a perspectiva da economia circular: Proposta de ferramenta visual integrativa<\/a><\/strong><\/p>\n\n\n\n<p><strong>Autor(a):<\/strong>&nbsp;Nat\u00e1lia Machado da Silva<\/p>\n\n\n\n<p><strong>Orienta\u00e7\u00e3o:<\/strong>\u00a0Profa. Dra. Sandra Naomi Morioka<\/p>\n\n\n\n<p class=\" \"><a href=\"https:\/\/www.ct.ufpb.br\/ppgeps\/anos-anteriores\/\">\u2014\u2014\u2014\u2014\u2014\u2014\u2014\u2014\u2014\u2014\u2014\u2014\u2014\u2014\u2014\u2014\u2014\u2014\u2014\u2014\u2014\u2014\u2014\u2014\u2014\u2014\u2014\u2014\u2014\u2014\u2014\u2014\u2014\u2014\u2014\u2014\u2014\u2014\u2014\u2014-<\/a><strong><br><a href=\"https:\/\/repositorio.ufpb.br\/jspui\/handle\/123456789\/26760\" target=\"_blank\" rel=\"noreferrer noopener\">Estudos para avaliar erros de sistemas de medi\u00e7\u00e3o de processos de modelagem por deposi\u00e7\u00e3o fundida<\/a><\/strong><\/p>\n\n\n\n<p><strong>Autor(a):&nbsp;<\/strong>Williane de Oliveira Silva Soares<\/p>\n\n\n\n<p><strong>Orienta\u00e7\u00e3o:\u00a0<\/strong>Prof. Dr. Rog\u00e9rio Santana Peruchi<\/p>\n\n\n\n<p>\u2014\u2014\u2014\u2014\u2014\u2014\u2014\u2014\u2014\u2014\u2014\u2014\u2014\u2014\u2014\u2014\u2014\u2014\u2014\u2014\u2014\u2014\u2014\u2014\u2014\u2014\u2014\u2014\u2014\u2014\u2014\u2014\u2014\u2014\u2014\u2014\u2014\u2014\u2014\u2014-<\/p>\n<\/details>\n\n\n\n<details class=\"wp-block-details is-layout-flow wp-block-details-is-layout-flow\"><summary><strong>2021<\/strong><\/summary>\n<p><strong><a href=\"https:\/\/repositorio.ufpb.br\/jspui\/bitstream\/123456789\/21466\/1\/AnrafelDeSouzaBarbosa_Dissert.pdf\" target=\"_blank\" rel=\"noreferrer noopener\">Impactos dos sistemas de gest\u00e3o integrados no desempenho organizacional: uma perspectiva multidimensional dos trabalhadores<\/a><\/strong><\/p>\n\n\n\n<p><strong>Autor(a):&nbsp;<\/strong>Anrafel de Souza Barbosa&nbsp;<\/p>\n\n\n\n<p><strong>Orienta\u00e7\u00e3o:\u00a0<\/strong>Prof. Dr. Luiz Bueno da Silva<\/p>\n\n\n\n<p>\u2014\u2014\u2014\u2014\u2014\u2014\u2014\u2014\u2014\u2014\u2014\u2014\u2014\u2014\u2014\u2014\u2014\u2014\u2014\u2014\u2014\u2014\u2014\u2014\u2014\u2014\u2014\u2014\u2014\u2014\u2014\u2014\u2014\u2014\u2014\u2014\u2014\u2014\u2014\u2014-<\/p>\n<\/details>\n\n\n\n<p class=\" \"><\/p>\n\n\n\n<p><a href=\"https:\/\/www.ct.ufpb.br\/ppgeps\/anos-anteriores\/\" target=\"_blank\" rel=\"noreferrer noopener\">Disserta\u00e7\u00f5es defendidas no PPGEP (at\u00e9 2020)<\/a><\/p>\n\n\n\n<p><\/p>\n","protected":false},"excerpt":{"rendered":"<p>A Universidade Federal da Para\u00edba disponibiliza&nbsp;o&nbsp;Reposit\u00f3rio Institucional da UFPB,&nbsp;que cont\u00e9m as vers\u00f5es completas dos trabalhos [&hellip;]<\/p>\n","protected":false},"author":326,"featured_media":0,"parent":54,"menu_order":1,"comment_status":"closed","ping_status":"closed","template":"","meta":{"footnotes":""},"class_list":["post-675","page","type-page","status-publish","hentry"],"_links":{"self":[{"href":"https:\/\/www.ct.ufpb.br\/ppgeps\/wp-json\/wp\/v2\/pages\/675","targetHints":{"allow":["GET"]}}],"collection":[{"href":"https:\/\/www.ct.ufpb.br\/ppgeps\/wp-json\/wp\/v2\/pages"}],"about":[{"href":"https:\/\/www.ct.ufpb.br\/ppgeps\/wp-json\/wp\/v2\/types\/page"}],"author":[{"embeddable":true,"href":"https:\/\/www.ct.ufpb.br\/ppgeps\/wp-json\/wp\/v2\/users\/326"}],"replies":[{"embeddable":true,"href":"https:\/\/www.ct.ufpb.br\/ppgeps\/wp-json\/wp\/v2\/comments?post=675"}],"version-history":[{"count":3,"href":"https:\/\/www.ct.ufpb.br\/ppgeps\/wp-json\/wp\/v2\/pages\/675\/revisions"}],"predecessor-version":[{"id":696,"href":"https:\/\/www.ct.ufpb.br\/ppgeps\/wp-json\/wp\/v2\/pages\/675\/revisions\/696"}],"up":[{"embeddable":true,"href":"https:\/\/www.ct.ufpb.br\/ppgeps\/wp-json\/wp\/v2\/pages\/54"}],"wp:attachment":[{"href":"https:\/\/www.ct.ufpb.br\/ppgeps\/wp-json\/wp\/v2\/media?parent=675"}],"curies":[{"name":"wp","href":"https:\/\/api.w.org\/{rel}","templated":true}]}}