{"id":627,"date":"2026-04-08T11:47:00","date_gmt":"2026-04-08T14:47:00","guid":{"rendered":"https:\/\/www.ct.ufpb.br\/ppgeps\/?page_id=627"},"modified":"2026-04-08T12:03:18","modified_gmt":"2026-04-08T15:03:18","slug":"laboratorios-2","status":"publish","type":"page","link":"https:\/\/www.ct.ufpb.br\/ppgeps\/sobre-nos\/laboratorios-2\/","title":{"rendered":"Laborat\u00f3rios"},"content":{"rendered":"\n<p>O PPGEPS conta com sete laborat\u00f3rios para uso priorit\u00e1rio de pesquisa, mas que tamb\u00e9m d\u00e3o suporte a atividades de ensino e extens\u00e3o:<\/p>\n\n\n\n<p class=\"has-text-color has-link-color wp-elements-812f6937d8ec0ec3fa15a50ffa2bbb6d\" style=\"color:#2e1289\"><strong><a href=\"http:\/\/ct.ufpb.br\/lat\" target=\"_blank\" rel=\"noreferrer noopener\">LAT \u2013 Laborat\u00f3rio de An\u00e1lise do Trabalho<\/a><\/strong><\/p>\n\n\n<div class=\"wp-block-image\">\n<figure class=\"alignleft size-large is-resized\"><img loading=\"lazy\" decoding=\"async\" width=\"1024\" height=\"631\" src=\"https:\/\/www.ct.ufpb.br\/ppgeps\/wp-content\/uploads\/sites\/107\/sites\/322\/2026\/04\/image-1-1024x631.png\" alt=\"\" class=\"wp-image-628\" style=\"aspect-ratio:1.622862625501148;width:184px;height:auto\" srcset=\"https:\/\/www.ct.ufpb.br\/ppgeps\/wp-content\/uploads\/sites\/107\/sites\/322\/2026\/04\/image-1-1024x631.png 1024w, https:\/\/www.ct.ufpb.br\/ppgeps\/wp-content\/uploads\/sites\/107\/sites\/322\/2026\/04\/image-1-300x185.png 300w, https:\/\/www.ct.ufpb.br\/ppgeps\/wp-content\/uploads\/sites\/107\/sites\/322\/2026\/04\/image-1-768x473.png 768w, https:\/\/www.ct.ufpb.br\/ppgeps\/wp-content\/uploads\/sites\/107\/sites\/322\/2026\/04\/image-1.png 1160w\" sizes=\"auto, (max-width: 1024px) 100vw, 1024px\" \/><\/figure>\n<\/div>\n\n\n<p>Finalidade: pesquisas destinadas \u00e0 melhoria da qualidade das condi\u00e7\u00f5es de trabalho. Exclusivo \u00e0 pesquisa de inicia\u00e7\u00e3o cient\u00edfica (IC), mestrado e doutorado, com possibilidade de participa\u00e7\u00e3o de parceiros de outros Programas de P\u00f3s-Gradua\u00e7\u00e3o (nacionais e internacionais). \u00c1rea: 70 m\u00b2. Equipamentos: analisador manual de som, anem\u00f4metro, contador de part\u00edculas de poeira, cron\u00f4metro digital, dinam\u00f4metro manual hidr\u00e1ulico, esta\u00e7\u00e3o microclim\u00e1tica, lux\u00edmetro, medidor de energia solar, medidor de estresse t\u00e9rmico, medidor de ondas eletromagn\u00e9ticas, medidor de press\u00e3o sonora, rel\u00f3gio monitor de frequ\u00eancia card\u00edaca, tensi\u00f4metro, termo-higr\u00f4metro, term\u00f4metro infravermelho e watt\u00edmetro.<\/p>\n\n\n\n<p class=\"has-text-color has-link-color wp-elements-f32ccd03814fafe9900c082baa67fe75\" style=\"color:#2e1289\"><a href=\"http:\/\/plone.ufpb.br\/dep\/contents\/paginas\/labmeqa-laboratorio-de-metodos-quantitativos-aplicados\" target=\"_blank\" rel=\"noreferrer noopener\"><strong>LabMeQA \u2013 Laborat\u00f3rio de M\u00e9todos Quantitativos Aplicados<\/strong><\/a><\/p>\n\n\n<div class=\"wp-block-image\">\n<figure class=\"alignleft is-resized\"><img loading=\"lazy\" decoding=\"async\" width=\"1024\" height=\"191\" src=\"https:\/\/www.ct.ufpb.br\/ppgeps\/wp-content\/uploads\/sites\/107\/sites\/322\/2025\/11\/image-7-1024x191.png\" alt=\"\" class=\"wp-image-266\" style=\"aspect-ratio:5.361711762708027;width:249px;height:auto\" srcset=\"https:\/\/www.ct.ufpb.br\/ppgeps\/wp-content\/uploads\/sites\/107\/sites\/322\/2025\/11\/image-7-1024x191.png 1024w, https:\/\/www.ct.ufpb.br\/ppgeps\/wp-content\/uploads\/sites\/107\/sites\/322\/2025\/11\/image-7-300x56.png 300w, https:\/\/www.ct.ufpb.br\/ppgeps\/wp-content\/uploads\/sites\/107\/sites\/322\/2025\/11\/image-7-768x143.png 768w, https:\/\/www.ct.ufpb.br\/ppgeps\/wp-content\/uploads\/sites\/107\/sites\/322\/2025\/11\/image-7.png 1053w\" sizes=\"auto, (max-width: 1024px) 100vw, 1024px\" \/><\/figure>\n<\/div>\n\n\n<p>Finalidade: resolu\u00e7\u00e3o de problemas de apoio \u00e0 decis\u00e3o, utilizando m\u00e9todos quantitativos baseados em Otimiza\u00e7\u00e3o e Estat\u00edstica. Exclusivo \u00e0s pesquisas de IC e p\u00f3s-gradua\u00e7\u00e3o. \u00c1rea: 40 m\u00b2. Equipamentos: dez computadores, softwares de otimiza\u00e7\u00e3o, simula\u00e7\u00e3o e estat\u00edstica, projetor multim\u00eddia, impressora, impressora 3D, quadro branco e esta\u00e7\u00f5es de trabalho.<\/p>\n\n\n\n<p class=\"has-text-color has-link-color wp-elements-9850e818d07dd38bda1ea517ee42a9b5\" style=\"color:#2e1289\"><strong><a href=\"https:\/\/www.instagram.com\/ladepiufpb?igsh=MTFva2M2dDl0YjU1MQ==\" target=\"_blank\" rel=\"noreferrer noopener\">LADEPI \u2013 Laborat\u00f3rio de Desenvolvimento de Produtos e Inova\u00e7\u00e3o<\/a><\/strong><\/p>\n\n\n<div class=\"wp-block-image\">\n<figure class=\"alignleft size-full is-resized\"><img loading=\"lazy\" decoding=\"async\" width=\"333\" height=\"375\" src=\"https:\/\/www.ct.ufpb.br\/ppgeps\/wp-content\/uploads\/sites\/107\/sites\/322\/2026\/04\/image-2.png\" alt=\"\" class=\"wp-image-629\" style=\"aspect-ratio:0.8880323360280024;width:182px;height:auto\" srcset=\"https:\/\/www.ct.ufpb.br\/ppgeps\/wp-content\/uploads\/sites\/107\/sites\/322\/2026\/04\/image-2.png 333w, https:\/\/www.ct.ufpb.br\/ppgeps\/wp-content\/uploads\/sites\/107\/sites\/322\/2026\/04\/image-2-266x300.png 266w\" sizes=\"auto, (max-width: 333px) 100vw, 333px\" \/><\/figure>\n<\/div>\n\n\n<p>Finalidade: desenvolvimento de pesquisas aplicadas e projetos de inova\u00e7\u00e3o em produtos, com \u00eanfase em concep\u00e7\u00e3o, prototipagem e valida\u00e7\u00e3o, al\u00e9m de suporte qualificado \u00e0s atividades de forma\u00e7\u00e3o de estudantes de gradua\u00e7\u00e3o e p\u00f3s-gradua\u00e7\u00e3o. Infraestrutura: instalado em \u00e1rea de 30 m\u00b2, o laborat\u00f3rio disp\u00f5e de ambiente dedicado ao desenvolvimento e \u00e0 experimenta\u00e7\u00e3o, equipado com projetor multim\u00eddia, cinco impressoras 3D, incluindo duas obtidas por meio de coopera\u00e7\u00e3o internacional com a Universit\u00e9 Grenoble Alpes, centro de usinagem, centr\u00edfuga e softwares especializados para modelagem e desenvolvimento de produtos e componentes.<\/p>\n\n\n\n<p><\/p>\n\n\n\n<p class=\"has-text-color has-link-color wp-elements-f32fcbd40e22ba4009731486d977d01c\" style=\"color:#2e1289\"><strong><a href=\"https:\/\/laser.ci.ufpb.br\/\" target=\"_blank\" rel=\"noreferrer noopener\">LaSER \u2013 Laborat\u00f3rio de Engenharia de Sistemas e Rob\u00f3tica<\/a><\/strong><\/p>\n\n\n<div class=\"wp-block-image\">\n<figure class=\"alignleft size-full is-resized\"><img loading=\"lazy\" decoding=\"async\" width=\"225\" height=\"225\" src=\"https:\/\/www.ct.ufpb.br\/ppgeps\/wp-content\/uploads\/sites\/107\/sites\/322\/2026\/04\/image-3.png\" alt=\"\" class=\"wp-image-630\" style=\"width:190px;height:auto\" srcset=\"https:\/\/www.ct.ufpb.br\/ppgeps\/wp-content\/uploads\/sites\/107\/sites\/322\/2026\/04\/image-3.png 225w, https:\/\/www.ct.ufpb.br\/ppgeps\/wp-content\/uploads\/sites\/107\/sites\/322\/2026\/04\/image-3-150x150.png 150w\" sizes=\"auto, (max-width: 225px) 100vw, 225px\" \/><\/figure>\n<\/div>\n\n\n<p class=\"has-black-color has-text-color has-link-color wp-elements-af90c7de9c8e7a490571ec656a5b363e\">Finalidade no PPGEPS: pesquisas voltadas para a implementa\u00e7\u00e3o e execu\u00e7\u00e3o de modelos de otimiza\u00e7\u00e3o e algoritmos. Exclusivo para pesquisas de IC e p\u00f3s-gradua\u00e7\u00e3o. \u00c1rea: pr\u00e9dio de 1000 m\u00b2, localizado no Centro de Inform\u00e1tica. A sala compartilhada com o PPGEPS possui 40 m\u00b2. Equipamentos: 10 computadores i7 com 16 GB de RAM para implanta\u00e7\u00e3o e execu\u00e7\u00e3o dos modelos matem\u00e1ticos e algoritmos, servidor Xeon com 2 processadores (cada um contendo 24 n\u00facleos) e 128 GB de RAM,\u00a0<em>nobreak<\/em>\u00a0e esta\u00e7\u00f5es de trabalho.<\/p>\n\n\n\n<p><\/p>\n\n\n\n<p class=\"has-text-color has-link-color wp-elements-f9d2714a008c67caf1f94e5c23a27154\" style=\"color:#2e1289\"><strong><a href=\"http:\/\/plone.ufpb.br\/dep\/contents\/paginas\/labsim-laboratorio-de-simulacao-de-processos-discretos\" target=\"_blank\" rel=\"noreferrer noopener\">LabSim \u2013 Laborat\u00f3rio de Simula\u00e7\u00e3o de Processos Discretos<\/a><\/strong><\/p>\n\n\n\n<p>Finalidade: suporte a atividades de pesquisa, aulas pr\u00e1ticas de gradua\u00e7\u00e3o e de p\u00f3s-gradua\u00e7\u00e3o, al\u00e9m de apoiar a extens\u00e3o por meio treinamento empresarial. Permite simula\u00e7\u00e3o f\u00edsica do fluxo de produ\u00e7\u00e3o, em situa\u00e7\u00f5es de processos de montagem em linha e produ\u00e7\u00e3o em lotes, podendo ser associada \u00e0 realiza\u00e7\u00e3o de experimentos de simula\u00e7\u00e3o computacional. \u00c1rea: 70 m\u00b2. Equipamentos: oito esta\u00e7\u00f5es flex\u00edveis de trabalho, compostas de bancada industrial modular, lumin\u00e1ria, pain\u00e9is perfurados com prateleiras, bandejas e caixas acopl\u00e1veis. As bancadas possuem rodas para configurar diferentes tipos de layout e situa\u00e7\u00f5es produtivas em pequena escala. Possui uma linha transportadora com roletes, carrinhos de transporte, m\u00f3dulos de armazenagem, kits did\u00e1ticos de montagem, projetor multim\u00eddia, quadro branco e carteiras escolares.<\/p>\n\n\n\n<p class=\"has-text-color has-link-color wp-elements-5a9e406f783fcd441bcdb9e620f4c371\" style=\"color:#2e1289\"><strong>LabESC \u2013 Laborat\u00f3rio de Engenharia de Sustentabilidade e Consumo<\/strong><\/p>\n\n\n\n<p>Finalidade: pesquisas relacionadas \u00e0 avalia\u00e7\u00e3o do desempenho de sustentabilidade de sistemas produtivos. Integra docentes e alunos de gradua\u00e7\u00e3o e p\u00f3s-gradua\u00e7\u00e3o, incluindo pesquisadores da Universit\u00e9 Grenoble-Alpes (Fran\u00e7a) e Universidade do Minho (Portugal). \u00c1rea: 35 m\u00b2. Equipamentos: projetor multim\u00eddia, quadro e esta\u00e7\u00f5es de trabalho, computadores, equipamentos de captura de \u00e1udio e v\u00eddeo, e softwares de estat\u00edstica, otimiza\u00e7\u00e3o, nota\u00e7\u00e3o de processos de neg\u00f3cios e gerenciamento de projetos.<\/p>\n\n\n\n<p class=\"has-text-color has-link-color wp-elements-168af085e7281c481a1e8c4ca58c5be6\" style=\"color:#2e1289\"><strong>InfoLab \u2013 Laborat\u00f3rio de Inform\u00e1tica<\/strong><\/p>\n\n\n\n<p>Finalidade: apoio \u00e0s atividades de ensino e pesquisa de gradua\u00e7\u00e3o e p\u00f3s-gradua\u00e7\u00e3o em Engenharia de Produ\u00e7\u00e3o da UFPB. Fica \u00e0 disposi\u00e7\u00e3o dos professores e discentes do PPGEPS e do DEP. \u00c1rea: 56 m\u00b2. Equipamentos: 17 computadores, acesso \u00e0 internet, projetor multim\u00eddia e quadro branco.<\/p>\n\n\n\n<p><\/p>\n","protected":false},"excerpt":{"rendered":"<p>O PPGEPS conta com sete laborat\u00f3rios para uso priorit\u00e1rio de pesquisa, mas que tamb\u00e9m d\u00e3o [&hellip;]<\/p>\n","protected":false},"author":326,"featured_media":0,"parent":9,"menu_order":4,"comment_status":"closed","ping_status":"closed","template":"","meta":{"footnotes":""},"class_list":["post-627","page","type-page","status-publish","hentry"],"_links":{"self":[{"href":"https:\/\/www.ct.ufpb.br\/ppgeps\/wp-json\/wp\/v2\/pages\/627","targetHints":{"allow":["GET"]}}],"collection":[{"href":"https:\/\/www.ct.ufpb.br\/ppgeps\/wp-json\/wp\/v2\/pages"}],"about":[{"href":"https:\/\/www.ct.ufpb.br\/ppgeps\/wp-json\/wp\/v2\/types\/page"}],"author":[{"embeddable":true,"href":"https:\/\/www.ct.ufpb.br\/ppgeps\/wp-json\/wp\/v2\/users\/326"}],"replies":[{"embeddable":true,"href":"https:\/\/www.ct.ufpb.br\/ppgeps\/wp-json\/wp\/v2\/comments?post=627"}],"version-history":[{"count":1,"href":"https:\/\/www.ct.ufpb.br\/ppgeps\/wp-json\/wp\/v2\/pages\/627\/revisions"}],"predecessor-version":[{"id":631,"href":"https:\/\/www.ct.ufpb.br\/ppgeps\/wp-json\/wp\/v2\/pages\/627\/revisions\/631"}],"up":[{"embeddable":true,"href":"https:\/\/www.ct.ufpb.br\/ppgeps\/wp-json\/wp\/v2\/pages\/9"}],"wp:attachment":[{"href":"https:\/\/www.ct.ufpb.br\/ppgeps\/wp-json\/wp\/v2\/media?parent=627"}],"curies":[{"name":"wp","href":"https:\/\/api.w.org\/{rel}","templated":true}]}}