{"id":507,"date":"2026-01-27T12:01:34","date_gmt":"2026-01-27T15:01:34","guid":{"rendered":"https:\/\/www.ct.ufpb.br\/ppgeps\/?page_id=507"},"modified":"2026-04-08T15:35:40","modified_gmt":"2026-04-08T18:35:40","slug":"calendario-academico-2025","status":"publish","type":"page","link":"https:\/\/www.ct.ufpb.br\/ppgeps\/calendario-academico-2025\/","title":{"rendered":"Calend\u00e1rio acad\u00eamico 2025"},"content":{"rendered":"\n<p><\/p>\n\n\n\n<p class=\" \">Nesta se\u00e7\u00e3o, est\u00e3o disponibilizados o&nbsp;<strong>calend\u00e1rio acad\u00eamico<\/strong>, a&nbsp;<strong>oferta de disciplinas<\/strong>&nbsp;e o cronograma das&nbsp;<strong>reuni\u00f5es do colegiado<\/strong>&nbsp;do PPGEPS.&nbsp;Informa\u00e7\u00f5es referentes a calend\u00e1rios e disciplinas de anos anteriores encontram-se ao&nbsp;<a href=\"http:\/\/plone.ufpb.br\/ppgeps\/contents\/menu\/calendario-e-oferta-de-disciplinas#bottom\">final desta p\u00e1gina<\/a>.<\/p>\n\n\n\n<p><strong>Calend\u00e1rio acad\u00eamico 2025<\/strong><\/p>\n\n\n\n<table class=\"plain\"><colgroup><col width=\"128\" \/> <col width=\"122\" \/> <col width=\"71\" \/> <col width=\"137\" \/> <col width=\"123\" \/> <col width=\"131\" \/> <\/colgroup>\n<tbody>\n<tr>\n<td class=\"xl73\" rowspan=\"2\"><strong>SEMESTRE<\/strong><\/td>\n<td class=\"xl73\" rowspan=\"2\"><strong>MATR\u00cdCULA<\/strong><\/td>\n<td class=\"xl73\" rowspan=\"2\"><strong>IN\u00cdCIO<\/strong><\/td>\n<td class=\"xl73\" rowspan=\"2\"><strong>TRANCAMENTO<\/strong><\/td>\n<td class=\"xl73\" rowspan=\"2\"><strong>T\u00c9RMINO<\/strong><\/td>\n<td class=\"xl73\" rowspan=\"2\"><strong>CONSOLIDA\u00c7\u00c3O<\/strong><\/td>\n<\/tr>\n<tr><\/tr>\n<tr>\n<td class=\"xl63\">2025.1<\/td>\n<td class=\"xl64\">\n<p>10\/02\/2025 a 28\/02\/2025<\/p>\n<\/td>\n<td class=\"xl65\">10\/03\/2025<\/td>\n<td class=\"xl66\">At\u00e9 18\/04\/2025<\/td>\n<td class=\"xl67\">11\/07\/2025<\/td>\n<td class=\"xl64\">At\u00e9 25\/08\/2025<\/td>\n<\/tr>\n<tr>\n<td class=\"xl68\" rowspan=\"4\">2025.2\u00a0<\/td>\n<td class=\"xl68\" rowspan=\"4\" style=\"text-align: center\">28\/07\/2025 a 31\/07\/2025<\/td>\n<td class=\"xl69\" rowspan=\"4\" style=\"text-align: center\">11\/08\/2025<\/td>\n<td class=\"xl71\" rowspan=\"4\" style=\"text-align: center\">At\u00e9 20\/09\/2025<\/td>\n<td class=\"xl69\" rowspan=\"4\" style=\"text-align: center\">12\/12\/2025<\/td>\n<td class=\"xl68\" rowspan=\"4\" style=\"text-align: center\">At\u00e9 26\/01\/2026<\/td>\n\n<\/table>\n\n\n\n<figure class=\"wp-block-table\"><table class=\"has-fixed-layout\"><tbody><tr><td><strong>PLANO ANUAL DE ATIVIDADES<\/strong><\/td><td><strong>RELAT\u00d3RIO SEMESTRAL 2024.2<\/strong><\/td><td><strong>RELAT\u00d3RIO SEMESTRAL 2025.1<\/strong><\/td><td><strong>RELAT\u00d3RIO SEMESTRAL 2025.2<\/strong><\/td><\/tr><tr><td>21\/03\/2025<\/td><td>21\/03\/2025<\/td><td>22\/08\/2025<\/td><td>20\/03\/2026<\/td><\/tr><\/tbody><\/table><\/figure>\n\n\n\n<figure class=\"wp-block-table\"><table class=\"has-fixed-layout\"><tbody><tr><td><strong>DEFESA DE DISSERTA\u00c7\u00c3O<\/strong><\/td><td><strong>PRAZO&nbsp;<\/strong><\/td><\/tr><tr><td>Turma 2023<\/td><td>28\/02\/2025<\/td><\/tr><tr><td>Turma 2023 c\/ prorroga\u00e7\u00e3o<\/td><td>31\/08\/2025<\/td><\/tr><tr><td>Turma 2024<\/td><td>28\/02\/2026<\/td><\/tr><\/tbody><\/table><\/figure>\n\n\n\n<p><strong>Oferta de disciplinas 2025.1<\/strong><\/p>\n\n\n\n<p><strong>Obrigat\u00f3rias:<\/strong><\/p>\n\n\n\n<ul class=\"wp-block-list\">\n<li>PPGEPS002&nbsp;&#8211;&nbsp;Sistemas de Produ\u00e7\u00e3o&nbsp;&#8211;&nbsp;60H\/4CR &#8211; Prof. Dr. Luciano Santos<\/li>\n\n\n\n<li>PPGEPS003&nbsp;&#8211; Estat\u00edstica Aplicada &#8211;&nbsp;60H\/4CR &#8211; Prof. Dr.&nbsp;Rog\u00e9rio Peruchi<\/li>\n\n\n\n<li>SPPGEPS0007 &#8211; Semin\u00e1rios de Pesquisa II &#8211; 45H\/3CR&nbsp; &#8211; Prof. Dr. Lucas de Oliveira *&nbsp;<\/li>\n\n\n\n<li>SPPGEPS0009 &#8211;&nbsp;Semin\u00e1rios de Pesquisa III &#8211; 45H\/3CR &#8211; Prof. Dr. Luciano Carlos da Costa *&nbsp;<br><br><em>* As disciplinas de semin\u00e1rios pertencem a antiga estrutura curricular (Resolu\u00e7\u00e3o CONSEPE n\u00ba 31\/2019).&nbsp;<br>&nbsp;<\/em><\/li>\n<\/ul>\n\n\n\n<p><strong>Optativas:<\/strong><\/p>\n\n\n\n<ul class=\"wp-block-list\">\n<li>PPGEPS005&nbsp;&#8211;&nbsp;An\u00e1lise de Custos &#8211;&nbsp;60H\/4CR &#8211; Prof.\u00aa Dr.\u00aa&nbsp;Maria Silene Leite<\/li>\n\n\n\n<li>PPGEPS014&nbsp;&#8211;&nbsp;Otimiza\u00e7\u00e3o Linear&nbsp;&#8211;&nbsp;60H\/4CR &#8211; Prof. Dr. Anand Subramanian<\/li>\n\n\n\n<li>PPGEPS006&nbsp;&#8211; Estrat\u00e9gia Empresarial &#8211;&nbsp;60H\/4CR &#8211; Prof.\u00aa Dr.\u00aa Cl\u00e1udia Gohr<\/li>\n\n\n\n<li>PPGEPS007&nbsp;&#8211; Sustentabilidade Corporativa &#8211;&nbsp;60H\/4CR &#8211; Prof.\u00aa Dr.\u00aa Sandra Morioka<\/li>\n\n\n\n<li>PPGEPS010&nbsp;&#8211; Fundamentos de Ergonomia &#8211; 60H\/4CR &#8211; Prof.\u00aa Dr.\u00aa Maria Christine Werba<br><\/li>\n<\/ul>\n\n\n\n<p><strong>Hor\u00e1rios das disciplinas 2025.1:<\/strong><\/p>\n\n\n\n<figure class=\"wp-block-image\"><img decoding=\"async\" src=\"http:\/\/plone.ufpb.br\/ppgeps\/contents\/imagens\/captura-de-tela-2025-03-20-163745.png\" alt=\"Hor\u00e1rios 2025.1 atualizado\" title=\"Hor\u00e1rios 2025.1 atualizado\" \/><\/figure>\n\n\n\n<p><strong>Oferta de disciplinas&nbsp;2025.2<\/strong><\/p>\n\n\n\n<p><strong>Obrigat\u00f3rias<\/strong><strong>:<\/strong><\/p>\n\n\n\n<ul class=\"wp-block-list\">\n<li>SPPGEPS0003 &#8211; Metodologia da Pesquisa<a href=\"http:\/\/plone.ufpb.br\/ppgeps\/contents\/documentos\/planos-de-curso\/planos-de-curso-semestre-atual\/2020_1_metodologia_pesquisa.pdf\" target=\"_blank\" rel=\"noreferrer noopener\"><\/a>&nbsp; &#8211; 60H\/4CR&nbsp;<\/li>\n\n\n\n<li>SPPGEPS0005 &#8211; Semin\u00e1rios de Pesquisa I &#8211;&nbsp;45H\/3CR *<\/li>\n\n\n\n<li>SPPGEPS0007 &#8211; Semin\u00e1rios de Pesquisa II &#8211; 45H\/3CR *<\/li>\n\n\n\n<li>SPPGEPS0009 &#8211; Semin\u00e1rios de Pesquisa III &#8211; 45H\/3CR *<\/li>\n<\/ul>\n\n\n\n<p><em>* As disciplinas de semin\u00e1rios pertencem a antiga estrutura curricular (Resolu\u00e7\u00e3o CONSEPE n\u00ba 31\/2019).&nbsp;&nbsp;<\/em><strong><\/strong><strong>Optativas:<\/strong><\/p>\n\n\n\n<ul class=\"wp-block-list\">\n<li>PPGEPS017&nbsp;&#8211; T\u00f3p. Esp. em Gest\u00e3o Integrada de Sistemas de Produ\u00e7\u00e3o I &#8211; 60H\/4CR (Prof. Ivan Bolis)<\/li>\n\n\n\n<li>PPGEPS018 &#8211;&nbsp;T\u00f3p. Esp. em Gest\u00e3o Integrada de Sistemas de Produ\u00e7\u00e3o II &#8211; 30H\/2CR (Profa. Renata Mota)<\/li>\n\n\n\n<li>PPGEPS015&nbsp;&#8211;&nbsp;Otimiza\u00e7\u00e3o Discreta&nbsp;&#8211; 60H\/4CR&nbsp; (Prof. Hugo Kramer)<\/li>\n\n\n\n<li>PPGEPS016&nbsp;&#8211; Otimiza\u00e7\u00e3o Combinat\u00f3ria e Meta-heur\u00edsticas &#8211;&nbsp;60H\/4CR&nbsp; (Prof. Anand Subramanian)<\/li>\n\n\n\n<li>PPGEPS013&nbsp;&#8211; Planejamento e An\u00e1lise de Experimentos &#8211;&nbsp;60H\/4CR&nbsp; (Prof. Rog\u00e9rio Peruchi)<\/li>\n\n\n\n<li>PPGEPS008&nbsp;&#8211; Gest\u00e3o da Cadeia de Suprimentos &#8211;&nbsp;60H\/4CR&nbsp; (Prof.\u00aa Maria Silene Leite)<\/li>\n\n\n\n<li>PPGEPS009&nbsp;&#8211; Sistemas de Produ\u00e7\u00e3o Enxuta &#8211;&nbsp;60H\/4CR&nbsp; (Prof. Luciano Costa Santos)<\/li>\n\n\n\n<li>PPGEPS011&nbsp;&#8211;&nbsp;Metodologia da Ergonomia&nbsp;&#8211;&nbsp;60H\/4CR&nbsp; (Prof.\u00aa Maria Christine Werba)<\/li>\n\n\n\n<li>PPGEPS012&nbsp;&#8211; Estat\u00edstica Param\u00e9trica e N\u00e3o-Param\u00e9trica &#8211; 60H\/4CR (Prof. Luiz Bueno)<\/li>\n\n\n\n<li>PPGEPS004 &#8211;&nbsp;Engenharia Econ\u00f4mica Avan\u00e7ada &#8211; 60H\/4CR (Prof. Paulo Rotella)<\/li>\n<\/ul>\n","protected":false},"excerpt":{"rendered":"<p>Nesta se\u00e7\u00e3o, est\u00e3o disponibilizados o&nbsp;calend\u00e1rio acad\u00eamico, a&nbsp;oferta de disciplinas&nbsp;e o cronograma das&nbsp;reuni\u00f5es do colegiado&nbsp;do PPGEPS.&nbsp;Informa\u00e7\u00f5es [&hellip;]<\/p>\n","protected":false},"author":326,"featured_media":0,"parent":0,"menu_order":0,"comment_status":"closed","ping_status":"closed","template":"","meta":{"footnotes":""},"class_list":["post-507","page","type-page","status-publish","hentry"],"_links":{"self":[{"href":"https:\/\/www.ct.ufpb.br\/ppgeps\/wp-json\/wp\/v2\/pages\/507","targetHints":{"allow":["GET"]}}],"collection":[{"href":"https:\/\/www.ct.ufpb.br\/ppgeps\/wp-json\/wp\/v2\/pages"}],"about":[{"href":"https:\/\/www.ct.ufpb.br\/ppgeps\/wp-json\/wp\/v2\/types\/page"}],"author":[{"embeddable":true,"href":"https:\/\/www.ct.ufpb.br\/ppgeps\/wp-json\/wp\/v2\/users\/326"}],"replies":[{"embeddable":true,"href":"https:\/\/www.ct.ufpb.br\/ppgeps\/wp-json\/wp\/v2\/comments?post=507"}],"version-history":[{"count":1,"href":"https:\/\/www.ct.ufpb.br\/ppgeps\/wp-json\/wp\/v2\/pages\/507\/revisions"}],"predecessor-version":[{"id":508,"href":"https:\/\/www.ct.ufpb.br\/ppgeps\/wp-json\/wp\/v2\/pages\/507\/revisions\/508"}],"wp:attachment":[{"href":"https:\/\/www.ct.ufpb.br\/ppgeps\/wp-json\/wp\/v2\/media?parent=507"}],"curies":[{"name":"wp","href":"https:\/\/api.w.org\/{rel}","templated":true}]}}