{"id":15,"date":"2025-06-13T18:28:08","date_gmt":"2025-06-13T21:28:08","guid":{"rendered":"https:\/\/www.ct.ufpb.br\/ppgeps\/?page_id=15"},"modified":"2026-04-08T15:34:40","modified_gmt":"2026-04-08T18:34:40","slug":"calendario","status":"publish","type":"page","link":"https:\/\/www.ct.ufpb.br\/ppgeps\/calendario\/","title":{"rendered":"Calend\u00e1rio acad\u00eamico"},"content":{"rendered":"\n<p class=\" \">Nesta se\u00e7\u00e3o, est\u00e3o disponibilizados o\u00a0<strong>calend\u00e1rio acad\u00eamico<\/strong> e a\u00a0<strong>oferta de disciplinas<\/strong>\u00a0do PPGEPS do ano vigente (2026).\u00a0Informa\u00e7\u00f5es referentes aos anos anteriores encontram-se ao\u00a0<a href=\"http:\/\/plone.ufpb.br\/ppgeps\/contents\/menu\/calendario-e-oferta-de-disciplinas#bottom\">final desta p\u00e1gina<\/a>.<\/p>\n\n\n\n<p class=\" \"><\/p>\n\n\n\n<figure class=\"wp-block-image size-full\"><img loading=\"lazy\" decoding=\"async\" width=\"786\" height=\"693\" src=\"https:\/\/www.ct.ufpb.br\/ppgeps\/wp-content\/uploads\/sites\/107\/sites\/322\/2026\/02\/image-4.png\" alt=\"\" class=\"wp-image-551\" srcset=\"https:\/\/www.ct.ufpb.br\/ppgeps\/wp-content\/uploads\/sites\/107\/sites\/322\/2026\/02\/image-4.png 786w, https:\/\/www.ct.ufpb.br\/ppgeps\/wp-content\/uploads\/sites\/107\/sites\/322\/2026\/02\/image-4-300x265.png 300w, https:\/\/www.ct.ufpb.br\/ppgeps\/wp-content\/uploads\/sites\/107\/sites\/322\/2026\/02\/image-4-768x677.png 768w\" sizes=\"auto, (max-width: 786px) 100vw, 786px\" \/><\/figure>\n\n\n\n<p class=\" \"><\/p>\n\n\n\n<figure class=\"wp-block-image size-full\"><img loading=\"lazy\" decoding=\"async\" width=\"780\" height=\"542\" src=\"https:\/\/www.ct.ufpb.br\/ppgeps\/wp-content\/uploads\/sites\/107\/sites\/322\/2026\/02\/image-5.png\" alt=\"\" class=\"wp-image-552\" srcset=\"https:\/\/www.ct.ufpb.br\/ppgeps\/wp-content\/uploads\/sites\/107\/sites\/322\/2026\/02\/image-5.png 780w, https:\/\/www.ct.ufpb.br\/ppgeps\/wp-content\/uploads\/sites\/107\/sites\/322\/2026\/02\/image-5-300x208.png 300w, https:\/\/www.ct.ufpb.br\/ppgeps\/wp-content\/uploads\/sites\/107\/sites\/322\/2026\/02\/image-5-768x534.png 768w\" sizes=\"auto, (max-width: 780px) 100vw, 780px\" \/><\/figure>\n\n\n\n<p class=\" \"><\/p>\n\n\n\n<p><strong>OFERTA DAS DISCIPLINAS 2026.1<\/strong><\/p>\n\n\n\n<p><strong>Obrigat\u00f3rias:<\/strong><\/p>\n\n\n\n<ul class=\"wp-block-list\">\n<li>PPGEPS002&nbsp;&#8211;&nbsp;60H\/4CR &#8211; Sistemas de Produ\u00e7\u00e3o &#8211;&nbsp;Prof. Dr. Luciano Santos<\/li>\n\n\n\n<li>PPGEPS003 &#8211;&nbsp;60H\/4CR &#8211; Estat\u00edstica Aplicada &#8211; Prof. Dr.&nbsp;Rog\u00e9rio Peruchi<em><br>&nbsp;<\/em><\/li>\n<\/ul>\n\n\n\n<p><strong>Optativas:<\/strong><\/p>\n\n\n\n<ul class=\"wp-block-list\">\n<li>PPGEPS006&nbsp;&#8211;&nbsp;60H\/4CR &#8211; Estrat\u00e9gia Empresarial &#8211; Prof.\u00aa Dr.\u00aa Cl\u00e1udia Gohr<\/li>\n\n\n\n<li>PPGEPS005&nbsp;&#8211;&nbsp;60H\/4CR &#8211;&nbsp;An\u00e1lise de Custos &#8211; Prof.\u00aa Dr.\u00aa&nbsp;Maria Silene Leite<\/li>\n\n\n\n<li>PPGEPS017 &#8211;&nbsp;60H\/4CR &#8211;&nbsp;T\u00f3picos Especiais em Gest\u00e3o Integrada de Sistemas de Produ\u00e7\u00e3o I &#8211; Profa. Dr.\u00aa Renata Mota<\/li>\n\n\n\n<li>PPGEPS010&nbsp;&#8211;&nbsp;60H\/4CR &#8211; Fundamentos de Ergonomia &#8211; Prof.\u00aa Dr.\u00aa Maria Christine Werba<\/li>\n<\/ul>\n\n\n\n<p><\/p>\n\n\n\n<p><strong>Hor\u00e1rios das disciplinas 2026.1:<\/strong><\/p>\n\n\n\n<figure class=\"wp-block-image size-large\"><img loading=\"lazy\" decoding=\"async\" width=\"1024\" height=\"580\" src=\"https:\/\/www.ct.ufpb.br\/ppgeps\/wp-content\/uploads\/sites\/107\/sites\/322\/2026\/02\/image-8-1024x580.png\" alt=\"\" class=\"wp-image-558\" srcset=\"https:\/\/www.ct.ufpb.br\/ppgeps\/wp-content\/uploads\/sites\/107\/sites\/322\/2026\/02\/image-8-1024x580.png 1024w, https:\/\/www.ct.ufpb.br\/ppgeps\/wp-content\/uploads\/sites\/107\/sites\/322\/2026\/02\/image-8-300x170.png 300w, https:\/\/www.ct.ufpb.br\/ppgeps\/wp-content\/uploads\/sites\/107\/sites\/322\/2026\/02\/image-8-768x435.png 768w, https:\/\/www.ct.ufpb.br\/ppgeps\/wp-content\/uploads\/sites\/107\/sites\/322\/2026\/02\/image-8.png 1164w\" sizes=\"auto, (max-width: 1024px) 100vw, 1024px\" \/><\/figure>\n\n\n\n<p><\/p>\n\n\n\n<p><strong>OFERTA PRELIMINAR DAS DISCIPLINAS&nbsp;2026.2<\/strong><\/p>\n\n\n\n<p><strong>Obrigat\u00f3rias<\/strong><strong>:<\/strong><\/p>\n\n\n\n<ul class=\"wp-block-list\">\n<li>SPPGEPS0003 &#8211; Metodologia da Pesquisa<a href=\"http:\/\/plone.ufpb.br\/ppgeps\/contents\/documentos\/planos-de-curso\/planos-de-curso-semestre-atual\/2020_1_metodologia_pesquisa.pdf\" target=\"_blank\" rel=\"noreferrer noopener\"><\/a>&nbsp; &#8211; 60H\/4CR&nbsp;<\/li>\n<\/ul>\n\n\n\n<p><strong>Optativas:<\/strong><\/p>\n\n\n\n<ul class=\"wp-block-list\">\n<li>PPGEPS017&nbsp;&#8211; T\u00f3p. Esp. em Gest\u00e3o Integrada de Sistemas de Produ\u00e7\u00e3o I &#8211; 60H\/4CR<\/li>\n\n\n\n<li>PPGEPS018&nbsp;&#8211; T\u00f3p. Esp. em Gest\u00e3o Integrada de Sistemas de Produ\u00e7\u00e3o II &#8211; 30H\/2CR<\/li>\n\n\n\n<li>PPGEPS015&nbsp;&#8211;&nbsp;Otimiza\u00e7\u00e3o Discreta&nbsp;&#8211; 60H\/4CR&nbsp; <\/li>\n\n\n\n<li>PPGEPS016&nbsp;&#8211; Otimiza\u00e7\u00e3o Combinat\u00f3ria e Meta-heur\u00edsticas &#8211;&nbsp;60H\/4CR&nbsp; <\/li>\n\n\n\n<li>PPGEPS013&nbsp;&#8211; Planejamento e An\u00e1lise de Experimentos &#8211;&nbsp;60H\/4CR&nbsp; <\/li>\n\n\n\n<li>PPGEPS008&nbsp;&#8211; Gest\u00e3o da Cadeia de Suprimentos &#8211;&nbsp;60H\/4CR&nbsp; <\/li>\n\n\n\n<li>PPGEPS009&nbsp;&#8211; Sistemas de Produ\u00e7\u00e3o Enxuta &#8211;&nbsp;60H\/4CR&nbsp;<\/li>\n\n\n\n<li>PPGEPS011&nbsp;&#8211;&nbsp;Metodologia da Ergonomia&nbsp;&#8211;&nbsp;60H\/4CR&nbsp; <\/li>\n\n\n\n<li>PPGEPS012&nbsp;&#8211; Estat\u00edstica Param\u00e9trica e N\u00e3o-Param\u00e9trica &#8211; 60H\/4CR <\/li>\n\n\n\n<li>PPGEPS004 &#8211;&nbsp;Engenharia Econ\u00f4mica Avan\u00e7ada &#8211; 60H\/4CR <\/li>\n<\/ul>\n\n\n\n<p class=\" \"><\/p>\n\n\n\n<p><strong>Anos anteriores<\/strong><\/p>\n\n\n\n<ul class=\"wp-block-list\">\n<li><a href=\"https:\/\/www.ct.ufpb.br\/ppgeps\/calendario-academico-2025\/\" data-type=\"link\" data-id=\"https:\/\/www.ct.ufpb.br\/ppgeps\/calendario-academico-2025\/\">2025<\/a><\/li>\n\n\n\n<li><strong><a href=\"http:\/\/plone.ufpb.br\/ppgeps\/contents\/paginas\/calendarios\/calendario-e-oferta-de-disciplinas-2024\" target=\"_blank\" rel=\"noreferrer noopener\">2024<\/a><\/strong><\/li>\n\n\n\n<li><strong><a href=\"http:\/\/plone.ufpb.br\/ppgeps\/contents\/paginas\/calendarios\/calendario-e-oferta-de-disciplinas-2023\">2023<\/a><\/strong><\/li>\n\n\n\n<li><strong><a href=\"http:\/\/plone.ufpb.br\/ppgeps\/contents\/paginas\/calendarios\/calendario-e-ofertas-de-disciplinas-2022\" target=\"_blank\" rel=\"noreferrer noopener\">2022<\/a><\/strong><\/li>\n\n\n\n<li><strong><a href=\"http:\/\/plone.ufpb.br\/ppgeps\/contents\/paginas\/calendarios\/calendario-e-oferta-de-disciplinas-2021\" target=\"_blank\" rel=\"noreferrer noopener\">2021<\/a><\/strong><\/li>\n\n\n\n<li><strong><a href=\"http:\/\/plone.ufpb.br\/ppgeps\/contents\/paginas\/calendarios\/2020\" target=\"_blank\" rel=\"noreferrer noopener\">2020<\/a><\/strong><\/li>\n<\/ul>\n","protected":false},"excerpt":{"rendered":"<p>Nesta se\u00e7\u00e3o, est\u00e3o disponibilizados o\u00a0calend\u00e1rio acad\u00eamico e a\u00a0oferta de disciplinas\u00a0do PPGEPS do ano vigente (2026).\u00a0Informa\u00e7\u00f5es [&hellip;]<\/p>\n","protected":false},"author":47,"featured_media":0,"parent":0,"menu_order":0,"comment_status":"closed","ping_status":"closed","template":"","meta":{"footnotes":""},"class_list":["post-15","page","type-page","status-publish","hentry"],"_links":{"self":[{"href":"https:\/\/www.ct.ufpb.br\/ppgeps\/wp-json\/wp\/v2\/pages\/15","targetHints":{"allow":["GET"]}}],"collection":[{"href":"https:\/\/www.ct.ufpb.br\/ppgeps\/wp-json\/wp\/v2\/pages"}],"about":[{"href":"https:\/\/www.ct.ufpb.br\/ppgeps\/wp-json\/wp\/v2\/types\/page"}],"author":[{"embeddable":true,"href":"https:\/\/www.ct.ufpb.br\/ppgeps\/wp-json\/wp\/v2\/users\/47"}],"replies":[{"embeddable":true,"href":"https:\/\/www.ct.ufpb.br\/ppgeps\/wp-json\/wp\/v2\/comments?post=15"}],"version-history":[{"count":15,"href":"https:\/\/www.ct.ufpb.br\/ppgeps\/wp-json\/wp\/v2\/pages\/15\/revisions"}],"predecessor-version":[{"id":680,"href":"https:\/\/www.ct.ufpb.br\/ppgeps\/wp-json\/wp\/v2\/pages\/15\/revisions\/680"}],"wp:attachment":[{"href":"https:\/\/www.ct.ufpb.br\/ppgeps\/wp-json\/wp\/v2\/media?parent=15"}],"curies":[{"name":"wp","href":"https:\/\/api.w.org\/{rel}","templated":true}]}}