{"id":176,"date":"2024-05-21T22:28:30","date_gmt":"2024-05-21T22:28:30","guid":{"rendered":"https:\/\/www.ct.ufpb.br\/ppgem2\/?page_id=176"},"modified":"2026-02-11T16:41:13","modified_gmt":"2026-02-11T19:41:13","slug":"pessoas","status":"publish","type":"page","link":"https:\/\/www.ct.ufpb.br\/ppgem\/pessoas\/","title":{"rendered":"Pessoas"},"content":{"rendered":"\n<p>O quadro de docentes do PPGEM \u00e9 composto integralmente por pessoas com t\u00edtulo de doutorado. Abaixo est\u00e3o listados os membros permanentes e colaboradores, bem como links para seus curr\u00edculos acad\u00eamicos publicados na Plataforma Lattes. Para mais informa\u00e7\u00f5es sobre perfis individuais, consulte a base de dados de docentes da UFPB clicando <a href=\"https:\/\/sigaa.ufpb.br\/sigaa\/public\/docente\/busca_docentes.jsf?aba=p-academico\" target=\"_blank\" rel=\"noreferrer noopener\">aqui<\/a>.<\/p>\n\n\n\n<p><\/p>\n\n\n\n<h2 class=\"wp-block-heading\"><div class=\"linha-header\">Docentes Permanentes<\/div><\/h2>\n\n\n\n<h3 class=\"wp-block-heading\">\u00c1rea de Concentra\u00e7\u00e3o: Din\u00e2mica e Controle de Sistemas Mec\u00e2nicos<\/h3>\n\n\n\n<p><\/p>\n\n\n\n<div class=\"wp-block-columns is-layout-flex wp-container-core-columns-is-layout-9d6595d7 wp-block-columns-is-layout-flex\">\n<div class=\"wp-block-column is-layout-flow wp-block-column-is-layout-flow\">\n<div class=\"wp-block-group\"><div class=\"wp-block-group__inner-container is-layout-constrained wp-block-group-is-layout-constrained\">\n<figure class=\"wp-block-table is-style-stripes\"><table><tbody><tr><td><strong>Nom<\/strong>e <strong>e link para CV Lattes <\/strong>                                                                          <\/td><\/tr><tr><td><strong>Abel Cavalcante Lima Filho<\/strong> <br><a href=\"http:\/\/lattes.cnpq.br\/0801399035139894\">http:\/\/lattes.cnpq.br\/0801399035139894<\/a><\/td><\/tr><tr><td><strong>C\u00edcero da Rocha Souto<\/strong><br><a href=\"http:\/\/lattes.cnpq.br\/4099240444291318\">http:\/\/lattes.cnpq.br\/4099240444291318<\/a><\/td><\/tr><tr><td><strong>Francisco Antonio Belo<\/strong><br><a href=\"http:\/\/lattes.cnpq.br\/9462923096505763\">http:\/\/lattes.cnpq.br\/9462923096505763<\/a><\/td><\/tr><tr><td><strong>Heber Pimentel Gomes<\/strong><br><a href=\"http:\/\/lattes.cnpq.br\/9852959315178905\">http:\/\/lattes.cnpq.br\/9852959315178905<\/a><\/td><\/tr><tr><td><strong>Juan Mois\u00e9s Maur\u00edcio Villanueva<\/strong><br><a href=\"http:\/\/lattes.cnpq.br\/1715030763709959\">http:\/\/lattes.cnpq.br\/3515465412634126<\/a><\/td><\/tr><tr><td><strong>Marcelo Cavalcanti Rodrigues<\/strong><br><a href=\"http:\/\/lattes.cnpq.br\/2140285341359128\">http:\/\/lattes.cnpq.br\/2140285341359128<\/a><\/td><\/tr><tr><td><strong>Moises Dantas dos Santos<\/strong><br><a href=\"http:\/\/lattes.cnpq.br\/3757588041168856\">http:\/\/lattes.cnpq.br\/3757588041168856<\/a><\/td><\/tr><tr><td><strong>Oswaldo Hideo Ando Junior<\/strong><br> <a href=\"http:\/\/lattes.cnpq.br\/3515465412634126\">http:\/\/lattes.cnpq.br\/3515465412634126<\/a><\/td><\/tr><\/tbody><\/table><\/figure>\n<\/div><\/div>\n<\/div>\n<\/div>\n\n\n\n<h3 class=\"wp-block-heading\">\u00c1rea de Concentra\u00e7\u00e3o: Processos de Fabrica\u00e7\u00e3o<\/h3>\n\n\n\n<p><\/p>\n\n\n\n<div class=\"wp-block-columns is-layout-flex wp-container-core-columns-is-layout-9d6595d7 wp-block-columns-is-layout-flex\">\n<div class=\"wp-block-column is-layout-flow wp-block-column-is-layout-flow\">\n<figure class=\"wp-block-table is-style-stripes\"><table><tbody><tr><td><strong>Nome<\/strong> <strong>e link para CV Lattes<\/strong><\/td><\/tr><tr><td><strong>Bruno Alessandro Silva Guedes de Lima<\/strong><br><a href=\"http:\/\/lattes.cnpq.br\/2232828745401224\">http:\/\/lattes.cnpq.br\/2232828745401224<\/a><\/td><\/tr><tr><td><strong>Danielle Guedes de Lima Cavalcante<\/strong><br><a href=\"http:\/\/lattes.cnpq.br\/2575577028682912\">http:\/\/lattes.cnpq.br\/2575577028682912<\/a><\/td><\/tr><tr><td><strong>Francisco Riccelly Pereira Feitosa<\/strong><br><a href=\"http:\/\/lattes.cnpq.br\/6765325621868160\">http:\/\/lattes.cnpq.br\/6765325621868160<\/a><\/td><\/tr><tr><td><strong>Kelly Cristiane Gomes da Silva<\/strong><br><a href=\"http:\/\/lattes.cnpq.br\/0678485152961068\">http:\/\/lattes.cnpq.br\/0678485152961068<\/a><\/td><\/tr><tr><td><strong>Sandro Marden Torres<\/strong><br><a href=\"http:\/\/lattes.cnpq.br\/1050045022082025\">http:\/\/lattes.cnpq.br\/1050045022082025<\/a><\/td><\/tr><\/tbody><\/table><\/figure>\n<\/div>\n<\/div>\n\n\n\n<h3 class=\"wp-block-heading\">\u00c1rea de Concentra\u00e7\u00e3o: Termofluidos<\/h3>\n\n\n\n<p><\/p>\n\n\n\n<div class=\"wp-block-columns is-layout-flex wp-container-core-columns-is-layout-9d6595d7 wp-block-columns-is-layout-flex\">\n<div class=\"wp-block-column is-layout-flow wp-block-column-is-layout-flow\">\n<figure class=\"wp-block-table is-style-stripes\"><table><tbody><tr><td><strong>Nome<\/strong> <strong>e link para CV Lattes<\/strong><\/td><\/tr><tr><td><strong>Adriano da Silva Marques<\/strong><br><a href=\"http:\/\/lattes.cnpq.br\/0104058705628000\">http:\/\/lattes.cnpq.br\/0104058705628000<\/a><\/td><\/tr><tr><td><strong>Carlos Antonio Cabral dos Santos<\/strong><br><a href=\"http:\/\/lattes.cnpq.br\/9774109887296955\">http:\/\/lattes.cnpq.br\/9774109887296955<\/a><\/td><\/tr><tr><td><strong>Jo\u00e3o Alves de Lima<\/strong><br><a href=\"http:\/\/lattes.cnpq.br\/2699729486137957\">http:\/\/lattes.cnpq.br\/2699729486137957<\/a><\/td><\/tr><tr><td><strong>Jos\u00e9 Maur\u00edcio Alves de Matos Gurgel<\/strong><br><a href=\"http:\/\/lattes.cnpq.br\/8118978612486649\">http:\/\/lattes.cnpq.br\/8118978612486649<\/a><\/td><\/tr><tr><td><strong>Monica Carvalho<\/strong><br><a href=\"http:\/\/lattes.cnpq.br\/7491245049317833\">http:\/\/lattes.cnpq.br\/7491245049317833<\/a><\/td><\/tr><tr><td><strong>Raphael Abrah\u00e3o<\/strong><br><a href=\"http:\/\/lattes.cnpq.br\/4004535403450755\">http:\/\/lattes.cnpq.br\/4004535403450755<\/a><\/td><\/tr><\/tbody><\/table><\/figure>\n<\/div>\n<\/div>\n\n\n\n<h2 class=\"wp-block-heading\"><div class=\"linha-header\">Docentes Colaboradores<\/div><\/h2>\n\n\n\n<h3 class=\"wp-block-heading\">\u00c1rea de Concentra\u00e7\u00e3o: Din\u00e2mica e Controle de Sistemas Mec\u00e2nicos<\/h3>\n\n\n\n<p><\/p>\n\n\n\n<div class=\"wp-block-columns is-layout-flex wp-container-core-columns-is-layout-9d6595d7 wp-block-columns-is-layout-flex\">\n<div class=\"wp-block-column is-layout-flow wp-block-column-is-layout-flow\">\n<figure class=\"wp-block-table is-style-stripes\"><table><tbody><tr><td><strong>Nome<\/strong> <strong>e link para CV Lattes<\/strong><\/td><\/tr><tr><td><strong>Alisson Vasconcelos de Brito<\/strong><br><a href=\"http:\/\/lattes.cnpq.br\/6321676636193625\">http:\/\/lattes.cnpq.br\/6321676636193625<\/a><\/td><\/tr><tr><td><strong>Luc\u00eddio dos Anjos Formiga Cabral<\/strong><br><a href=\"http:\/\/lattes.cnpq.br\/6699185881827288\">http:\/\/lattes.cnpq.br\/6699185881827288<\/a><\/td><\/tr><\/tbody><\/table><\/figure>\n<\/div>\n<\/div>\n\n\n\n<h3 class=\"wp-block-heading\">\u00c1rea de Concentra\u00e7\u00e3o: Termofluidos<\/h3>\n\n\n\n<p><\/p>\n\n\n\n<div class=\"wp-block-columns is-layout-flex wp-container-core-columns-is-layout-9d6595d7 wp-block-columns-is-layout-flex\">\n<div class=\"wp-block-column is-layout-flow wp-block-column-is-layout-flow\">\n<figure class=\"wp-block-table is-style-stripes\"><table><tbody><tr><td><strong>Nome<\/strong> <strong>e link para CV Lattes<\/strong><\/td><\/tr><tr><td><strong>Gustavo Charles Peixoto de Oliveira<\/strong><br><a href=\"http:\/\/lattes.cnpq.br\/2612838955804083\">http:\/\/lattes.cnpq.br\/2612838955804083<\/a><\/td><\/tr><tr><td><strong>Luiz Moreira Coelho J\u00fanior<\/strong><br><a href=\"http:\/\/lattes.cnpq.br\/8390081359868622\">http:\/\/lattes.cnpq.br\/8390081359868622<\/a><\/td><\/tr><tr><td><strong>Taynara Geysa Silva do Lago<\/strong><br><a href=\"http:\/\/lattes.cnpq.br\/8719507576491647\">http:\/\/lattes.cnpq.br\/8719507576491647<\/a><\/td><\/tr><\/tbody><\/table><\/figure>\n<\/div>\n<\/div>\n\n\n\n<h2 class=\"wp-block-heading\"><div class=\"linha-header\">Pesquisadores<\/div><\/h2>\n\n\n\n<h3 class=\"wp-block-heading\">P\u00f3s-Doutorado<\/h3>\n\n\n\n<figure class=\"wp-block-table is-style-stripes\"><table><tbody><tr><td><strong><strong>Nome<\/strong> <strong>e link para CV Lattes<\/strong><\/strong><\/td><\/tr><tr><td><strong>Valdecir Alves dos Santos J\u00fanior<\/strong><br><a href=\"http:\/\/lattes.cnpq.br\/5102250730407620\">http:\/\/lattes.cnpq.br\/5102250730407620<\/a><\/td><\/tr><tr><td><strong>Thiago Jos\u00e9 Machado<\/strong><br><a href=\"http:\/\/lattes.cnpq.br\/2203695060210682\">http:\/\/lattes.cnpq.br\/2203695060210682<\/a><\/td><\/tr><\/tbody><\/table><\/figure>\n\n\n\n<div class=\"wp-block-columns is-layout-flex wp-container-core-columns-is-layout-9d6595d7 wp-block-columns-is-layout-flex\">\n<div class=\"wp-block-column is-layout-flow wp-block-column-is-layout-flow\"><\/div>\n<\/div>\n\n\n\n<h2 class=\"wp-block-heading\"><div class=\"linha-header\">Egressos<\/div><\/h2>\n\n\n\n<p>Da totalidade de egressos do PPGEM, a maior parte distribui-se pelos estados da regi\u00e3o Nordeste. Al\u00e9m da Para\u00edba, podemos citar como estados relevantes em absor\u00e7\u00e3o de nossos alunos os seguintes: Bahia, Cear\u00e1, Maranh\u00e3o, Pernambuco, Piau\u00ed e Rio Grande do Norte. Fora da regi\u00e3o Nordeste, \u00e9 poss\u00edvel mapear a presen\u00e7a de nossos egressos nos seguintes estados: Esp\u00edrito Santo, Minas Gerais, S\u00e3o Paulo, e tamb\u00e9m no Distrito Federal. <\/p>\n","protected":false},"excerpt":{"rendered":"<p>O quadro de docentes do PPGEM \u00e9 composto integralmente por pessoas com t\u00edtulo de doutorado. [&hellip;]<\/p>\n","protected":false},"author":90,"featured_media":0,"parent":0,"menu_order":3,"comment_status":"closed","ping_status":"closed","template":"","meta":{"footnotes":""},"class_list":["post-176","page","type-page","status-publish","hentry"],"_links":{"self":[{"href":"https:\/\/www.ct.ufpb.br\/ppgem\/wp-json\/wp\/v2\/pages\/176","targetHints":{"allow":["GET"]}}],"collection":[{"href":"https:\/\/www.ct.ufpb.br\/ppgem\/wp-json\/wp\/v2\/pages"}],"about":[{"href":"https:\/\/www.ct.ufpb.br\/ppgem\/wp-json\/wp\/v2\/types\/page"}],"author":[{"embeddable":true,"href":"https:\/\/www.ct.ufpb.br\/ppgem\/wp-json\/wp\/v2\/users\/90"}],"replies":[{"embeddable":true,"href":"https:\/\/www.ct.ufpb.br\/ppgem\/wp-json\/wp\/v2\/comments?post=176"}],"version-history":[{"count":24,"href":"https:\/\/www.ct.ufpb.br\/ppgem\/wp-json\/wp\/v2\/pages\/176\/revisions"}],"predecessor-version":[{"id":718,"href":"https:\/\/www.ct.ufpb.br\/ppgem\/wp-json\/wp\/v2\/pages\/176\/revisions\/718"}],"wp:attachment":[{"href":"https:\/\/www.ct.ufpb.br\/ppgem\/wp-json\/wp\/v2\/media?parent=176"}],"curies":[{"name":"wp","href":"https:\/\/api.w.org\/{rel}","templated":true}]}}