{"id":66,"date":"2025-10-01T15:49:12","date_gmt":"2025-10-01T18:49:12","guid":{"rendered":"https:\/\/www.ct.ufpb.br\/lacesse\/?page_id=66"},"modified":"2025-10-22T11:22:38","modified_gmt":"2025-10-22T14:22:38","slug":"legislacao-nacional","status":"publish","type":"page","link":"https:\/\/www.ct.ufpb.br\/lacesse\/legislacao-nacional\/","title":{"rendered":"Legisla\u00e7\u00e3o Nacional"},"content":{"rendered":"\n<h2 class=\"wp-block-heading\"><div class=\"linha-header\">Leis<\/div><\/h2>\n\n\n\n<p><a href=\"https:\/\/docs.wixstatic.com\/ugd\/50625b_0c5c3bacf3c648a9ac0756fcf60ff7bd.pdf\" target=\"_blank\" rel=\"noreferrer noopener\">Constitui\u00e7\u00e3o da Rep\u00fablica Federativa do Brasil de 1988<\/a><\/p>\n\n\n\n<p>\u200b<a href=\"https:\/\/docs.wixstatic.com\/ugd\/50625b_2d69888889414158bfaa2b7d80b52585.pdf\" target=\"_blank\" rel=\"noreferrer noopener\">Lei 4.169\/1962<\/a>&nbsp;&#8211;&nbsp;Oficializa as conven\u00e7\u00f5es \u201cBraille\u201d para uso na escrita e Leitura dos cegos e o C\u00f3digo de Contrata\u00e7\u00f5es e Abreviaturas \u201cBraille\u201d.<\/p>\n\n\n\n<p>\u200b<a href=\"https:\/\/docs.wixstatic.com\/ugd\/50625b_f109e53a0cee45d8991d9f360dc68644.pdf\" target=\"_blank\" rel=\"noreferrer noopener\">Lei 6.538\/1978<\/a>&nbsp;&#8211;&nbsp;Disp\u00f5e Sobre os Servi\u00e7os Postais<\/p>\n\n\n\n<p>\u200b<a href=\"https:\/\/docs.wixstatic.com\/ugd\/50625b_231b7f1f10754636a8867d3a9fdcba9d.pdf\" target=\"_blank\" rel=\"noreferrer noopener\">Lei 7.405\/1985<\/a>&nbsp;&#8211;&nbsp;Torna obrigat\u00f3ria a coloca\u00e7\u00e3o do \u2018\u2019S\u00edmbolo Internacional de Acesso\u201d em todos os locais e servi\u00e7os que permitam sua utiliza\u00e7\u00e3o por pessoas portadoras de defici\u00eancia e d\u00e1 outras provid\u00eancias.<\/p>\n\n\n\n<p>\u200b<a href=\"https:\/\/docs.wixstatic.com\/ugd\/50625b_6b21985edf4d40deb8388ceefe90f3c4.pdf\" target=\"_blank\" rel=\"noreferrer noopener\">Lei 7.853\/1989<\/a>&nbsp;&#8211;&nbsp;Disp\u00f5e sobre o apoio \u00e0s pessoas portadoras de defici\u00eancia, sua integra\u00e7\u00e3o social, sobre a&nbsp;Coordenadoria Nacional para Integra\u00e7\u00e3o da Pessoa Portadora de Defici\u00eancia &#8211; Corde, institui&nbsp;a tutela jurisdicional de interesses coletivos ou difusos dessas pessoas, disciplina a atua\u00e7\u00e3o do&nbsp;Minist\u00e9rio P\u00fablico, define crimes, e d\u00e1 outras provid\u00eancias.<\/p>\n\n\n\n<p>\u200b<a href=\"https:\/\/docs.wixstatic.com\/ugd\/50625b_17b6e2398f6344bda8072f0652c1cb3d.pdf\" target=\"_blank\" rel=\"noreferrer noopener\">Lei 8.160\/1991<\/a>&nbsp;&#8211;&nbsp;Disp\u00f5e sobre a caracteriza\u00e7\u00e3o de s\u00edmbolo que permita a identifica\u00e7\u00e3o de pessoas portadoras de defici\u00eancia auditiva<\/p>\n\n\n\n<p>\u200b<a href=\"https:\/\/docs.wixstatic.com\/ugd\/50625b_d123626a31eb40788eacbd86d079d655.pdf\" target=\"_blank\" rel=\"noreferrer noopener\">Lei 9.045\/1995<\/a>&nbsp;&#8211;&nbsp;Autoriza o Minist\u00e9rio da Educa\u00e7\u00e3o e do Desporto e o Minist\u00e9rio da Cultura a disciplinarem a obrigatoriedade de reprodu\u00e7\u00e3o, pelas editoras de todo o Pa\u00eds, em regime de proporcionalidade, de obras em caracteres Braille, e a permitir a reprodu\u00e7\u00e3o, sem finalidade lucrativa, de obras j\u00e1 divulgadas, para uso exclusivo de cegos.<\/p>\n\n\n\n<p>\u200b<a href=\"https:\/\/docs.wixstatic.com\/ugd\/50625b_ebc3b459a2c94f92a113ea411d4c25a5.pdf\" target=\"_blank\" rel=\"noreferrer noopener\">Lei 9.610\/1998<\/a>&nbsp;&#8211;&nbsp;Altera, atualiza e consolida a legisla\u00e7\u00e3o sobre direitos autorais e d\u00e1 outras provid\u00eancias.<\/p>\n\n\n\n<p>\u200b<a href=\"https:\/\/docs.wixstatic.com\/ugd\/50625b_63c9c960374243ceafc6f7aa8c8632bf.pdf\" target=\"_blank\" rel=\"noreferrer noopener\">Lei 9.998\/2000<\/a>&nbsp;&#8211;&nbsp;Institui o Fundo de Universaliza\u00e7\u00e3o dos Servi\u00e7os de Telecomunica\u00e7\u00f5es.<\/p>\n\n\n\n<p>\u200b<a href=\"https:\/\/docs.wixstatic.com\/ugd\/50625b_38e43fa8e7104db5bd76197f9948862c.pdf\" target=\"_blank\" rel=\"noreferrer noopener\">Lei&nbsp;10.048\/2000<\/a>&nbsp;&#8211; D\u00e1 prioridade de atendimento \u00e0s pessoas que especifica, e d\u00e1 outras provid\u00eancias.<\/p>\n\n\n\n<p>\u200b<a href=\"https:\/\/docs.wixstatic.com\/ugd\/50625b_f36607ac80e74129be9f261bcbfbd957.pdf\" target=\"_blank\" rel=\"noreferrer noopener\">Lei 10.098\/2000<\/a>&nbsp;&#8211; Normas gerais e crit\u00e9rios basicos para a promo\u00e7\u00e3o de acessibilidade das pessoas portadoras de defici\u00eancia ou com mobilidade reduzida.<\/p>\n\n\n\n<p>\u200b<a href=\"https:\/\/docs.wixstatic.com\/ugd\/50625b_f09f773f882b4380a059414d0e375344.pdf\" target=\"_blank\" rel=\"noreferrer noopener\">Lei 10.741\/2003<\/a>&nbsp;&#8211; Disp\u00f5e sobre o Estatuto do Idoso.<\/p>\n\n\n\n<p>\u200b<a href=\"https:\/\/docs.wixstatic.com\/ugd\/50625b_a89aa91e87974f9b981f6292043e192e.pdf\" target=\"_blank\" rel=\"noreferrer noopener\">Lei 10.671\/2003<\/a>&nbsp;&#8211;&nbsp;Disp\u00f5e sobre o Estatuto de Defesa do Torcedor e d\u00e1 outras provid\u00eancias, assegurando acessibilidade ao torcedor portador de defici\u00eancia ou com mobilidade reduzida.<\/p>\n\n\n\n<p>\u200b<a href=\"https:\/\/docs.wixstatic.com\/ugd\/50625b_eb4aad185eda4eb6b4fd744de19f3845.pdf\" target=\"_blank\" rel=\"noreferrer noopener\">Lei 10.436\/2002<\/a>&nbsp;&#8211;&nbsp;Disp\u00f5e sobre a L\u00edngua Brasileira de Sinais &#8211; Libras.<\/p>\n\n\n\n<p>\u200b<a href=\"https:\/\/docs.wixstatic.com\/ugd\/50625b_a1a4103bb5864482baed8831b09900e0.pdf\" target=\"_blank\" rel=\"noreferrer noopener\">Lei 11.126\/2005<\/a>&nbsp;&#8211; Disp\u00f5e sobre o direito do portador de defici\u00eancia visual de ingressar e permanecer em ambientes de uso coletivo acompanhado de c\u00e3o-guia.&nbsp;<\/p>\n\n\n\n<p>\u200b<a href=\"https:\/\/docs.wixstatic.com\/ugd\/50625b_585dfadb2d204e6c956ec53bf1005ff8.pdf\" target=\"_blank\" rel=\"noreferrer noopener\">Lei 12.319\/2010<\/a>&nbsp;&#8211;&nbsp;Regulamenta a profiss\u00e3o de Tradutor e Int\u00e9rprete da L\u00edngua Brasileira de Sinais &#8211; LIBRAS.<\/p>\n\n\n\n<p>\u200b<a href=\"https:\/\/docs.wixstatic.com\/ugd\/50625b_e8eefffc87394c10ab62247b8269b85e.pdf\" target=\"_blank\" rel=\"noreferrer noopener\">Lei 13.146\/2015<\/a>&nbsp;&#8211; Institui a Lei Brasileira de Inclus\u00e3o da Pessoa com Defici\u00eancia (Estatuto da Pessoa com Defici\u00eancia).<\/p>\n\n\n\n<p>\u200b<a href=\"http:\/\/www.planalto.gov.br\/ccivil_03\/_ato2015-2018\/2016\/lei\/L13409.htm\" rel=\"noreferrer noopener\" target=\"_blank\">Lei&nbsp;13.409\/2016<\/a><a href=\"http:\/\/www.planalto.gov.br\/ccivil_03\/_ato2015-2018\/2016\/lei\/L13409.htm\" rel=\"noreferrer noopener\" target=\"_blank\">&nbsp;&#8211;&nbsp; Disp\u00f5e&nbsp;sobre a reserva de vagas para pessoas com defici\u00eancia nos cursos t\u00e9cnico de n\u00edvel m\u00e9dio e superior das institui\u00e7\u00f5es federais de ensino.<\/a><\/p>\n\n\n\n<p>\u200b<a href=\"http:\/\/www.planalto.gov.br\/ccivil_03\/_ato2015-2018\/2017\/lei\/L13443.htm\" rel=\"noreferrer noopener\" target=\"_blank\">Lei 13.443\/2017<\/a>&nbsp;&#8211; Obriga que n\u00famero&nbsp;m\u00ednimo de cada brinquedo e&nbsp;equipamento de lazer devem ser adaptados e&nbsp;identificados.<\/p>\n\n\n\n<h2 class=\"wp-block-heading\"><div class=\"linha-header\">Decretos<\/div><\/h2>\n\n\n\n<p><a href=\"https:\/\/docs.wixstatic.com\/ugd\/50625b_3ef37ee13fb247fc8c3fd89679d4ef74.pdf\" target=\"_blank\" rel=\"noreferrer noopener\">Decreto&nbsp;2.592\/1998<\/a>&nbsp;&#8211;&nbsp;Aprova o Plano Geral de Metas para a Universaliza\u00e7\u00e3o do Servi\u00e7o Telef\u00f4nico Fixo Comutado Prestado no Regime P\u00fablico. Telefonia para deficientes auditivos.<\/p>\n\n\n\n<p>\u200b<a href=\"https:\/\/docs.wixstatic.com\/ugd\/50625b_05ccc484d7584bb7981a326f9c4fd60a.pdf\" target=\"_blank\" rel=\"noreferrer noopener\">Decreto&nbsp;3.298\/1999<\/a>&nbsp;&#8211;&nbsp;Regulamenta a Lei N\u00ba 7.853, de 24 de outubro de 1989, disp\u00f5e sobre a Pol\u00edtica Nacional para a Integra\u00e7\u00e3o da Pessoa Portadora de Defici\u00eancia, consolida as normas de prote\u00e7\u00e3o, e d\u00e1 outras provid\u00eancias.<\/p>\n\n\n\n<p>\u200b<a href=\"https:\/\/docs.wixstatic.com\/ugd\/50625b_163cd0ab21d4422ea0f5d26c780c6528.pdf\" target=\"_blank\" rel=\"noreferrer noopener\">Decreto 3.624\/2000&nbsp;<\/a>&#8211;&nbsp;Disp\u00f5e sobre a regulamenta\u00e7\u00e3o do Fundo de Universaliza\u00e7\u00e3o dos Servi\u00e7os de Telecomunica\u00e7\u00f5es &#8211; Fust, e d\u00e1 outras provid\u00eancias. Telefone para deficientes auditivos.<\/p>\n\n\n\n<p><a href=\"https:\/\/docs.wixstatic.com\/ugd\/50625b_a0971c8b966c487a855b0ba908babffa.pdf\" target=\"_blank\" rel=\"noreferrer noopener\">Decreto 3.956\/2001<\/a>&nbsp;&#8211;&nbsp;Promulga a Conven\u00e7\u00e3o Interamericana para a Elimina\u00e7\u00e3o de Todas as Formas de Discrimina\u00e7\u00e3o contra as Pessoas Portadoras de Defici\u00eancia.<\/p>\n\n\n\n<p><a href=\"https:\/\/docs.wixstatic.com\/ugd\/50625b_ba588bde16cc4299a379c721534f6465.pdf\" target=\"_blank\" rel=\"noreferrer noopener\">Decreto 5.296\/2004<\/a>&nbsp;&#8211;&nbsp;Regulamenta as Lei nos 10.048, de 8 de novembro de 2000, que d\u00e1 prioridade de atendimento \u00e0s pessoas que especifica, e 10.098, de 19 de dezembro de 2000, que estabelece normas gerais e crit\u00e9rios b\u00e1sicos para a promo\u00e7\u00e3o da acessibilidade das pessoas portadoras de defici\u00eancia ou com mobilidade reduzida.<\/p>\n\n\n\n<p>\u200b<a href=\"https:\/\/docs.wixstatic.com\/ugd\/50625b_b813f830fc1a4090abfcdbc90252f0c5.pdf\" target=\"_blank\" rel=\"noreferrer noopener\">Decreto 5.371\/2005&nbsp;<\/a>&#8211;&nbsp;Aprova o Regulamento do Servi\u00e7o de Retransmiss\u00e3o de Televis\u00e3o e do Servi\u00e7o de Repeti\u00e7\u00e3o de Televis\u00e3o, ancilares ao Servi\u00e7o de Radiodifus\u00e3o de Sons e Imagens.<\/p>\n\n\n\n<p>\u200b<a href=\"https:\/\/docs.wixstatic.com\/ugd\/50625b_c1fcca44b1184ffba1ae30fcaefb4f18.pdf\" target=\"_blank\" rel=\"noreferrer noopener\">Decreto 5.626\/2005<\/a>&nbsp;&#8211; Regulamenta a Lei n\u00ba 10.436, de 24 de abril de 2002, que disp\u00f5e sobre a L\u00edngua Brasileira de Sinais &#8211; Libras, e o art. 18 da Lei n\u00ba 10.098, de 19 de dezembro de 2000.<\/p>\n\n\n\n<p>\u200b<a href=\"https:\/\/docs.wixstatic.com\/ugd\/50625b_f722ccd2f9ee4e318c9f3cec969f4506.pdf\" target=\"_blank\" rel=\"noreferrer noopener\">Decreto&nbsp;5.904\/2005<\/a>&nbsp;&#8211;&nbsp;Regulamenta a Lei N\u00ba no 11.126, de 27 de junho de 2005, que disp\u00f5e sobre o direito da pessoa com defici\u00eancia visual de ingressar e permanecer em ambientes de uso coletivo acompanhada de c\u00e3o-guia e d\u00e1 outras provid\u00eancias.<\/p>\n\n\n\n<p><a href=\"https:\/\/docs.wixstatic.com\/ugd\/50625b_0abce2073aa544c6ab4467e22da5b426.pdf\" target=\"_blank\" rel=\"noreferrer noopener\">Decreto 5.645\/2005<\/a>&nbsp;&#8211;&nbsp;D\u00e1 nova reda\u00e7\u00e3o ao art. 53 do Decreto N\u00ba 5.296, de 2 de dezembro de 2004.<\/p>\n\n\n\n<h2 class=\"wp-block-heading\"><div class=\"linha-header\">Normas<\/div><\/h2>\n\n\n\n<p><a href=\"https:\/\/docs.wixstatic.com\/ugd\/50625b_d50c72e8560941a8a694e53b04d08de0.pdf\" target=\"_blank\" rel=\"noreferrer noopener\">Norma Complementar 01\/2006\u00a0<\/a>&#8211; \u00a0Recursos de acessibilidade, para pessoas com defici\u00eancia, na programa\u00e7\u00e3o veiculada nos servi\u00e7os de radiodifus\u00e3o de sons e imagens e de retransmiss\u00e3o de televis\u00e3o.<\/p>\n\n\n\n<h2 class=\"wp-block-heading\"><div class=\"linha-header\">Normas T\u00e9cnicas ABNT<\/div><\/h2>\n\n\n\n<p class=\" \">NBR 14.020\/1997&nbsp;&#8211;&nbsp;Acessibilidade a Pessoa Portadora de Defici\u00eancia \u2013 Trem de Longo Percurso.<\/p>\n\n\n\n<p>NBR 14.273\/1999&nbsp;&#8211;&nbsp;Acessibilidade da pessoa portadora de defici\u00eancia no transporte a\u00e9reo comercial.<\/p>\n\n\n\n<p>\u200bNBR 13.994\/2000-&nbsp;Elevadores para transporte de pessoa portadora de defici\u00eancia.<\/p>\n\n\n\n<p>\u200bNBR 9.077\/2001 &#8211;&nbsp;Sa\u00eddas de emerg\u00eancia em edif\u00edcios.<\/p>\n\n\n\n<p>\u200bNBR 14.970\/2003 &#8211; Acessbilidade em ve\u00edculos automotores &#8211; Parte 1 &#8211; Requisitos de dirigibilidade<\/p>\n\n\n\n<p>\u200bNBR 14.970\/2003 &#8211; Acessbilidade em ve\u00edculos automotores &#8211; Parte 2&nbsp;&#8211; Diretrizes para avalia\u00e7\u00e3o cl\u00ednica de condutor com mobilidade reduzida.<\/p>\n\n\n\n<p>&nbsp;NBR 14.970\/2003 &#8211; Acessbilidade em ve\u00edculos automotores &#8211; Parte 3- Requisitos para avalia\u00e7\u00e3o da&nbsp;dirigibilidade&nbsp;de condutor com mobilidade reduzida em ve\u00edculo apropriado.<\/p>\n\n\n\n<p>\u200bNBR 14.021\/2005&nbsp;&#8211;&nbsp;Acessibilidade no sistema de trem urbano ou metropolitano.<\/p>\n\n\n\n<p>\u200bNBR 15.250\/2005&nbsp;&#8211; Acessibilidade em caixa de auto-atendimento banc\u00e1rio<\/p>\n\n\n\n<p>\u200bNBR 15.290\/2005 &#8211;&nbsp;Acessibilidade em Comunica\u00e7\u00e3o na Televis\u00e3o.<\/p>\n\n\n\n<p>\u200bNBR 15.320\/2005 &#8211;&nbsp;Acessibilidade \u00e0 pessoa com defici\u00eancia no transporte rodovi\u00e1rio.<\/p>\n\n\n\n<p>\u200bNBR 15.450\/2006 &#8211; Acessibilidade de passageiro no sistema de transporte aquavi\u00e1rio.<\/p>\n\n\n\n<p>NBR 14.022\/2006 &#8211;&nbsp;Acessibilidade em ve\u00edculos de caracter\u00edsticas urbanas para o transporte coletivo de passageiros.<\/p>\n\n\n\n<p>NBR 9.050\/2020 &#8211;&nbsp;Acessibilidade a edifca\u00e7\u00f5es, mobili\u00e1rio, espa\u00e7os&nbsp;e equipamentos urbanos.<\/p>\n\n\n\n<p>NBR 16.537\/2016&nbsp;&#8211;&nbsp;&nbsp;Acessibilidade na sinaliza\u00e7\u00e3o t\u00e1til no piso: diretrizes para elabora\u00e7\u00e3o de projetos e instala\u00e7\u00e3o.<\/p>\n\n\n\n<h2 class=\"wp-block-heading\"><div class=\"linha-header\">Portarias<\/div><\/h2>\n\n\n\n<p><a href=\"https:\/\/docs.wixstatic.com\/ugd\/50625b_c592a00a46c24dfc91387f8d702d0480.pdf\" target=\"_blank\" rel=\"noreferrer noopener\">Portaria 466\/2008 (Minist\u00e9rio das Comunica\u00e7\u00f5es)<\/a>&nbsp;&#8211;&nbsp;Conceder o prazo de noventa dias para que as exploradoras de servi\u00e7o de radiodifus\u00e3o de sons e imagens e de servi\u00e7o de retransmiss\u00e3o de televis\u00e3o (RTV) passem a veicular recurso de acessibilidade, destinado a pessoas com defici\u00eancia.<\/p>\n\n\n\n<p><a href=\"https:\/\/docs.wixstatic.com\/ugd\/50625b_c0dd9e5a2f894257aec37d3f926b71aa.pdf\" target=\"_blank\" rel=\"noreferrer noopener\">Portaria 246\/2001 (Minist\u00e9rio das Comunica\u00e7\u00f5es)<\/a>&nbsp;&#8211; &nbsp;Estabelece o Programa de Atendimento a Deficientes, que trata da implanta\u00e7\u00e3o de acessos individuais dos servi\u00e7os de telecomunica\u00e7\u00f5es e equipamentos de interface a pessoas portadoras de defici\u00eancia e a institui\u00e7\u00f5es de assist\u00eancia a deficientes.<br><a href=\"https:\/\/docs.wixstatic.com\/ugd\/50625b_ba69062e88844586bae9cf881598ddca.pdf\" target=\"_blank\" rel=\"noreferrer noopener\">Portaria 310\/2006 (Minist\u00e9rio das Comunica\u00e7\u00f5es)<\/a>&nbsp;&#8211;&nbsp;Aprova&nbsp;a Norma Complementar N\u00ba 01\/2006 &#8211; Recursos de acessibilidade, para pessoas com defici\u00eancia, na programa\u00e7\u00e3o veiculada nos servi\u00e7os de radiodifus\u00e3o de sons e imagens e de retransmiss\u00e3o de televis\u00e3o.<\/p>\n\n\n\n<h2 class=\"wp-block-heading\"><div class=\"linha-header\">Recomenda\u00e7\u00f5es<\/div><\/h2>\n\n\n\n<p>Recomenda\u00e7\u00e3o Conade&nbsp;08\/2002&nbsp;&#8211;&nbsp;Ao Departamento de Emprego e Sal\u00e1rio, da Secretaria de Pol\u00edticas P\u00fablicas de Emprego, do Minist\u00e9rio do Trabalho e Emprego que promova, com a urg\u00eancia adequada, a inclus\u00e3o no C\u00f3digo Brasileiro de Ocupa\u00e7\u00f5es as ocupa\u00e7\u00f5es de estenotipista e int\u00e9rprete de Libras.<\/p>\n\n\n\n<p>Recomenda\u00e7\u00e3o Conade 10\/2002&nbsp;&#8211;&nbsp;Que observem e d\u00eaem condi\u00e7\u00f5es dignas de cumprimento de pena para o r\u00e9u preso portador de defici\u00eancia, observada a Lei N\u00ba de Acessibilidade &#8211; Lei N\u00ba 10.098\/00.<\/p>\n\n\n\n<p>Recomenda\u00e7\u00e3o Conade 14\/2002<br>Ao Departamento Nacional de Tr\u00e2nsito &#8211; Denatran do Minist\u00e9rio da Justi\u00e7a.<br>1- Que se empenhe na capacita\u00e7\u00e3o de funcion\u00e1rios, instrutores e policiais de tr\u00e2nsito para atender ao usu\u00e1rio portador de defici\u00eancia auditiva e f\u00edsica,<br>2 &#8211; Que possibilite o acesso da pessoa portadora de defici\u00eancia auditiva e f\u00edsica a carros adaptados dos \u00f3rg\u00e3os que lidam com a habilita\u00e7\u00e3o e, quando for o caso, disponibilize sinais visuais para cada tipo de defici\u00eancia possibilitando o acesso a referidos sinais para a identifica\u00e7\u00e3o dos ve\u00edculos conduzidos pelos mesmos.&nbsp;<br>3 &#8211; Disponibilize int\u00e9rprete de LIBRAS para a pessoa portadora de auditiva quando da realiza\u00e7\u00e3o das provas de habilita\u00e7\u00e3o de condutor e,<br>4 &#8211; Oriente as escolas credenciadas junto ao DETRAN para que tamb\u00e9m mantenham profissionais habilitados e int\u00e9rpretes de LIBRAS para o atendimento da pessoa portadora de defici\u00eancia auditiva.<\/p>\n\n\n\n<p>\u200bRecomenda\u00e7\u00e3o Conade 16\/2003&nbsp;&#8211;&nbsp;Exigir dos Minist\u00e9rios o cumprimento do art. 9\u00ba, da Lei N\u00ba n.\u00ba 7.853, de 24 de outubro de 1989, no que se refere ao tratamento priorit\u00e1rio e adequado para implementar pol\u00edticas p\u00fablicas \u00e0s pessoas portadoras de defici\u00eancia.<\/p>\n\n\n\n<p>\u200b<a href=\"https:\/\/docs.wixstatic.com\/ugd\/50625b_1593167e17774873a4cea1d95a7a1f93.pdf\" target=\"_blank\" rel=\"noreferrer noopener\">Recomenda\u00e7\u00e3o Conade 01\/2012&nbsp;<\/a>&#8211;&nbsp;Aos Corregedores dos Tribunais de Justi\u00e7a dos Estados editarem \/ baixarem \/ ato regulamentar de atendimento adequado aos cidad\u00e3os portadores de defici\u00eancia visual, determinando aos cart\u00f3rios de registros p\u00fablicos que no caso de depositante cego ou portador de vis\u00e3o subnormal, exare certid\u00e3o de que o depositante exibiu c\u00e9dula de identidade, anotando-se o n\u00famero e colhendo as assinaturas do depositante e de duas testemunhas devidamente qualificadas, na presen\u00e7a do not\u00e1rio.<\/p>\n\n\n\n<p>\u200b<a href=\"https:\/\/docs.wixstatic.com\/ugd\/50625b_f29b4585b4644cf78656110f5739549c.pdf\" target=\"_blank\" rel=\"noreferrer noopener\">Recomenda\u00e7\u00e3o Conade 02\/2012<\/a>&nbsp;&#8211;&nbsp;Disp\u00f5e sobre a orienta\u00e7\u00e3o a ser dada aos entes p\u00fablicos na realiza\u00e7\u00e3o de concursos p\u00fablicos respeitando a reserva de vagas para as PcD e d\u00e1 outras provid\u00eancias.<\/p>\n\n\n\n<p>\u200b<a href=\"https:\/\/docs.wixstatic.com\/ugd\/50625b_57b7527aadfc45adb37d0cb5994f9048.pdf\" target=\"_blank\" rel=\"noreferrer noopener\">Recomenda\u00e7\u00e3o Conade 03\/2012<\/a>&nbsp;&#8211; Disp\u00f5e sobre as pessoas com vis\u00e3o monocular e com perda auditiva unilateral e a n\u00e3o amplia\u00e7\u00e3o dos mesmos direitos assegurados \u00e0quelas que apresentam defici\u00eancia.<\/p>\n\n\n\n<p>\u200b<a href=\"https:\/\/docs.wixstatic.com\/ugd\/50625b_d846af1223874235bd4f0a051cfa4302.pdf\" target=\"_blank\" rel=\"noreferrer noopener\">Recomenda\u00e7\u00e3o Conade 04\/2012<\/a>&nbsp;&#8211;&nbsp;Disp\u00f5e sobre norma violadora de direito das pessoas com defici\u00eancia prevista em minuta de Resolu\u00e7\u00e3o da ANAC (Ag\u00eancia Nacional de Avia\u00e7\u00e3o Civil) que se encontra em fase de consulta p\u00fablica e que estabelece procedimentos relativos \u00e0 acessibilidade de passageiros com necessidade de assist\u00eancia especial ao transporte a\u00e9reo e d\u00e1 outras provid\u00eancias.<\/p>\n\n\n\n<h2 class=\"wp-block-heading\"><div class=\"linha-header\">Resolu\u00e7\u00f5es<\/div><\/h2>\n\n\n\n<p><a href=\"https:\/\/docs.wixstatic.com\/ugd\/50625b_b059ce74cb0e4d06a013daa9ac6fc579.pdf\" target=\"_blank\" rel=\"noreferrer noopener\">Resolu\u00e7\u00e3o 269 \/ 2001 (Anatel)<\/a>&nbsp;&#8211;&nbsp;Aprova o Regulamento de Operacionaliza\u00e7\u00e3o da Aplica\u00e7\u00e3o de Recursos do Fundo de Universaliza\u00e7\u00e3o dos Servi\u00e7os de Telecomunica\u00e7\u00f5es &#8211; FUST (Lei N\u00ba 9.998 de 17 de agosto de 2000<\/p>\n\n\n\n<p>\u200b<a href=\"https:\/\/docs.wixstatic.com\/ugd\/50625b_4a959f0687024f51b5f9e1717c8fbe19.pdf\" target=\"_blank\" rel=\"noreferrer noopener\">Resolu\u00e7\u00e3o 02\/&nbsp;2005 (Superior Tribunal de Justi\u00e7a)&nbsp;<\/a>&#8211;&nbsp;Conferir\u00e1 prioridade no julgamento dos processos cuja parte seja pessoa portadora de defici\u00eancia<\/p>\n\n\n\n<h2 class=\"wp-block-heading\"><div class=\"linha-header\">Delibera\u00e7\u00f5es Normativas<\/div><\/h2>\n\n\n\n<p><a href=\"https:\/\/docs.wixstatic.com\/ugd\/50625b_1e817c92b00b41c19408df95b6457e84.pdf\" target=\"_blank\" rel=\"noreferrer noopener\">Delibera\u00e7\u00e3o Normativa 411\/1999 (Embratur)<\/a>\u00a0&#8211;\u00a0Determina \u00e0s institui\u00e7\u00f5es financeiras oficiais e aos munic\u00edpios tur\u00edsticos ou com potencial tur\u00edstico que ao aprovar projetos destinados a constru\u00e7\u00e3o, amplia\u00e7\u00e3o e reforma de empreendimentos d\u00eaem prioridade \u00e0queles que contemplem padr\u00f5es e crit\u00e9rios que objetivem proporcionar \u00e0s pessoas portadoras de defici\u00eancia, condi\u00e7\u00f5es adequadas e seguras de recep\u00e7\u00e3o e acessibilidade aut\u00f4noma.<\/p>\n\n\n\n<h2 class=\"wp-block-heading\"><div class=\"linha-header\">Instru\u00e7\u00f5es Normativas<\/div><\/h2>\n\n\n\n<p class=\" \"><a href=\"https:\/\/docs.wixstatic.com\/ugd\/50625b_dd8cc02372914640a1298a9aee35f7ca.pdf\" target=\"_blank\" rel=\"noreferrer noopener\">Instru\u00e7\u00e3o Normativa 01 \/2003 (IPHAN)<\/a>&nbsp;&#8211;&nbsp;Disp\u00f5e sobre a acessibilidade aos bens culturais im\u00f3veis acautelados em n\u00edvel federal, e outras categorias, conforme especifica.<\/p>\n\n\n\n<p class=\" \">\u200b<a href=\"https:\/\/docs.wixstatic.com\/ugd\/50625b_7c43be03790c411e92abe95e934ebf64.pdf\" target=\"_blank\" rel=\"noreferrer noopener\">Instru\u00e7\u00e3o Normativa 01\/2005<\/a>&nbsp;&#8211;&nbsp;Da utiliza\u00e7\u00e3o dos recursos de acessibilidade para pessoas com defici\u00eancia auditiva e visual. O recurso da janela com int\u00e9rprete de Libras dever\u00e1 ser utilizado nos pronunciamentos oficiais transmitidos por interm\u00e9dio de concession\u00e1rias dos servi\u00e7os de radiodifus\u00e3o de sons e imagens, geradoras e retransmissoras da programa\u00e7\u00e3o televisiva, quando gravados previamente.<\/p>\n","protected":false},"excerpt":{"rendered":"<p>Leis Constitui\u00e7\u00e3o da Rep\u00fablica Federativa do Brasil de 1988 \u200bLei 4.169\/1962&nbsp;&#8211;&nbsp;Oficializa as conven\u00e7\u00f5es \u201cBraille\u201d para [&hellip;]<\/p>\n","protected":false},"author":418,"featured_media":0,"parent":0,"menu_order":0,"comment_status":"closed","ping_status":"closed","template":"","meta":{"footnotes":""},"class_list":["post-66","page","type-page","status-publish","hentry"],"_links":{"self":[{"href":"https:\/\/www.ct.ufpb.br\/lacesse\/wp-json\/wp\/v2\/pages\/66","targetHints":{"allow":["GET"]}}],"collection":[{"href":"https:\/\/www.ct.ufpb.br\/lacesse\/wp-json\/wp\/v2\/pages"}],"about":[{"href":"https:\/\/www.ct.ufpb.br\/lacesse\/wp-json\/wp\/v2\/types\/page"}],"author":[{"embeddable":true,"href":"https:\/\/www.ct.ufpb.br\/lacesse\/wp-json\/wp\/v2\/users\/418"}],"replies":[{"embeddable":true,"href":"https:\/\/www.ct.ufpb.br\/lacesse\/wp-json\/wp\/v2\/comments?post=66"}],"version-history":[{"count":2,"href":"https:\/\/www.ct.ufpb.br\/lacesse\/wp-json\/wp\/v2\/pages\/66\/revisions"}],"predecessor-version":[{"id":209,"href":"https:\/\/www.ct.ufpb.br\/lacesse\/wp-json\/wp\/v2\/pages\/66\/revisions\/209"}],"wp:attachment":[{"href":"https:\/\/www.ct.ufpb.br\/lacesse\/wp-json\/wp\/v2\/media?parent=66"}],"curies":[{"name":"wp","href":"https:\/\/api.w.org\/{rel}","templated":true}]}}