{"id":56,"date":"2025-10-01T15:46:43","date_gmt":"2025-10-01T18:46:43","guid":{"rendered":"https:\/\/www.ct.ufpb.br\/lacesse\/?page_id=56"},"modified":"2026-03-23T17:02:20","modified_gmt":"2026-03-23T20:02:20","slug":"dissertacoes-e-teses","status":"publish","type":"page","link":"https:\/\/www.ct.ufpb.br\/lacesse\/dissertacoes-e-teses\/","title":{"rendered":"Disserta\u00e7\u00f5es e Teses"},"content":{"rendered":"\n<h2 class=\"wp-block-heading\"><div class=\"linha-header\"><strong>T\u00edtulo da Disserta\u00e7\u00e3o:\u00a0ARQUITETURA T\u00c1TIL: Diretrizes para dispositivos tridimensionais de orienta\u00e7\u00e3o espacial<\/strong><\/div><\/h2>\n\n\n\n<p class=\" \">Eduardo Augusto Monteiro de Almeida<strong><\/strong><\/p>\n\n\n\n<p>Disserta\u00e7\u00e3o Defendida em: 2022<\/p>\n\n\n\n<h2 class=\"wp-block-heading\"><div class=\"linha-header\"><strong>T\u00edtulo da Disserta\u00e7\u00e3o:\u00a0Experi\u00eancias n\u00e3o visuais: Percep\u00e7\u00e3o de acessibilidade em\u00a0patrim\u00f4nio hist\u00f3rico na perspectiva da pessoa com defici\u00eancia visual<\/strong><\/div><\/h2>\n\n\n\n<p class=\" \">Narayana Bairros Marinho<strong><\/strong><\/p>\n\n\n\n<p>Disserta\u00e7\u00e3o Defendida em: 2020<\/p>\n\n\n\n<hr class=\"wp-block-separator has-alpha-channel-opacity\" \/>\n\n\n\n<div class=\"wp-block-media-text is-stacked-on-mobile\" style=\"grid-template-columns:31% auto\"><figure class=\"wp-block-media-text__media\"><img loading=\"lazy\" decoding=\"async\" width=\"723\" height=\"1024\" src=\"https:\/\/www.ct.ufpb.br\/lacesse\/wp-content\/uploads\/sites\/107\/sites\/375\/2026\/03\/dissertacao_hilton-capa-723x1024.jpg\" alt=\"\" class=\"wp-image-287 size-full\" srcset=\"https:\/\/www.ct.ufpb.br\/lacesse\/wp-content\/uploads\/sites\/107\/sites\/375\/2026\/03\/dissertacao_hilton-capa-723x1024.jpg 723w, https:\/\/www.ct.ufpb.br\/lacesse\/wp-content\/uploads\/sites\/107\/sites\/375\/2026\/03\/dissertacao_hilton-capa-212x300.jpg 212w, https:\/\/www.ct.ufpb.br\/lacesse\/wp-content\/uploads\/sites\/107\/sites\/375\/2026\/03\/dissertacao_hilton-capa.jpg 763w\" sizes=\"auto, (max-width: 723px) 100vw, 723px\" \/><\/figure><div class=\"wp-block-media-text__content\">\n<p><strong>T\u00edtulo da Disserta\u00e7\u00e3o:\u00a0DIMENS\u00d5ES PROJETADA, CONSTRU\u00cdDA E PERCEBIDA: REFLEX\u00d5ES SOBRE AMBIENTES ESCOLARES E ACESSIBILIDADE NO SERID\u00d3 OCIDENTAL PARAIBANO<\/strong><\/p>\n\n\n\n<p class=\"has-medium-font-size\">Hilton Messias de Souto Filho<\/p>\n\n\n\n<p class=\"has-medium-font-size\">Disserta\u00e7\u00e3o Defendida em: 2020<\/p>\n\n\n\n<p><a href=\"https:\/\/drive.google.com\/file\/d\/1gvPw9jVExctdPf2jyZBe_LSPxW6U1E0I\/view?usp=sharing\" target=\"_blank\" rel=\"noreferrer noopener\">Download<\/a><\/p>\n<\/div><\/div>\n\n\n\n<h2 class=\"wp-block-heading\"><div class=\"linha-header\">T\u00edtulo da Disserta\u00e7\u00e3o:\u00a0WAYFINDING E LEGIBILIDADE AMBIENTAL EM PARQUE URBANO: UM ESTUDO DA PERCEP\u00c7\u00c3O DE USU\u00c1RIOS IDOSOS\u00a0<\/div><\/h2>\n\n\n\n<p>Dhyego de Lima Nogueira<\/p>\n\n\n\n<p>Disserta\u00e7\u00e3o Defendida em: 2017<\/p>\n\n\n\n<p><a href=\"https:\/\/docs.wixstatic.com\/ugd\/50625b_bcf98a06c5fd44f4b2fa906e92399d60.pdf\" target=\"_blank\" rel=\"noreferrer noopener\">Download<\/a><\/p>\n\n\n\n<hr class=\"wp-block-separator has-alpha-channel-opacity\" \/>\n\n\n\n<div class=\"wp-block-media-text is-stacked-on-mobile\" style=\"grid-template-columns:36% auto\"><figure class=\"wp-block-media-text__media\"><img decoding=\"async\" src=\"https:\/\/static.wixstatic.com\/media\/50625b_150b8b3095a14f879cd7410fe7ed790a.jpg\/v1\/fill\/w_156,h_82,al_c,q_80,usm_0.66_1.00_0.01\/50625b_150b8b3095a14f879cd7410fe7ed790a.webp\" alt=\"\" \/><\/figure><div class=\"wp-block-media-text__content\">\n<p><strong>T\u00edtulo da Disserta\u00e7\u00e3o:\u00a0A PERCEP\u00c7\u00c3O ESPACIAL DE PESSOAS COM DEFICI\u00caNCIA VISUAL: ESTUDO DE CASO EM AMBIENTES DE RESTAURANTES EM\u00a0JO\u00c3O PESSOA\/PB<\/strong><\/p>\n\n\n\n<p>Mariana de Sousa Siqueira Santos<\/p>\n\n\n\n<p>Disserta\u00e7\u00e3o Defendida em: 2015<\/p>\n\n\n\n<p><a href=\"https:\/\/docs.wixstatic.com\/ugd\/50625b_abaa6dac4fcf43dabb95f8d2994d7c0e.pdf\" target=\"_blank\" rel=\"noreferrer noopener\">Download<\/a><\/p>\n<\/div><\/div>\n\n\n\n<hr class=\"wp-block-separator has-alpha-channel-opacity\" \/>\n\n\n\n<div class=\"wp-block-media-text is-stacked-on-mobile\" style=\"grid-template-columns:40% auto\"><figure class=\"wp-block-media-text__media\"><img decoding=\"async\" src=\"https:\/\/static.wixstatic.com\/media\/50625b_6ea120850ef8439abad5582906cee087.png\/v1\/fill\/w_156,h_90,al_c,q_80,usm_0.66_1.00_0.01\/50625b_6ea120850ef8439abad5582906cee087.webp\" alt=\"\" \/><\/figure><div class=\"wp-block-media-text__content\">\n<p><strong>T\u00edtulo da Disserta\u00e7\u00e3o:\u00a0INSER\u00c7\u00c3O DE ACESSIBILIDADE EM \u00c1REAS TOMBADAS: ROTEIRO TUR\u00cdSTICO PARA PEDESTRES NO CENTRO DE\u00a0JO\u00c3O PESSOA\/PB<\/strong><\/p>\n\n\n\n<p>Emanoella Bella Sarmento Salgueiro Elizi\u00e1rio Matias<\/p>\n\n\n\n<p>Disserta\u00e7\u00e3o Defendida em: 2015<\/p>\n\n\n\n<p><a href=\"https:\/\/docs.wixstatic.com\/ugd\/50625b_abaa6dac4fcf43dabb95f8d2994d7c0e.pdf\" target=\"_blank\" rel=\"noreferrer noopener\">Download<\/a><\/p>\n<\/div><\/div>\n\n\n\n<hr class=\"wp-block-separator has-alpha-channel-opacity\" \/>\n\n\n\n<div class=\"wp-block-media-text is-stacked-on-mobile\"><figure class=\"wp-block-media-text__media\"><img decoding=\"async\" src=\"https:\/\/static.wixstatic.com\/media\/50625b_18469ddca4314a329b822db2df6a0d00.jpg\/v1\/fill\/w_156,h_108,al_c,q_80,usm_0.66_1.00_0.01\/50625b_18469ddca4314a329b822db2df6a0d00.webp\" alt=\"\" \/><\/figure><div class=\"wp-block-media-text__content\">\n<p><strong>T\u00edtulo da Disserta\u00e7\u00e3o:\u00a0QUALIDADE DAS CAL\u00c7ADAS E AGENTES: UM ESTUDO DE CASO DA\u00a0AV. PRESIDENTE\u00a0EPIT\u00c1CIO\u00a0PESSOA EM JO\u00c3O PESSOA\/PB<\/strong><\/p>\n\n\n\n<p>Marjorie Maria Abreu Gomes de Farias<\/p>\n\n\n\n<p>Disserta\u00e7\u00e3o Defendida em: 2015<\/p>\n\n\n\n<p><a href=\"https:\/\/docs.wixstatic.com\/ugd\/50625b_53219b09eea1465f879c1ee02f638036.pdf\" target=\"_blank\" rel=\"noreferrer noopener\">Download<\/a><\/p>\n<\/div><\/div>\n\n\n\n<hr class=\"wp-block-separator has-alpha-channel-opacity\" \/>\n\n\n\n<div class=\"wp-block-media-text is-stacked-on-mobile\" style=\"grid-template-columns:46% auto\"><figure class=\"wp-block-media-text__media\"><img decoding=\"async\" src=\"https:\/\/static.wixstatic.com\/media\/50625b_c34bfeab64d04572ba77fefac32e29c2.png\/v1\/fill\/w_156,h_80,al_c,q_80,usm_0.66_1.00_0.01\/50625b_c34bfeab64d04572ba77fefac32e29c2.webp\" alt=\"\" \/><\/figure><div class=\"wp-block-media-text__content\">\n<p><strong>T\u00edtulo da Disserta\u00e7\u00e3o:\u00a0O POTENCIAL DA BICICLETA PARA A MELHORIA DA\u00a0MOBILIDADE URBANA: ESTUDO DE CASO DO CAMPUS I DA UFPB<\/strong><\/p>\n\n\n\n<p class=\" \">Caroline Mun\u00f5z Cevada<\/p>\n\n\n\n<p>Disserta\u00e7\u00e3o defendida em: 2015<\/p>\n\n\n\n<p><a href=\"https:\/\/docs.wixstatic.com\/ugd\/50625b_b17aca6552db40c49de5b5239591614b.pdf\" target=\"_blank\" rel=\"noreferrer noopener\">Download<\/a><\/p>\n<\/div><\/div>\n\n\n\n<hr class=\"wp-block-separator has-alpha-channel-opacity\" \/>\n\n\n\n<div class=\"wp-block-media-text is-stacked-on-mobile\"><figure class=\"wp-block-media-text__media\"><img decoding=\"async\" src=\"https:\/\/static.wixstatic.com\/media\/50625b_9e57c1ba980e4dc687c64c021ef40e0a.jpg\/v1\/fill\/w_156,h_90,al_c,q_80,usm_0.66_1.00_0.01\/50625b_9e57c1ba980e4dc687c64c021ef40e0a.webp\" alt=\"\" \/><\/figure><div class=\"wp-block-media-text__content\">\n<p><strong>T\u00edtulo da Disserta\u00e7\u00e3o:\u00a0TRANSPORTE N\u00c3O MOTORIZADO: O USO DA BICICLETA E SEU POTENCIAL NO ENTORNO DA UNIVERSIDADE FEDERAL DO AMAZONAS &#8211; UFAM<\/strong><\/p>\n\n\n\n<p class=\" \">Helen Carmen Ferreira Rebou\u00e7as Neri<\/p>\n\n\n\n<p>Disserta\u00e7\u00e3o defedida em: 2014<\/p>\n\n\n\n<p><a href=\"https:\/\/docs.wixstatic.com\/ugd\/50625b_f4afa702aa8f44f0986e627961856431.pdf\" target=\"_blank\" rel=\"noreferrer noopener\">Download<\/a><\/p>\n<\/div><\/div>\n\n\n\n<hr class=\"wp-block-separator has-alpha-channel-opacity\" \/>\n\n\n\n<div class=\"wp-block-media-text is-stacked-on-mobile\" style=\"grid-template-columns:51% auto\"><figure class=\"wp-block-media-text__media\"><img decoding=\"async\" src=\"https:\/\/static.wixstatic.com\/media\/50625b_3e738cc108484cf786af1aabfb9d6383.png\/v1\/fill\/w_156,h_90,al_c,q_80,usm_0.66_1.00_0.01\/50625b_3e738cc108484cf786af1aabfb9d6383.webp\" alt=\"\" \/><\/figure><div class=\"wp-block-media-text__content\">\n<p><strong>T\u00edtulo da Disserta\u00e7\u00e3o:\u00a0ACESSIBILIDADE F\u00cdSICO-ESPACIAL\u00a0EM HOSPITAL P\u00daBLICO NA PERCEP\u00c7\u00c3O DO USU\u00c1RIO COM DEFICI\u00caNCIA: ESTUDO DE CASO EM JO\u00c3O PESSOA-PB<\/strong><\/p>\n\n\n\n<p class=\" \">Larissa Scarano Pereira Matos da Silva<\/p>\n\n\n\n<p>Disserta\u00e7\u00e3o defedida em: 2014<\/p>\n\n\n\n<p><a href=\"https:\/\/docs.wixstatic.com\/ugd\/50625b_d886409cde7d41ca92eef6f60d96e8c5.pdf\" target=\"_blank\" rel=\"noreferrer noopener\">Download<\/a><\/p>\n<\/div><\/div>\n\n\n\n<hr class=\"wp-block-separator has-alpha-channel-opacity\" \/>\n\n\n\n<div class=\"wp-block-media-text is-stacked-on-mobile\"><figure class=\"wp-block-media-text__media\"><img decoding=\"async\" src=\"https:\/\/static.wixstatic.com\/media\/50625b_668d94078ebc4409971864219d759536.jpg\/v1\/fill\/w_156,h_98,al_c,q_80,usm_0.66_1.00_0.01\/50625b_668d94078ebc4409971864219d759536.webp\" alt=\"\" \/><\/figure><div class=\"wp-block-media-text__content\">\n<p><strong>T\u00edtulo da Disserta\u00e7\u00e3o:\u00a0ACESSIBILIDADE EM SISTEMA DE CIRCULA\u00c7\u00c3O DE PEDESTRE: AVALIA\u00c7\u00c3O DO CAMPUS I DA UFPB<\/strong><\/p>\n\n\n\n<p class=\" \">Bruna Ramalho Sarmento&nbsp;<\/p>\n\n\n\n<p>Disserta\u00e7\u00e3o defedida em: 2012<\/p>\n\n\n\n<p><a href=\"https:\/\/docs.wixstatic.com\/ugd\/50625b_45a82c861ccc404ca224a4c8971a226a.pdf\" target=\"_blank\" rel=\"noreferrer noopener\">Download<\/a><\/p>\n<\/div><\/div>\n\n\n\n<hr class=\"wp-block-separator has-alpha-channel-opacity\" \/>\n\n\n\n<div class=\"wp-block-media-text is-stacked-on-mobile\"><figure class=\"wp-block-media-text__media\"><img decoding=\"async\" src=\"https:\/\/static.wixstatic.com\/media\/50625b_0e1373902fb748f8b809a3ed40a1a931.png\/v1\/fill\/w_156,h_100,al_c,q_80,usm_0.66_1.00_0.01\/50625b_0e1373902fb748f8b809a3ed40a1a931.webp\" alt=\"\" \/><\/figure><div class=\"wp-block-media-text__content\">\n<p><strong>T\u00edtulo da Disserta\u00e7\u00e3o:\u00a0ACESSIBILIDADE F\u00cdSICA DO IDOSO AO ESPA\u00c7O P\u00daBLICO: ESTUDO E PROPOSI\u00c7\u00d5ES PROJETUAIS EM JO\u00c3O PESSOA-PB<\/strong><\/p>\n\n\n\n<p class=\" \">Marcella Viana Portela de Oliveira Cunha&nbsp;&nbsp;<\/p>\n\n\n\n<p>Disserta\u00e7\u00e3o defedida em: 2011<\/p>\n\n\n\n<p><a href=\"https:\/\/docs.wixstatic.com\/ugd\/50625b_04ed39e687c64f11961f904bc24c671b.pdf\" target=\"_blank\" rel=\"noreferrer noopener\">Download<\/a><\/p>\n<\/div><\/div>\n\n\n\n<hr class=\"wp-block-separator has-alpha-channel-opacity\" \/>\n\n\n\n<h2 class=\"wp-block-heading\"><div class=\"linha-header\">Trabalhos defendidos em outros programas<\/div><\/h2>\n\n\n\n<h3 class=\"wp-block-heading\">T\u00edtulo da Tese:\u00a0TR\u00caS : Ferramenta para auxiliar fases inicias de projeto com base em sistemas sensoriais, princ\u00edpios de usabilidade e desenho universal<\/h3>\n\n\n\n<p>Renato Fonseca Livramento da Silva&nbsp;<\/p>\n\n\n\n<p>Tese defendida em: 2020<\/p>\n\n\n\n<hr class=\"wp-block-separator has-alpha-channel-opacity\" \/>\n\n\n\n<div class=\"wp-block-media-text is-stacked-on-mobile is-image-fill-element has-medium-font-size\" style=\"grid-template-columns:59% auto\"><figure class=\"wp-block-media-text__media\"><img decoding=\"async\" src=\"https:\/\/static.wixstatic.com\/media\/50625b_c135a37e60934983b4b9a2532319d53f~mv2.png\/v1\/crop\/x_0,y_135,w_789,h_425\/fill\/w_156,h_84,al_c,q_80,usm_0.66_1.00_0.01\/capa%20tese%20BRUNA.webp\" alt=\"capa tese BRUNA.png\" style=\"object-position:89% 50%\" \/><\/figure><div class=\"wp-block-media-text__content\">\n<p><strong>T\u00edtulo da Tese:\u00a0A QUALIDADE AMBIENTAL DE ESPA\u00c7OS LIVRES EM CAMPI: UM ESTUDO NA UFPB E UFRN SOB A \u00d3TICA DA AVALIA\u00c7\u00c3O P\u00d3S-OCUPA\u00c7\u00c3O<\/strong><\/p>\n\n\n\n<p class=\" \">Bruna Ramalho Sarmento<\/p>\n\n\n\n<p>Tese Defendida em: 2017<\/p>\n\n\n\n<p><a href=\"https:\/\/repositorio.ufrn.br\/jspui\/handle\/123456789\/24130\" target=\"_blank\" rel=\"noreferrer noopener\">Download<\/a><\/p>\n<\/div><\/div>\n\n\n\n<hr class=\"wp-block-separator has-alpha-channel-opacity\" \/>\n\n\n\n<h3 class=\"wp-block-heading\">T\u00edtulo da Disserta\u00e7\u00e3o:&nbsp;CONCRETO AUTO-ADENS\u00c1VEL UTILIZANDO RES\u00cdDUOS DE CAULIM<\/h3>\n\n\n\n<p>Marcelo Andrade Diniz<\/p>\n\n\n\n<p>Disserta\u00e7\u00e3o Defendida em: 2010<\/p>\n\n\n\n<p><a href=\"http:\/\/plone.ufpb.br\/lacesse\/contents\/documentos\/dissertacoes-e-teses\/concreto-auto-adensavel-utilizando-residuos-de-caulim.pdf\">\u00a0Download<\/a><\/p>\n\n\n\n<h3 class=\"wp-block-heading\">T\u00edtulo da Disserta\u00e7\u00e3o:&nbsp;DESIGN&nbsp;DE PRODUTO INTEGRADO AO PROJETO URBANO: AVALIA\u00c7\u00c3O DO PROJETO DE TECNOLOGIA ASSISTIVA &#8220;BENGALA LONGA ELETR\u00d4NICA&#8221; E SUA CONTRIBUI\u00c7\u00c3O PARA A INCLUS\u00c3O DO DEFICIENTE VISUAL EM ESPA\u00c7O URBANO ABERTO<\/h3>\n\n\n\n<p>Renato Fonseca Livramento da Silva<\/p>\n\n\n\n<p>Disserta\u00e7\u00e3o Defendida em: 2009<\/p>\n\n\n\n<p><a href=\"http:\/\/plone.ufpb.br\/lacesse\/contents\/documentos\/dissertacoes-e-teses\/design-de-produto-integrado-ao-projeto-urbano-avaliacao-do-projeto-de-tecnologia-assistiva-bengala-longa-eletronica-e-sua-contribuicao-para-a-inclusao-do-deficiente-visual-em-espaco-urbano-aberto.pdf\">Download<\/a><\/p>\n\n\n\n<p><\/p>\n","protected":false},"excerpt":{"rendered":"<p>T\u00edtulo da Disserta\u00e7\u00e3o:\u00a0ARQUITETURA T\u00c1TIL: Diretrizes para dispositivos tridimensionais de orienta\u00e7\u00e3o espacial Eduardo Augusto Monteiro de [&hellip;]<\/p>\n","protected":false},"author":418,"featured_media":0,"parent":0,"menu_order":0,"comment_status":"closed","ping_status":"closed","template":"","meta":{"footnotes":""},"class_list":["post-56","page","type-page","status-publish","hentry"],"_links":{"self":[{"href":"https:\/\/www.ct.ufpb.br\/lacesse\/wp-json\/wp\/v2\/pages\/56","targetHints":{"allow":["GET"]}}],"collection":[{"href":"https:\/\/www.ct.ufpb.br\/lacesse\/wp-json\/wp\/v2\/pages"}],"about":[{"href":"https:\/\/www.ct.ufpb.br\/lacesse\/wp-json\/wp\/v2\/types\/page"}],"author":[{"embeddable":true,"href":"https:\/\/www.ct.ufpb.br\/lacesse\/wp-json\/wp\/v2\/users\/418"}],"replies":[{"embeddable":true,"href":"https:\/\/www.ct.ufpb.br\/lacesse\/wp-json\/wp\/v2\/comments?post=56"}],"version-history":[{"count":9,"href":"https:\/\/www.ct.ufpb.br\/lacesse\/wp-json\/wp\/v2\/pages\/56\/revisions"}],"predecessor-version":[{"id":302,"href":"https:\/\/www.ct.ufpb.br\/lacesse\/wp-json\/wp\/v2\/pages\/56\/revisions\/302"}],"wp:attachment":[{"href":"https:\/\/www.ct.ufpb.br\/lacesse\/wp-json\/wp\/v2\/media?parent=56"}],"curies":[{"name":"wp","href":"https:\/\/api.w.org\/{rel}","templated":true}]}}