{"id":54,"date":"2025-10-01T15:46:22","date_gmt":"2025-10-01T18:46:22","guid":{"rendered":"https:\/\/www.ct.ufpb.br\/lacesse\/?page_id=54"},"modified":"2026-04-29T17:16:41","modified_gmt":"2026-04-29T20:16:41","slug":"capitulos-de-livros","status":"publish","type":"page","link":"https:\/\/www.ct.ufpb.br\/lacesse\/capitulos-de-livros\/","title":{"rendered":"Cap\u00edtulos de livros"},"content":{"rendered":"\n<div class=\"wp-block-media-text is-stacked-on-mobile\" style=\"grid-template-columns:23% auto\"><figure class=\"wp-block-media-text__media\"><img loading=\"lazy\" decoding=\"async\" width=\"819\" height=\"1024\" src=\"https:\/\/www.ct.ufpb.br\/lacesse\/wp-content\/uploads\/sites\/107\/sites\/375\/2026\/04\/ABERGO-819x1024.png\" alt=\"\" class=\"wp-image-421 size-full\" srcset=\"https:\/\/www.ct.ufpb.br\/lacesse\/wp-content\/uploads\/sites\/107\/sites\/375\/2026\/04\/ABERGO-819x1024.png 819w, https:\/\/www.ct.ufpb.br\/lacesse\/wp-content\/uploads\/sites\/107\/sites\/375\/2026\/04\/ABERGO-240x300.png 240w, https:\/\/www.ct.ufpb.br\/lacesse\/wp-content\/uploads\/sites\/107\/sites\/375\/2026\/04\/ABERGO-768x960.png 768w, https:\/\/www.ct.ufpb.br\/lacesse\/wp-content\/uploads\/sites\/107\/sites\/375\/2026\/04\/ABERGO.png 1080w\" sizes=\"auto, (max-width: 819px) 100vw, 819px\" \/><\/figure><div class=\"wp-block-media-text__content\">\n<p><strong>T\u00edtulo do Cap\u00edtulo: SOBRE LUZ E PEDRAS NO CAMINHO UNIVERSIT\u00c1RIO: UM LUGAR ACESS\u00cdVEL TAMB\u00c9M PARA O CADEIRANTE?<\/strong> <\/p>\n\n\n\n<p>Publicado em: 2026 DIVERSIDADE NO MUNDO DO TRABALHO CASOS PARA ENSINO (1\u00aaedi\u00e7\u00e3o)<\/p>\n<\/div><\/div>\n\n\n\n<div class=\"wp-block-media-text is-stacked-on-mobile\" style=\"grid-template-columns:23% auto\"><figure class=\"wp-block-media-text__media\"><img decoding=\"async\" src=\"https:\/\/static.wixstatic.com\/media\/50625b_e33998790f3744a6a9a4bb648949e753~mv2.jpeg\/v1\/fill\/w_72,h_110,al_c,q_80,usm_0.66_1.00_0.01\/unop%204.webp\" alt=\"unop 4.jpeg\" \/><\/figure><div class=\"wp-block-media-text__content\">\n<p><strong>T\u00edtulo do Cap\u00edtulo:&nbsp; &nbsp;O PAPEL DA INTERDISCIPLINARIEDADE NA AVALIA\u00c7\u00c3O DA ACESSIBILIDADE EM AMBIENTE P\u00daBLICO URBANO<\/strong><\/p>\n\n\n\n<p><strong>T\u00edtulo do Cap\u00edtulo:&nbsp; &nbsp;ESTA\u00c7\u00c3O ACAD\u00caMICA: UM NOVO EQUIPAMENTO PARA A COMUNIDADE ACAD\u00caMICA DA UFPB<\/strong><\/p>\n\n\n\n<p>Publicados em: 2018&nbsp; &nbsp; UM NOVO OLHAR PARA O PROJETO: A ERGONOMIA NO AMBIENTE CONSTRU\u00cdDO&nbsp;(vol. 4)<\/p>\n<\/div><\/div>\n\n\n\n<hr class=\"wp-block-separator has-alpha-channel-opacity\" \/>\n\n\n\n<div class=\"wp-block-media-text is-stacked-on-mobile\" style=\"grid-template-columns:18% auto\"><figure class=\"wp-block-media-text__media\"><img decoding=\"async\" src=\"https:\/\/static.wixstatic.com\/media\/50625b_246001e289984da7a9e96b192c35c704~mv2.jpeg\/v1\/fill\/w_72,h_110,al_c,q_80,usm_0.66_1.00_0.01\/INCLUS%C3%83O.webp\" alt=\"INCLUS\u00c3O.jpeg\" \/><\/figure><div class=\"wp-block-media-text__content\">\n<p><strong>T\u00edtulo do Cap\u00edtulo:&nbsp; &nbsp;O DESAFIO DE PENSAR A ACESSIBILIDADE NO AMBIENTE UNIVERSIT\u00c1RIO: O PERCURSO DO GRUPO DE TRABALHO DE ACESSIBILIDADE ARQUITET\u00d4NICA<\/strong>&nbsp;<\/p>\n\n\n\n<p>Publicado em: 2018&nbsp;INCLUS\u00c3O: DO DISCURSO \u00c0S PR\u00c1TICAS EDUCACIONAIS<\/p>\n<\/div><\/div>\n\n\n\n<hr class=\"wp-block-separator has-alpha-channel-opacity\" \/>\n\n\n\n<div class=\"wp-block-media-text is-stacked-on-mobile\" style=\"grid-template-columns:18% auto\"><figure class=\"wp-block-media-text__media\"><img decoding=\"async\" src=\"https:\/\/static.wixstatic.com\/media\/50625b_93b88ab7c5c843868087fc7e7da784de~mv2.png\/v1\/crop\/x_39,y_0,w_643,h_1040\/fill\/w_68,h_110,al_c,q_80,usm_0.66_1.00_0.01\/50625b_93b88ab7c5c843868087fc7e7da784de~mv2.webp\" alt=\"\" \/><\/figure><div class=\"wp-block-media-text__content\">\n<p><strong>T\u00edtulo do Cap\u00edtulo: TECJogos: OUTRA FORMA DE ENSINAR E APRENDER SOBRER TECNOLOGIA DA ARQUITETURA<\/strong><\/p>\n\n\n\n<p>Publicado em: 2018&nbsp; VIII PROJETAR 2018<\/p>\n<\/div><\/div>\n\n\n\n<hr class=\"wp-block-separator has-alpha-channel-opacity\" \/>\n\n\n\n<div class=\"wp-block-media-text is-stacked-on-mobile\" style=\"grid-template-columns:18% auto\"><figure class=\"wp-block-media-text__media\"><img decoding=\"async\" src=\"https:\/\/static.wixstatic.com\/media\/50625b_418128138f89439e9664cdf8cad2e878~mv2.png\/v1\/crop\/x_39,y_0,w_643,h_1040\/fill\/w_69,h_110,al_c,q_80,usm_0.66_1.00_0.01\/50625b_418128138f89439e9664cdf8cad2e878~mv2.webp\" alt=\"\" \/><\/figure><div class=\"wp-block-media-text__content\">\n<p><strong>T\u00edtulo do Cap\u00edtulo:&nbsp;ESPA\u00c7OS TUR\u00cdSTICOS ACESS\u00cdVEIS E SEU POTENCIAL PARA O P\u00daBLICO IDOSO: UM OLHAR SOBRE A \u201cBICA\u201d EM JO\u00c3O PESSOA\/PB<\/strong><\/p>\n\n\n\n<p>Publicado em: 2018&nbsp; TURISMO E HOTELARIA NO CONTEXTO DA ACESSIBILIDADE (vol.1)<\/p>\n<\/div><\/div>\n\n\n\n<hr class=\"wp-block-separator has-alpha-channel-opacity\" \/>\n\n\n\n<div class=\"wp-block-media-text is-stacked-on-mobile\" style=\"grid-template-columns:18% auto\"><figure class=\"wp-block-media-text__media\"><img decoding=\"async\" src=\"https:\/\/static.wixstatic.com\/media\/50625b_dcd2f0bf15cb4a30a614f3ca1d0a0d40~mv2.jpg\/v1\/fill\/w_68,h_110,al_c,q_80,usm_0.66_1.00_0.01\/50625b_dcd2f0bf15cb4a30a614f3ca1d0a0d40~mv2.webp\" alt=\"\" \/><\/figure><div class=\"wp-block-media-text__content\">\n<p><strong>T\u00edtulo do Cap\u00edtulo:&nbsp; &nbsp;ESPA\u00c7OS LIVRES P\u00daBLICOS E CIRCULA\u00c7\u00c3O URBANA: CONSIDERA\u00c7\u00d5ES SOBRE O USO DA BICICLETA EM AMBIENTES UNIVERSIT\u00c1RIOS<\/strong><\/p>\n\n\n\n<p>Publicado em: 2017&nbsp; &nbsp; &nbsp;&nbsp;MEIO AMBIENTE: GEST\u00c3O E SUSTENTABILIDADE (vol. 1)<\/p>\n<\/div><\/div>\n\n\n\n<hr class=\"wp-block-separator has-alpha-channel-opacity\" \/>\n\n\n\n<div class=\"wp-block-media-text is-stacked-on-mobile\" style=\"grid-template-columns:18% auto\"><figure class=\"wp-block-media-text__media\"><img decoding=\"async\" src=\"https:\/\/static.wixstatic.com\/media\/50625b_28c419e8eacb4a24bc1f06e38992d33d~mv2.jpg\/v1\/fill\/w_71,h_108,al_c,q_80,usm_0.66_1.00_0.01\/50625b_28c419e8eacb4a24bc1f06e38992d33d~mv2.webp\" alt=\"\" \/><\/figure><div class=\"wp-block-media-text__content\">\n<p><strong>T\u00edtulo do Cap\u00edtulo:&nbsp;&nbsp; &nbsp; O PAPEL DO SISTEMA DE ESPA\u00c7OS LIVRES PARA A QUALIDADE DE VIDA EM CAMPUS UNIVERSIT\u00c1RIO: UM ESTUDO NO CAMPUS I DA UFPB<\/strong><\/p>\n\n\n\n<p>Publicado em: 2016 &nbsp; &nbsp;QUALIDADE DE VIDA DA CIDADE: LUGARES E SUAS INTERFACES INTRAURBANAS (vol. 1)<\/p>\n<\/div><\/div>\n\n\n\n<hr class=\"wp-block-separator has-alpha-channel-opacity\" \/>\n\n\n\n<div class=\"wp-block-media-text is-stacked-on-mobile\" style=\"grid-template-columns:18% auto\"><figure class=\"wp-block-media-text__media\"><img decoding=\"async\" src=\"https:\/\/static.wixstatic.com\/media\/50625b_3f683ec2e12f4e4dbdcdf8a17c891d69~mv2.jpg\/v1\/fill\/w_71,h_100,al_c,q_80,usm_0.66_1.00_0.01\/50625b_3f683ec2e12f4e4dbdcdf8a17c891d69~mv2.webp\" alt=\"\" \/><\/figure><div class=\"wp-block-media-text__content\">\n<p><strong>T\u00edtulo do Cap\u00edtulo:&nbsp;&nbsp; &nbsp;A IMPORT\u00c2NCIA DA SINALIZA\u00c7\u00c3O NA APREENS\u00c3O DO ESPA\u00c7O LIVRE&nbsp;PUBLICO: ESTUDO DE CASO SOBRE A PERCEP\u00c7\u00c3O DO PEDESTRE NO CENTRO HIST\u00d3RICO DE JO\u00c3O PESSOA &#8211; PB<\/strong><\/p>\n\n\n\n<p>Publicado em: 2016 &nbsp;&nbsp;ESPA\u00c7OS LIVRES P\u00daBLICOS: LUGARES E SUAS INTERFACES INTRAURBANAS (vol. 1)<\/p>\n<\/div><\/div>\n\n\n\n<hr class=\"wp-block-separator has-alpha-channel-opacity\" \/>\n\n\n\n<div class=\"wp-block-media-text is-stacked-on-mobile\" style=\"grid-template-columns:18% auto\"><figure class=\"wp-block-media-text__media\"><img decoding=\"async\" src=\"https:\/\/static.wixstatic.com\/media\/50625b_a4c0bbf81c2e42c78e67a8c34d211a06~mv2.png\/v1\/fill\/w_68,h_110,al_c,q_80,usm_0.66_1.00_0.01\/50625b_a4c0bbf81c2e42c78e67a8c34d211a06~mv2.webp\" alt=\"\" \/><\/figure><div class=\"wp-block-media-text__content\">\n<p><strong>T\u00edtulo do Cap\u00edtulo:&nbsp; &nbsp;RESGATANDO A HABITABILIDADE LOCAL: INSER\u00c7\u00c3O DE ROTA ACESS\u00cdVEL EM CENTRO&nbsp;HIST\u00d3RICO<\/strong><\/p>\n\n\n\n<p>Publicado em: 2016&nbsp; &nbsp; &nbsp; UM NOVO OLHAR PARA O PROJETO: A ERGONOMIA NO AMBIENTE CONSTRU\u00cdDO (vol. 3)<\/p>\n<\/div><\/div>\n\n\n\n<hr class=\"wp-block-separator has-alpha-channel-opacity\" \/>\n\n\n\n<div class=\"wp-block-media-text is-stacked-on-mobile\" style=\"grid-template-columns:18% auto\"><figure class=\"wp-block-media-text__media\"><img decoding=\"async\" src=\"https:\/\/static.wixstatic.com\/media\/50625b_37680d3893a64213ad179541527d21b6.jpeg\/v1\/fill\/w_72,h_108,al_c,q_80,usm_0.66_1.00_0.01\/50625b_37680d3893a64213ad179541527d21b6.webp\" alt=\"\" \/><\/figure><div class=\"wp-block-media-text__content\">\n<p><strong>T\u00edtulo do Cap\u00edtulo:&nbsp; &nbsp;CONSTRU\u00c7\u00c3O DO TRECHO PILOTO DE ROTA ACESS\u00cdVEL NA UFPB: A EXPERI\u00caNCIA DE UMA OBRA DE ACESSIBILIDADE<\/strong><\/p>\n\n\n\n<p>Publicado em: 2014&nbsp; &nbsp; UM NOVO OLHAR PARA O PROJETO: A ERGONOMIA NO AMBIENTE CONSTRU\u00cdDO&nbsp;(vol. 2)<\/p>\n<\/div><\/div>\n\n\n\n<hr class=\"wp-block-separator has-alpha-channel-opacity\" \/>\n\n\n\n<div class=\"wp-block-media-text is-stacked-on-mobile\" style=\"grid-template-columns:25% auto\"><figure class=\"wp-block-media-text__media\"><img decoding=\"async\" src=\"https:\/\/static.wixstatic.com\/media\/50625b_e9c4a1220da946ca915a960115c4ca61.jpg\/v1\/fill\/w_71,h_90,al_c,q_80,usm_0.66_1.00_0.01\/50625b_e9c4a1220da946ca915a960115c4ca61.webp\" alt=\"\" \/><\/figure><div class=\"wp-block-media-text__content\">\n<p><strong>T\u00edtulo do Cap\u00edtulo:&nbsp; &nbsp;&nbsp; &nbsp;DISCUTINDO O LUGAR DO PEDESTRE NAS ESTRUTURAS DE CIRCULA\u00c7\u00c3O URBANA<\/strong><\/p>\n\n\n\n<h3 class=\"wp-block-heading\">\u200bT\u00edtulo do Cap\u00edtulo:&nbsp; &nbsp;&nbsp; &nbsp;ENVELHECIMENTO E AJUSTES URBANOS<\/h3>\n\n\n\n<p>\u200b<strong>T\u00edtulo do Cap\u00edtulo:&nbsp; &nbsp;&nbsp; &nbsp;CIDADES UNIVERSIT\u00c1RIAS: EM BUSCA DE MODELOS ACESS\u00cdVEIS<\/strong><\/p>\n\n\n\n<p class=\" \">Publicados em: 2013 &nbsp; &nbsp;ACESSIBILIDADE NO AMBIENTE CONSTRU\u00cdDO: QUEST\u00d5ES CONTEMPOR\u00c2NEAS (vol.&nbsp;1)<\/p>\n\n\n\n<p>Republicados em: 2014 &nbsp; &nbsp;ACESSIBILIDADE NO AMBIENTE CONSTRU\u00cdDO: QUEST\u00d5ES CONTEMPOR\u00c2NEAS (vol.&nbsp;2)<\/p>\n<\/div><\/div>\n\n\n\n<hr class=\"wp-block-separator has-alpha-channel-opacity\" \/>\n\n\n\n<div class=\"wp-block-media-text is-stacked-on-mobile\" style=\"grid-template-columns:25% auto\"><figure class=\"wp-block-media-text__media\"><img decoding=\"async\" src=\"https:\/\/static.wixstatic.com\/media\/50625b_55dd3c1399704240b71382cfc5b80131.jpeg\/v1\/fill\/w_71,h_98,al_c,q_80,usm_0.66_1.00_0.01\/50625b_55dd3c1399704240b71382cfc5b80131.webp\" alt=\"\" \/><\/figure><div class=\"wp-block-media-text__content\">\n<p class=\" \">Publicados em: 2013 &nbsp; &nbsp;ACESSIBILIDADE NO AMBIENTE CONSTRU\u00cdDO: QUEST\u00d5ES CONTEMPOR\u00c2NEAS (vol.&nbsp;1)<\/p>\n\n\n\n<p>Republicados em: 2014 &nbsp; &nbsp;ACESSIBILIDADE NO AMBIENTE CONSTRU\u00cdDO: QUEST\u00d5ES CONTEMPOR\u00c2NEAS (vol.&nbsp;2)<\/p>\n<\/div><\/div>\n\n\n\n<p><\/p>\n","protected":false},"excerpt":{"rendered":"<p>T\u00edtulo do Cap\u00edtulo: SOBRE LUZ E PEDRAS NO CAMINHO UNIVERSIT\u00c1RIO: UM LUGAR ACESS\u00cdVEL TAMB\u00c9M PARA [&hellip;]<\/p>\n","protected":false},"author":418,"featured_media":0,"parent":0,"menu_order":0,"comment_status":"closed","ping_status":"closed","template":"","meta":{"footnotes":""},"class_list":["post-54","page","type-page","status-publish","hentry"],"_links":{"self":[{"href":"https:\/\/www.ct.ufpb.br\/lacesse\/wp-json\/wp\/v2\/pages\/54","targetHints":{"allow":["GET"]}}],"collection":[{"href":"https:\/\/www.ct.ufpb.br\/lacesse\/wp-json\/wp\/v2\/pages"}],"about":[{"href":"https:\/\/www.ct.ufpb.br\/lacesse\/wp-json\/wp\/v2\/types\/page"}],"author":[{"embeddable":true,"href":"https:\/\/www.ct.ufpb.br\/lacesse\/wp-json\/wp\/v2\/users\/418"}],"replies":[{"embeddable":true,"href":"https:\/\/www.ct.ufpb.br\/lacesse\/wp-json\/wp\/v2\/comments?post=54"}],"version-history":[{"count":5,"href":"https:\/\/www.ct.ufpb.br\/lacesse\/wp-json\/wp\/v2\/pages\/54\/revisions"}],"predecessor-version":[{"id":424,"href":"https:\/\/www.ct.ufpb.br\/lacesse\/wp-json\/wp\/v2\/pages\/54\/revisions\/424"}],"wp:attachment":[{"href":"https:\/\/www.ct.ufpb.br\/lacesse\/wp-json\/wp\/v2\/media?parent=54"}],"curies":[{"name":"wp","href":"https:\/\/api.w.org\/{rel}","templated":true}]}}