{"id":44,"date":"2025-10-01T15:44:33","date_gmt":"2025-10-01T18:44:33","guid":{"rendered":"https:\/\/www.ct.ufpb.br\/lacesse\/?page_id=44"},"modified":"2026-03-23T13:42:26","modified_gmt":"2026-03-23T16:42:26","slug":"pos-graduacao","status":"publish","type":"page","link":"https:\/\/www.ct.ufpb.br\/lacesse\/pos-graduacao\/","title":{"rendered":"P\u00f3s-Gradua\u00e7\u00e3o"},"content":{"rendered":"\n<h2 class=\"wp-block-heading has-text-color has-link-color wp-elements-1\" style=\"color:#1c3658\"><div class=\"linha-header\">Em andamento<strong> <\/strong><\/div><\/h2>\n\n\n\n<h2 class=\"wp-block-heading has-text-color has-link-color wp-elements-2\" style=\"color:#1c3658\"><div class=\"linha-header\">Eduardo Augusto Monteiro de Almeida<\/div><\/h2>\n\n\n\n<p class=\"wp-block-paragraph\">Doutorando bolsista PPGAU<\/p>\n\n\n\n<h2 class=\"wp-block-heading has-text-color has-link-color wp-elements-3\" style=\"color:#1c3658\"><div class=\"linha-header\">\u2060Hylana D\u00e1vyla de Medeiros Leandro<\/div><\/h2>\n\n\n\n<p class=\"wp-block-paragraph\">Mestranda bolsista PPGAU<\/p>\n\n\n\n<h2 class=\"wp-block-heading has-text-color has-link-color wp-elements-4\" style=\"color:#1c3658\"><div class=\"linha-header\">Isaura Cardoso Brand\u00e3o<\/div><\/h2>\n\n\n\n<p class=\"wp-block-paragraph\">Mestranda bolsista PPGAU<\/p>\n\n\n\n<h2 class=\"wp-block-heading has-text-color has-link-color wp-elements-5\" style=\"color:#1c3658\"><div class=\"linha-header\">Juliana Kelle da Silveira <\/div><\/h2>\n\n\n\n<p class=\"wp-block-paragraph\">Mestranda bolsista PPGAU<\/p>\n\n\n\n<h2 class=\"wp-block-heading has-text-color has-link-color wp-elements-6\" style=\"color:#1c3658\"><div class=\"linha-header\">Ano: 2022 <\/div><\/h2>\n\n\n\n<p class=\"wp-block-paragraph\">Sheila Rodrigues de Albuquerque<\/p>\n\n\n\n<p class=\"wp-block-paragraph\">Helen Karine Gomes Dantas<\/p>\n\n\n\n<p class=\"wp-block-paragraph\">Isaura Cavalcanti Brand\u00e3o Neta<\/p>\n\n\n\n<p class=\"wp-block-paragraph\">Eduardo Augusto Monteiro de Almeida<\/p>\n\n\n\n<p class=\"wp-block-paragraph\">Ana Cristina Claudino de Melo<\/p>\n\n\n\n<p class=\"wp-block-paragraph\">Imara Ang\u00e9lica Mac\u00eado Duarte<\/p>\n\n\n\n<p class=\"wp-block-paragraph\">Diogo Gomes Pereira Batista<\/p>\n\n\n\n<h2 class=\"wp-block-heading has-text-color has-link-color wp-elements-7\" style=\"color:#1c3658\"><div class=\"linha-header\">Ano: 2020 <\/div><\/h2>\n\n\n\n<p class=\"wp-block-paragraph\">Hilton Messias de Souto Filho<\/p>\n\n\n\n<p class=\"wp-block-paragraph\">Narayana Barrios Marinho<\/p>\n\n\n\n<p class=\"wp-block-paragraph\">Renato Fonseca Livramento da Silva<\/p>\n\n\n\n<h2 class=\"wp-block-heading has-text-color has-link-color wp-elements-8\" style=\"color:#1c3658\"><div class=\"linha-header\">Ano: 2016<\/div><\/h2>\n\n\n\n<p class=\"wp-block-paragraph\">Dhyego de Lima Nogueira<\/p>\n\n\n\n<h2 class=\"wp-block-heading has-text-color has-link-color wp-elements-9\" style=\"color:#1c3658\"><div class=\"linha-header\">Ano: 2015<\/div><\/h2>\n\n\n\n<p class=\"wp-block-paragraph\">Caroline Mu\u00f1oz Cevada<\/p>\n\n\n\n<p class=\"wp-block-paragraph\">Dhyego de Lima Nogueira<\/p>\n\n\n\n<p class=\"wp-block-paragraph\">Emanoella Bella Sarmento Salgueiro Eliz\u00e1rio Matias<\/p>\n\n\n\n<p class=\"wp-block-paragraph\">Mariana de Sousa Siqueira Santos<\/p>\n\n\n\n<p class=\"wp-block-paragraph\">Marjorie Maria de Abreu Gomes<\/p>\n\n\n\n<h2 class=\"wp-block-heading has-text-color has-link-color wp-elements-10\" style=\"color:#1c3658\"><div class=\"linha-header\">Ano: 2014<\/div><\/h2>\n\n\n\n<p class=\"wp-block-paragraph\">Caroline Mu\u00f1oz Cevada<\/p>\n\n\n\n<p class=\"wp-block-paragraph\">Helen Carmem Ferreira Rebou\u00e7as<\/p>\n\n\n\n<p class=\"wp-block-paragraph\">Emanoella Bella Sarmento Salgueiro Eliz\u00e1rio Matias<\/p>\n\n\n\n<p class=\"wp-block-paragraph\">Mariana de Sousa Siqueira Santos<\/p>\n\n\n\n<p class=\"wp-block-paragraph\">Larissa Scarano Pereira Matos da Silva<\/p>\n\n\n\n<p class=\"wp-block-paragraph\">Marjorie Maria de Abreu Gomes<\/p>\n\n\n\n<h2 class=\"wp-block-heading has-text-color has-link-color wp-elements-11\" style=\"color:#1c3658\"><div class=\"linha-header\">Ano: 2013<\/div><\/h2>\n\n\n\n<p class=\"wp-block-paragraph\">Caroline Mu\u00f1oz Cevada<\/p>\n\n\n\n<p class=\"wp-block-paragraph\">Helen Carmem Ferreira Rebou\u00e7as<\/p>\n\n\n\n<p class=\"wp-block-paragraph\">Larissa Scarano Pereira Matos da Silva<\/p>\n\n\n\n<p class=\"wp-block-paragraph\"><\/p>\n","protected":false},"excerpt":{"rendered":"<p>Em andamento Eduardo Augusto Monteiro de Almeida Doutorando bolsista PPGAU \u2060Hylana D\u00e1vyla de Medeiros Leandro [&hellip;]<\/p>\n","protected":false},"author":418,"featured_media":0,"parent":0,"menu_order":0,"comment_status":"closed","ping_status":"closed","template":"","meta":{"footnotes":""},"class_list":["post-44","page","type-page","status-publish","hentry"],"_links":{"self":[{"href":"https:\/\/www.ct.ufpb.br\/lacesse\/wp-json\/wp\/v2\/pages\/44","targetHints":{"allow":["GET"]}}],"collection":[{"href":"https:\/\/www.ct.ufpb.br\/lacesse\/wp-json\/wp\/v2\/pages"}],"about":[{"href":"https:\/\/www.ct.ufpb.br\/lacesse\/wp-json\/wp\/v2\/types\/page"}],"author":[{"embeddable":true,"href":"https:\/\/www.ct.ufpb.br\/lacesse\/wp-json\/wp\/v2\/users\/418"}],"replies":[{"embeddable":true,"href":"https:\/\/www.ct.ufpb.br\/lacesse\/wp-json\/wp\/v2\/comments?post=44"}],"version-history":[{"count":7,"href":"https:\/\/www.ct.ufpb.br\/lacesse\/wp-json\/wp\/v2\/pages\/44\/revisions"}],"predecessor-version":[{"id":265,"href":"https:\/\/www.ct.ufpb.br\/lacesse\/wp-json\/wp\/v2\/pages\/44\/revisions\/265"}],"wp:attachment":[{"href":"https:\/\/www.ct.ufpb.br\/lacesse\/wp-json\/wp\/v2\/media?parent=44"}],"curies":[{"name":"wp","href":"https:\/\/api.w.org\/{rel}","templated":true}]}}