{"id":42,"date":"2025-10-01T15:44:09","date_gmt":"2025-10-01T18:44:09","guid":{"rendered":"https:\/\/www.ct.ufpb.br\/lacesse\/?page_id=42"},"modified":"2026-04-29T15:00:42","modified_gmt":"2026-04-29T18:00:42","slug":"graduacao","status":"publish","type":"page","link":"https:\/\/www.ct.ufpb.br\/lacesse\/graduacao\/","title":{"rendered":"Gradua\u00e7\u00e3o"},"content":{"rendered":"\n<h2 class=\"wp-block-heading has-text-color has-link-color wp-elements-4d1b25f10496274735cc9a2b378306cb\" style=\"color:#24395c\"><div class=\"linha-header\">Em andamento<\/div><\/h2>\n\n\n\n<h2 class=\"wp-block-heading has-text-color has-link-color wp-elements-5f9b720e5470f1b44d3f538582ee4a68\" style=\"color:#24395c\"><div class=\"linha-header\"><a href=\"https:\/\/lattes.cnpq.br\/0416348123883856\">Camila Carla Brito de Lima<\/a><\/div><\/h2>\n\n\n\n<p>Extensionista bolsista PROBEX<\/p>\n\n\n\n<h2 class=\"wp-block-heading has-text-color has-link-color wp-elements-06f490597afdfb7b0efeb1d1548df4aa\" style=\"color:#24395c\"><div class=\"linha-header\"><a href=\"https:\/\/lattes.cnpq.br\/7176218502995590\">Maria Alice Soares Mendes<\/a><\/div><\/h2>\n\n\n\n<p>Extensionista volunt\u00e1ria PROBEX<\/p>\n\n\n\n<h2 class=\"wp-block-heading has-text-color has-link-color wp-elements-1379d8f4b965dad3c6e73a4819a9e43a\" style=\"color:#24395c\"><div class=\"linha-header\"><a href=\"https:\/\/lattes.cnpq.br\/5962464068906319\">Maria Aline Soares Mendes<\/a><\/div><\/h2>\n\n\n\n<p>Extensionista volunt\u00e1ria PROBEX<\/p>\n\n\n\n<h2 class=\"wp-block-heading has-text-color has-link-color wp-elements-a2494f1af2806cd2c2358e6e80c96ee6\" style=\"color:#24395c\"><div class=\"linha-header\">N\u00edvea Maria Queiroz Leite<\/div><\/h2>\n\n\n\n<p>Estagio II (Volunt\u00e1ria)<\/p>\n\n\n\n<h2 class=\"wp-block-heading has-text-color has-link-color wp-elements-123bfe927e58fdc250c0bf2eb4fc903c\" style=\"color:#24395c\"><div class=\"linha-header\">K\u00e1ssia Lorenna do Amaral Azevedo<\/div><\/h2>\n\n\n\n<p>Estagio II (Volunt\u00e1ria)<\/p>\n\n\n\n<h2 class=\"wp-block-heading has-text-color has-link-color wp-elements-7f42123afe278cfa78220e0725d98569\" style=\"color:#24395c\"><div class=\"linha-header\">Taiza Rodrigues de Paiva<\/div><\/h2>\n\n\n\n<p>Estagi\u00e1ria bolsista do Lacesse pelo CIA<\/p>\n\n\n\n<h2 class=\"wp-block-heading has-text-color has-link-color wp-elements-8e645c784a221123dca5aa86d10c1ad9\" style=\"color:#24395c\"><div class=\"linha-header\">Ano: 2025<\/div><\/h2>\n\n\n\n<h2 class=\"wp-block-heading has-text-color has-link-color wp-elements-bcaddadbd3481b65a1137ab459108118\" style=\"color:#24395c\"><div class=\"linha-header\"><strong>Bolsistas<\/strong><\/div><\/h2>\n\n\n\n<p>Niedja da Silva Martins (PROBEX)<\/p>\n\n\n\n<p>Camila Carla Brito de Lima (PROBEX)<\/p>\n\n\n\n<p>Barbara Isadora Giannattasio Garcia&nbsp; (Est\u00e1gio Curricular N\u00e3o Obrigat\u00f3rio\/ CIA)<\/p>\n\n\n\n<p>Taiza Rodrigues de Paiva (Est\u00e1gio Curricular N\u00e3o Obrigat\u00f3rio\/ CIA)<\/p>\n\n\n\n<h2 class=\"wp-block-heading has-text-color has-link-color wp-elements-9d377ca34482b9d53876279c50d562ab\" style=\"color:#24395c\"><div class=\"linha-header\">Volunt\u00e1rio<\/div><\/h2>\n\n\n\n<p>Allynne Karen Porto Fonseca (PROBEX)<\/p>\n\n\n\n<p>Maria Alice Soares Mendes (PROBEX)&nbsp;<\/p>\n\n\n\n<p>Maria Aline Soares Mendes (PROBEX)&nbsp;<\/p>\n\n\n\n<p>N\u00edvea Maria Queiroz Leite (Est\u00e1gio Curricular Obrigat\u00f3rio\/ CCAU)&nbsp;&nbsp;&nbsp;<\/p>\n\n\n\n<p>K\u00e1ssia Lorenna do Amaral Azevedo (Est\u00e1gio Curricular Obrigat\u00f3rio\/ CCAU)&nbsp;&nbsp;&nbsp;<\/p>\n\n\n\n<p>Taiza Rodrigues de Paiva (Est\u00e1gio Curricular Obrigat\u00f3rio\/ CCAU)<\/p>\n\n\n\n<h2 class=\"wp-block-heading has-text-color has-link-color wp-elements-de054c2e2bdf01ed28f1713c9473ee57\" style=\"color:#24395c\"><div class=\"linha-header\">Ano: 2024<\/div><\/h2>\n\n\n\n<h2 class=\"wp-block-heading has-text-color has-link-color wp-elements-88bb15add5a2711b495462f1c60a1365\" style=\"color:#24395c\"><div class=\"linha-header\">Bolsistas<\/div><\/h2>\n\n\n\n<p>Allynne Karen Porto Fonseca (PROBEX)<\/p>\n\n\n\n<h2 class=\"wp-block-heading has-text-color has-link-color wp-elements-336fad6a6cc5a3bbc96ce3b82429295d\" style=\"color:#24395c\"><div class=\"linha-header\">Estagi\u00e1rios<\/div><\/h2>\n\n\n\n<p>Anderson Guedes Dantas (Est\u00e1gio Curricular N\u00e3o Obrigat\u00f3rio \/ CIA)<\/p>\n\n\n\n<p>Bruno Henrique Vitorino Maciel (Est\u00e1gio Curricular N\u00e3o Obrigat\u00f3rio \/ CIA)<\/p>\n\n\n\n<p>Vitoria de Lima Chagas da Silva (Est\u00e1gio Curricular N\u00e3o Obrigat\u00f3rio\/ CIA-CAfe)<\/p>\n\n\n\n<p>Barbara Isadora Giannattasio Garcia&nbsp; (Est\u00e1gio Curricular N\u00e3o Obrigat\u00f3rio\/ CIA)<\/p>\n\n\n\n<p>Raiany Da Silva Santos (Est\u00e1gio Curricular N\u00e3o Obrigat\u00f3rio\/ CIA)<\/p>\n\n\n\n<h2 class=\"wp-block-heading has-text-color has-link-color wp-elements-7facba61b3e4e12a157e639a9b0a2d62\" style=\"color:#24395c\"><div class=\"linha-header\">Volunt\u00e1rios<\/div><\/h2>\n\n\n\n<p>Allynne Karen Porto Fonseca (Est\u00e1gio Curricular Obrigat\u00f3rio\/ CCAU)&nbsp;&nbsp;&nbsp;<\/p>\n\n\n\n<p>Barbara Isadora Giannattasio Garcia (Est\u00e1gio Curricular Obrigat\u00f3rio\/ CCAU)&nbsp;&nbsp;&nbsp;<\/p>\n\n\n\n<p>Barbara Isadora Giannattasio Garcia&nbsp; (PROBEX)<\/p>\n\n\n\n<p>Niedja da Silva Martins (PROBEX)<\/p>\n\n\n\n<p>Raiany Da Silva Santos (Est\u00e1gio Curricular Obrigat\u00f3rio\/ CCAU)<\/p>\n\n\n\n<h2 class=\"wp-block-heading has-text-color has-link-color wp-elements-419cd848fa1859fda81709aba0250060\" style=\"color:#24395c\"><div class=\"linha-header\">Ano: 2023<\/div><\/h2>\n\n\n\n<h2 class=\"wp-block-heading has-text-color has-link-color wp-elements-88bb15add5a2711b495462f1c60a1365\" style=\"color:#24395c\"><div class=\"linha-header\">Bolsistas<\/div><\/h2>\n\n\n\n<p>Jarbas Matheus Ribeiro da Silva (PROBEX)<\/p>\n\n\n\n<p>Allynne Karen Porto Fonseca (PROBEX)<\/p>\n\n\n\n<h2 class=\"wp-block-heading has-text-color has-link-color wp-elements-336fad6a6cc5a3bbc96ce3b82429295d\" style=\"color:#24395c\"><div class=\"linha-header\">Estagi\u00e1rios<\/div><\/h2>\n\n\n\n<p>Daniel Braz Barcellos (Est\u00e1gio Curricular N\u00e3o Obrigat\u00f3rio\/ CIA)<\/p>\n\n\n\n<p>Anderson Guedes Dantas (Est\u00e1gio Curricular N\u00e3o Obrigat\u00f3rio \/ CIA)<\/p>\n\n\n\n<p>Bruno Henrique Vitorino Maciel (Est\u00e1gio Curricular N\u00e3o Obrigat\u00f3rio \/ CIA)<\/p>\n\n\n\n<p>Vitoria de Lima Chagas Da Silva (Est\u00e1gio Curricular N\u00e3o Obrigat\u00f3rio\/ CIA-CAfe)<\/p>\n\n\n\n<h2 class=\"wp-block-heading has-text-color has-link-color wp-elements-7facba61b3e4e12a157e639a9b0a2d62\" style=\"color:#24395c\"><div class=\"linha-header\">Volunt\u00e1rios<\/div><\/h2>\n\n\n\n<p>Allynne Karen Porto Fonseca (Est\u00e1gio Curricular Obrigat\u00f3rio\/ CCAU)&nbsp;&nbsp;&nbsp;<\/p>\n\n\n\n<p>Ana Beatriz Mota Barbalho (Est\u00e1gio Curricular Obrigat\u00f3rio \/ CCAU)&nbsp;&nbsp;&nbsp;<\/p>\n\n\n\n<p>Barbara Isadora Giannattasio Garcia (Est\u00e1gio Curricular Obrigat\u00f3rio \/ CCAU)&nbsp;&nbsp;&nbsp;<\/p>\n\n\n\n<p>Bruno Henrique Vitorino Maciel (PROBEX)<\/p>\n\n\n\n<p>Barbara Isadora Giannattasio Garcia (PROBEX)<\/p>\n\n\n\n<h2 class=\"wp-block-heading has-text-color has-link-color wp-elements-0bc6436804235358234e4635508a8618\" style=\"color:#24395c\"><div class=\"linha-header\">Ano: 2022<\/div><\/h2>\n\n\n\n<h2 class=\"wp-block-heading has-text-color has-link-color wp-elements-88bb15add5a2711b495462f1c60a1365\" style=\"color:#24395c\"><div class=\"linha-header\">Bolsistas<\/div><\/h2>\n\n\n\n<p>D\u00e1vyla de Medeiros Leandro (PIBIC)<\/p>\n\n\n\n<p>Hylana Medeiros (PIBIC)<\/p>\n\n\n\n<p>Jarbas Matheus Ribeiro da Silva (PROBEX)<\/p>\n\n\n\n<p>Terezinha Tais da Silva (Bolsista PROBEX)<\/p>\n\n\n\n<h2 class=\"wp-block-heading has-text-color has-link-color wp-elements-336fad6a6cc5a3bbc96ce3b82429295d\" style=\"color:#24395c\"><div class=\"linha-header\">Estagi\u00e1rios<\/div><\/h2>\n\n\n\n<p class=\" \">Daniel Braz Barcellos&nbsp; (GT-AA\/CIA)<\/p>\n\n\n\n<p class=\" \">Francisco Edinardo Barroso Alves Junior (LACESSE\/CIA)<\/p>\n\n\n\n<h2 class=\"wp-block-heading has-text-color has-link-color wp-elements-7facba61b3e4e12a157e639a9b0a2d62\" style=\"color:#24395c\"><div class=\"linha-header\">Volunt\u00e1rios<\/div><\/h2>\n\n\n\n<p>Bruno Henrique Vitorino Maciel (PROBEX)<\/p>\n\n\n\n<p>Sara Da Gra\u00e7a Fernandes Da Silva (PROBEX)<\/p>\n\n\n\n<p>Thamires Moreira de Lima (PROBEX)<\/p>\n\n\n\n<p>Thamires Moreira De Lima (Est\u00e1gio Curricular Obrigat\u00f3rio\/ CCAU)&nbsp;<\/p>\n\n\n\n<h2 class=\"wp-block-heading has-text-color has-link-color wp-elements-3b0ed14c60b3a3f9792f893e140be3e6\" style=\"color:#24395c\"><div class=\"linha-header\">Ano: 2021<\/div><\/h2>\n\n\n\n<h2 class=\"wp-block-heading has-text-color has-link-color wp-elements-336fad6a6cc5a3bbc96ce3b82429295d\" style=\"color:#24395c\"><div class=\"linha-header\">Estagi\u00e1rios<\/div><\/h2>\n\n\n\n<p>Terezinha Ta\u00eds da Silva&nbsp; (PROBEX)<\/p>\n\n\n\n<p>Raissa Kellly Ferreira (PROBEX)<\/p>\n\n\n\n<h2 class=\"wp-block-heading has-text-color has-link-color wp-elements-336fad6a6cc5a3bbc96ce3b82429295d\" style=\"color:#24395c\"><div class=\"linha-header\">Estagi\u00e1rios<\/div><\/h2>\n\n\n\n<p>Maria Clara Ferreira de Melo&nbsp;(LACESSE)<\/p>\n\n\n\n<p>Francisco Edinardo Barroso Alves Junior&nbsp; (CIA\/LACESSE)<\/p>\n\n\n\n<p>Daniel Braz Barcellos&nbsp; (GT-AA)<\/p>\n\n\n\n<h2 class=\"wp-block-heading has-text-color has-link-color wp-elements-7facba61b3e4e12a157e639a9b0a2d62\" style=\"color:#24395c\"><div class=\"linha-header\">Volunt\u00e1rios<\/div><\/h2>\n\n\n\n<p>Sara da Gra\u00e7a Fernandes da Silva (PROBEX)<\/p>\n\n\n\n<h2 class=\"wp-block-heading has-text-color has-link-color wp-elements-b67ac47fca613d028dade2b3111c8b50\" style=\"color:#24395c\"><div class=\"linha-header\">Apoio<\/div><\/h2>\n\n\n\n<p class=\" \">Kennedy Enio da Silveira<\/p>\n\n\n\n<p class=\" \">Mariana de Sousa Siqueira Santos<\/p>\n\n\n\n<p class=\" \">Matheus Pontes Virg\u00ednio<\/p>\n\n\n\n<h2 class=\"wp-block-heading has-text-color has-link-color wp-elements-6a5c90ad7553f728d1dc5e6949a5d121\" style=\"color:#24395c\"><div class=\"linha-header\">Ano: 2020<\/div><\/h2>\n\n\n\n<h2 class=\"wp-block-heading has-text-color has-link-color wp-elements-88bb15add5a2711b495462f1c60a1365\" style=\"color:#24395c\"><div class=\"linha-header\">Bolsistas<\/div><\/h2>\n\n\n\n<p class=\" \">L\u00edvia Oliveira Pereira (PIBIC)<\/p>\n\n\n\n<p class=\" \">Terezinha Tais da Silva&nbsp;(PROBEX)<\/p>\n\n\n\n<p class=\" \">Yasmin Silva da N\u00f3brega&nbsp;(CIA)<\/p>\n\n\n\n<p class=\" \">Carolina dos Santos Pacheco&nbsp;(CIA)<\/p>\n\n\n\n<h2 class=\"wp-block-heading has-text-color has-link-color wp-elements-336fad6a6cc5a3bbc96ce3b82429295d\" style=\"color:#24395c\"><div class=\"linha-header\">Estagi\u00e1rios<\/div><\/h2>\n\n\n\n<p>Maria Clara Ferreira de Melo<\/p>\n\n\n\n<h2 class=\"wp-block-heading has-text-color has-link-color wp-elements-7facba61b3e4e12a157e639a9b0a2d62\" style=\"color:#24395c\"><div class=\"linha-header\">Volunt\u00e1rios<\/div><\/h2>\n\n\n\n<p>Ana Beatriz Gomes de Andrade Laureano&nbsp;(PROBEX)<\/p>\n\n\n\n<p>Matheus Pontes Virginio&nbsp;(PROBEX)<\/p>\n\n\n\n<h2 class=\"wp-block-heading has-text-color has-link-color wp-elements-c6da3d41d5c5e34a4e016e83d82622ea\" style=\"color:#24395c\"><div class=\"linha-header\">Ano: 2029<\/div><\/h2>\n\n\n\n<h2 class=\"wp-block-heading has-text-color has-link-color wp-elements-88bb15add5a2711b495462f1c60a1365\" style=\"color:#24395c\"><div class=\"linha-header\">Bolsistas<\/div><\/h2>\n\n\n\n<p class=\" \">L\u00edvia Oliveira Pereira (PIBIC)<\/p>\n\n\n\n<p class=\" \">Marina Monteiro Resende&nbsp;(PIBIC)<\/p>\n\n\n\n<p class=\" \">Abra\u00e3o Pinto de Oliveira N\u00f3brega&nbsp;(PROBEX)<\/p>\n\n\n\n<p class=\" \">Yasmin Silva da N\u00f3brega&nbsp;(CIA)<\/p>\n\n\n\n<p class=\" \">Carolina dos Santos Pacheco&nbsp;(CIA)<\/p>\n\n\n\n<h2 class=\"wp-block-heading has-text-color has-link-color wp-elements-336fad6a6cc5a3bbc96ce3b82429295d\" style=\"color:#24395c\"><div class=\"linha-header\">Estagi\u00e1rios<\/div><\/h2>\n\n\n\n<p class=\" \">Matheus Pontes Virginio<\/p>\n\n\n\n<p class=\" \">Dayane de Melo Almeida<\/p>\n\n\n\n<h2 class=\"wp-block-heading has-text-color has-link-color wp-elements-a815af24cfeb36d9a8a2bd31e4742b80\" style=\"color:#24395c\"><div class=\"linha-header\">Ano: 2018<\/div><\/h2>\n\n\n\n<h2 class=\"wp-block-heading has-text-color has-link-color wp-elements-88bb15add5a2711b495462f1c60a1365\" style=\"color:#24395c\"><div class=\"linha-header\">Bolsistas<\/div><\/h2>\n\n\n\n<p class=\" \">Bianca Pach\u00eaco dos Santos (PIBIC)<\/p>\n\n\n\n<p class=\" \">Am\u00e9rica de Oliveira&nbsp;Santos&nbsp;(PIBIC)<\/p>\n\n\n\n<p class=\" \">Maria Carolina Santos Vieira (PROBEX)<\/p>\n\n\n\n<p class=\" \"><a href=\"http:\/\/buscatextual.cnpq.br\/buscatextual\/visualizacv.do?id=K4608740T3\" rel=\"noreferrer noopener\" target=\"_blank\">Mayara Ellen de Mac\u00eado Cordeiro (CIA)<\/a><\/p>\n\n\n\n<p class=\" \"><a href=\"http:\/\/buscatextual.cnpq.br\/buscatextual\/visualizacv.do?id=K8454337P3\" rel=\"noreferrer noopener\" target=\"_blank\">Mirella Fran\u00e7a Nunes Vitorino (CIA)<\/a><\/p>\n\n\n\n<h2 class=\"wp-block-heading has-text-color has-link-color wp-elements-336fad6a6cc5a3bbc96ce3b82429295d\" style=\"color:#24395c\"><div class=\"linha-header\">Estagi\u00e1rios<\/div><\/h2>\n\n\n\n<p>Eduardo Augusto Monteiro de Almeida<\/p>\n\n\n\n<p>Dandara Souza Silva<\/p>\n\n\n\n<h2 class=\"wp-block-heading has-text-color has-link-color wp-elements-7facba61b3e4e12a157e639a9b0a2d62\" style=\"color:#24395c\"><div class=\"linha-header\">Volunt\u00e1rios<\/div><\/h2>\n\n\n\n<p>Abra\u00e3o Pinto de Oliveira N\u00f3brega (PROBEX)<\/p>\n\n\n\n<h2 class=\"wp-block-heading has-text-color has-link-color wp-elements-d5aaff3bd79ffc6005438498838c6564\" style=\"color:#24395c\"><div class=\"linha-header\">Ano 2017<\/div><\/h2>\n\n\n\n<h2 class=\"wp-block-heading has-text-color has-link-color wp-elements-88bb15add5a2711b495462f1c60a1365\" style=\"color:#24395c\"><div class=\"linha-header\">Bolsistas<\/div><\/h2>\n\n\n\n<p class=\" \"><a href=\"http:\/\/buscatextual.cnpq.br\/buscatextual\/visualizacv.do?id=K4608740T3\" rel=\"noreferrer noopener\" target=\"_blank\">Iury P\u00e9rcio Lemos Bonif\u00e1cio (PROBEX)<\/a><\/p>\n\n\n\n<p class=\" \"><a href=\"http:\/\/buscatextual.cnpq.br\/buscatextual\/visualizacv.do?id=K8454337P3\" rel=\"noreferrer noopener\" target=\"_blank\">Mirella Fran\u00e7a Nunes Vitorino (CIA)<\/a><\/p>\n\n\n\n<h2 class=\"wp-block-heading has-text-color has-link-color wp-elements-336fad6a6cc5a3bbc96ce3b82429295d\" style=\"color:#24395c\"><div class=\"linha-header\">Estagi\u00e1rios<\/div><\/h2>\n\n\n\n<p class=\" \">Eduardo Augusto Monteiro de Almeida<\/p>\n\n\n\n<p class=\" \">Mirna Souza Linhares&nbsp;<\/p>\n\n\n\n<h2 class=\"wp-block-heading has-text-color has-link-color wp-elements-9989b73d6c4648a1691682edd1ba3036\" style=\"color:#24395c\"><div class=\"linha-header\">Ano: 2016<\/div><\/h2>\n\n\n\n<h2 class=\"wp-block-heading\"><div class=\"linha-header\">Bolsistas<\/div><\/h2>\n\n\n\n<p class=\" \"><a href=\"http:\/\/buscatextual.cnpq.br\/buscatextual\/visualizacv.do?id=K8141110E5\" rel=\"noreferrer noopener\" target=\"_blank\">Camila Correia de Oliveira (PIBIC)<\/a><\/p>\n\n\n\n<p class=\" \"><a href=\"http:\/\/buscatextual.cnpq.br\/buscatextual\/visualizacv.do?id=K4608740T3\" rel=\"noreferrer noopener\" target=\"_blank\">Eduardo Augusto Monteiro de Almeida (PROBEX)<\/a><\/p>\n\n\n\n<p class=\" \"><a href=\"http:\/\/buscatextual.cnpq.br\/buscatextual\/visualizacv.do?id=K8454337P3\" rel=\"noreferrer noopener\" target=\"_blank\">Jos\u00e9 Rodolfo da Silva Santana (CIA)<\/a><\/p>\n\n\n\n<p class=\" \"><a href=\"http:\/\/buscatextual.cnpq.br\/buscatextual\/visualizacv.do?id=K8984021Y5\" rel=\"noreferrer noopener\" target=\"_blank\">Rodrigo dos Santos Laurentino (CIA)<\/a><\/p>\n\n\n\n<h2 class=\"wp-block-heading has-text-color has-link-color wp-elements-336fad6a6cc5a3bbc96ce3b82429295d\" style=\"color:#24395c\"><div class=\"linha-header\">Estagi\u00e1rios<\/div><\/h2>\n\n\n\n<p class=\" \">Camila Campos Fernandes<\/p>\n\n\n\n<p class=\" \">Igor Chagas Dantas<\/p>\n\n\n\n<p class=\" \"><a href=\"http:\/\/buscatextual.cnpq.br\/buscatextual\/visualizacv.do?id=K4450942P2\" rel=\"noreferrer noopener\" target=\"_blank\">\u200bVin\u00edcius Torres<\/a><\/p>\n\n\n\n<h2 class=\"wp-block-heading has-text-color has-link-color wp-elements-7facba61b3e4e12a157e639a9b0a2d62\" style=\"color:#24395c\"><div class=\"linha-header\">Volunt\u00e1rios<\/div><\/h2>\n\n\n\n<p class=\" \"><a href=\"http:\/\/lattes.cnpq.br\/9216478957499819\" rel=\"noreferrer noopener\" target=\"_blank\">Aryan Francisco Azevedo Silva<\/a><\/p>\n\n\n\n<p class=\" \"><a href=\"http:\/\/buscatextual.cnpq.br\/buscatextual\/visualizacv.do?id=K4826088J1\" rel=\"noreferrer noopener\" target=\"_blank\">Haendel Lopes Virgulino de Medeiros<\/a><\/p>\n\n\n\n<h2 class=\"wp-block-heading has-text-color has-link-color wp-elements-0d218efe5bbf17d208b283d298d23a7f\" style=\"color:#24395c\"><div class=\"linha-header\">Ano: 2015<\/div><\/h2>\n\n\n\n<h2 class=\"wp-block-heading has-text-color has-link-color wp-elements-88bb15add5a2711b495462f1c60a1365\" style=\"color:#24395c\"><div class=\"linha-header\">Bolsistas<\/div><\/h2>\n\n\n\n<p class=\" \"><a href=\"http:\/\/buscatextual.cnpq.br\/buscatextual\/visualizacv.do?id=K8114877H4\" rel=\"noreferrer noopener\" target=\"_blank\">Alan Gomes Trindade Galdino Silva (PIBIC)<\/a><\/p>\n\n\n\n<p class=\" \"><a href=\"http:\/\/lattes.cnpq.br\/9216478957499819\" rel=\"noreferrer noopener\" target=\"_blank\">Aryan Francisco Azevedo Silva (PROBEX)<\/a><\/p>\n\n\n\n<p class=\" \"><a href=\"http:\/\/buscatextual.cnpq.br\/buscatextual\/visualizacv.do?id=K8532842A8\" rel=\"noreferrer noopener\" target=\"_blank\">\u00c9vila Cristiane Araruna (CIA)<\/a><\/p>\n\n\n\n<p class=\" \"><a href=\"http:\/\/buscatextual.cnpq.br\/buscatextual\/visualizacv.do?id=K4826088J1\" rel=\"noreferrer noopener\" target=\"_blank\">Haendel Lopes Virgulino de Medeiros (PROEXT)<\/a><\/p>\n\n\n\n<p class=\" \"><a href=\"http:\/\/lattes.cnpq.br\/3823806707147550\" rel=\"noreferrer noopener\" target=\"_blank\">Rodrigo dos Santos Laurentino (CIA)<\/a><\/p>\n\n\n\n<h2 class=\"wp-block-heading has-text-color has-link-color wp-elements-ffb74c5eda34f4cdaed8d9fbbfab03e2\" style=\"color:#24395c\"><div class=\"linha-header\">\u200b\u200bEstagi\u00e1rios<\/div><\/h2>\n\n\n\n<p class=\" \"><a href=\"http:\/\/buscatextual.cnpq.br\/buscatextual\/visualizacv.do?id=K8141110E5\" rel=\"noreferrer noopener\" target=\"_blank\">Camila Correia de Oliveira<\/a><\/p>\n\n\n\n<p class=\" \">Igor Chagas Dantas<\/p>\n\n\n\n<h2 class=\"wp-block-heading has-text-color has-link-color wp-elements-7facba61b3e4e12a157e639a9b0a2d62\" style=\"color:#24395c\"><div class=\"linha-header\">Volunt\u00e1rios<\/div><\/h2>\n\n\n\n<p class=\" \"><a href=\"http:\/\/buscatextual.cnpq.br\/buscatextual\/visualizacv.do?id=K4898816P4\" rel=\"noreferrer noopener\" target=\"_blank\">Camila Furtado de Figueiredo<\/a><\/p>\n\n\n\n<p class=\" \"><a href=\"http:\/\/buscatextual.cnpq.br\/buscatextual\/visualizacv.do?id=K4432541Y7\" rel=\"noreferrer noopener\" target=\"_blank\">Dhyego de Lima Nogueira<\/a><\/p>\n\n\n\n<h2 class=\"wp-block-heading has-text-color has-link-color wp-elements-ed5ec7653c745b3e00482b60ef6cb116\" style=\"color:#24395c\"><div class=\"linha-header\">Ano: 2014<\/div><\/h2>\n\n\n\n<p><a href=\"http:\/\/buscatextual.cnpq.br\/buscatextual\/visualizacv.do?id=K8114877H4\" target=\"_blank\" rel=\"noreferrer noopener\">Alan Gomes Trindade Galdino Silva (PIBIC)<\/a><\/p>\n\n\n\n<p class=\" \"><a href=\"http:\/\/buscatextual.cnpq.br\/buscatextual\/visualizacv.do?id=K8131716U6\" rel=\"noreferrer noopener\" target=\"_blank\">Alex Borba Lira Dantas (PROEXT\/Lacesse)<\/a><\/p>\n\n\n\n<p class=\" \"><a href=\"http:\/\/buscatextual.cnpq.br\/buscatextual\/visualizacv.do?id=K8141110E5\" rel=\"noreferrer noopener\" target=\"_blank\">Camila Correia de Oliveira (CIA)<\/a><\/p>\n\n\n\n<p class=\" \"><a href=\"http:\/\/buscatextual.cnpq.br\/buscatextual\/visualizacv.do?id=K4362021A6\" rel=\"noreferrer noopener\" target=\"_blank\">Evellen Martins de Oliveira (PROEXT\/Lavita)<\/a><\/p>\n\n\n\n<p class=\" \"><a href=\"http:\/\/buscatextual.cnpq.br\/buscatextual\/visualizacv.do?id=K4300799U6\" rel=\"noreferrer noopener\" target=\"_blank\">Francisca Amanda Vieira Queiroga (PROEXT\/Lacesse)<\/a><\/p>\n\n\n\n<p class=\" \"><a href=\"http:\/\/buscatextual.cnpq.br\/buscatextual\/visualizacv.do?id=K8748030J2\" rel=\"noreferrer noopener\" target=\"_blank\">Leandro Ismael de Azevedo Lacerda&nbsp;<\/a><\/p>\n\n\n\n<p class=\" \"><a href=\"http:\/\/buscatextual.cnpq.br\/buscatextual\/visualizacv.do?id=K8131716P0\" rel=\"noreferrer noopener\" target=\"_blank\">Maria Regina Neri Batista (PROEXT Lavita e Lacesse)&nbsp;<\/a><\/p>\n\n\n\n<p class=\" \"><a href=\"http:\/\/buscatextual.cnpq.br\/buscatextual\/visualizacv.do?id=K4921106H0\" rel=\"noreferrer noopener\" target=\"_blank\">Ra\u00edssa dos Santos Negreiros (PIBIC)&nbsp;<\/a><\/p>\n\n\n\n<p><a href=\"http:\/\/lattes.cnpq.br\/3823806707147550\" rel=\"noreferrer noopener\" target=\"_blank\">Rodrigo dos Santos Laurentino (CIA)<\/a><\/p>\n\n\n\n<h2 class=\"wp-block-heading has-text-color has-link-color wp-elements-4deefc018dfd74c28d5b2c8aba5480ab\" style=\"color:#24395c\"><div class=\"linha-header\">\u200bEstagi\u00e1rios<\/div><\/h2>\n\n\n\n<p class=\" \"><a href=\"http:\/\/buscatextual.cnpq.br\/buscatextual\/visualizacv.do?id=K4808215Y8\" rel=\"noreferrer noopener\" target=\"_blank\">Edvar Soares de Lavor Neto<\/a><\/p>\n\n\n\n<p class=\" \"><a href=\"http:\/\/buscatextual.cnpq.br\/buscatextual\/visualizacv.do?id=K8532842A8\" rel=\"noreferrer noopener\" target=\"_blank\">\u00c9vila Cristiane Araruna<\/a><\/p>\n\n\n\n<p class=\" \">Savina Brito de Farias<\/p>\n\n\n\n<h2 class=\"wp-block-heading has-text-color has-link-color wp-elements-7facba61b3e4e12a157e639a9b0a2d62\" style=\"color:#24395c\"><div class=\"linha-header\">Volunt\u00e1rios<\/div><\/h2>\n\n\n\n<p class=\" \">Babbien Veloso de Souza<\/p>\n\n\n\n<p class=\" \"><a href=\"http:\/\/buscatextual.cnpq.br\/buscatextual\/visualizacv.do?id=K8131430T6\" target=\"_blank\" rel=\"noreferrer noopener\">Hannah Beatriz Vasconcelos Japyassu (Volunt\u00e1ria PROEXT LAVITA)<\/a><\/p>\n\n\n\n<p class=\" \"><a href=\"http:\/\/buscatextual.cnpq.br\/buscatextual\/visualizacv.do?id=K4432794U4\" rel=\"noreferrer noopener\" target=\"_blank\">Larissa Scarano Pereira Matos da Silva<\/a><\/p>\n\n\n\n<p class=\" \"><a href=\"http:\/\/buscatextual.cnpq.br\/buscatextual\/visualizacv.do?id=K4480876H6\" rel=\"noreferrer noopener\" target=\"_blank\">Nayara dos Santos Lemos<\/a><\/p>\n\n\n\n<p class=\" \"><a href=\"http:\/\/buscatextual.cnpq.br\/buscatextual\/visualizacv.do?id=K8170546H9\" rel=\"noreferrer noopener\" target=\"_blank\">Rafael D&#8217;Oliveira Miguel (Volunt\u00e1rio PROEXT LACESSE)<\/a><\/p>\n\n\n\n<h2 class=\"wp-block-heading has-text-color has-link-color wp-elements-5d977f7d411c488e165034acc5215bd7\" style=\"color:#24395c\"><div class=\"linha-header\">Ano: 2013<\/div><\/h2>\n\n\n\n<h2 class=\"wp-block-heading has-text-color has-link-color wp-elements-6e102d1c46aeb002eb1b02530d38159d\" style=\"color:#24395c\"><div class=\"linha-header\">\u200bBolsistas<\/div><\/h2>\n\n\n\n<p class=\" \">Amaralyna Diniz Cordeiro de Barros (CIA)<\/p>\n\n\n\n<p class=\" \">Angela L\u00facia Braz de Melo (PIBIC)<\/p>\n\n\n\n<p class=\" \"><a href=\"http:\/\/buscatextual.cnpq.br\/buscatextual\/visualizacv.do?id=K4808215Y8\" rel=\"noreferrer noopener\" target=\"_blank\">Edvar Soares de Lavor Neto (CIA)<\/a><\/p>\n\n\n\n<p class=\" \"><a href=\"http:\/\/buscatextual.cnpq.br\/buscatextual\/visualizacv.do?id=K4300799U6\" rel=\"noreferrer noopener\" target=\"_blank\">Francisca Amanda Vieira Queiroga (CIA)<\/a><\/p>\n\n\n\n<p class=\" \"><a href=\"http:\/\/buscatextual.cnpq.br\/buscatextual\/visualizacv.do?id=K4826088J1\" rel=\"noreferrer noopener\" target=\"_blank\">Haendel Lopes Virgulino de Medeiros (PROEXT)<\/a><\/p>\n\n\n\n<p class=\" \">Polyanna Galv\u00e3o Gondin (PROEXT)<\/p>\n\n\n\n<p class=\" \"><a href=\"http:\/\/buscatextual.cnpq.br\/buscatextual\/visualizacv.do?id=K4921106H0\" rel=\"noreferrer noopener\" target=\"_blank\">Ra\u00edssa dos Santos Negreiros&nbsp;<\/a><\/p>\n\n\n\n<p class=\" \"><a href=\"http:\/\/buscatextual.cnpq.br\/buscatextual\/visualizacv.do?id=K8141110E5\" rel=\"noreferrer noopener\" target=\"_blank\">Camila Correia de Oliveira (CIA)<\/a><\/p>\n\n\n\n<p class=\" \"><a href=\"http:\/\/buscatextual.cnpq.br\/buscatextual\/visualizacv.do?id=K4362021A6\" rel=\"noreferrer noopener\" target=\"_blank\">Evellen Martins de Oliveira (PROEXT\/Lavita)<\/a><\/p>\n\n\n\n<p class=\" \"><a href=\"http:\/\/buscatextual.cnpq.br\/buscatextual\/visualizacv.do?id=K4300799U6\" rel=\"noreferrer noopener\" target=\"_blank\">Francisca Amanda Vieira Queiroga (PROEXT\/Lacesse)<\/a><\/p>\n\n\n\n<p class=\" \"><a href=\"http:\/\/buscatextual.cnpq.br\/buscatextual\/visualizacv.do?id=K8748030J2\" rel=\"noreferrer noopener\" target=\"_blank\">Leandro Ismael de Azevedo Lacerda&nbsp;<\/a><\/p>\n\n\n\n<p class=\" \"><a href=\"https:\/\/lacesse.wixsite.com\/ufpb\/alunos-bolsistas\" rel=\"noreferrer noopener\" target=\"_blank\">Savina Brito de Farias (PROBEX)<\/a><\/p>\n\n\n\n<h2 class=\"wp-block-heading has-text-color has-link-color wp-elements-336fad6a6cc5a3bbc96ce3b82429295d\" style=\"color:#24395c\"><div class=\"linha-header\">Estagi\u00e1rios<\/div><\/h2>\n\n\n\n<p class=\" \">Emilly N\u00f3brega Figueiredo<\/p>\n\n\n\n<p class=\" \"><a href=\"http:\/\/buscatextual.cnpq.br\/buscatextual\/visualizacv.do?id=K4363541A7\" rel=\"noreferrer noopener\" target=\"_blank\">Pedro Ven\u00e2ncio Coura<\/a><\/p>\n\n\n\n<h2 class=\"wp-block-heading has-text-color has-link-color wp-elements-7facba61b3e4e12a157e639a9b0a2d62\" style=\"color:#24395c\"><div class=\"linha-header\">Volunt\u00e1rios<\/div><\/h2>\n\n\n\n<p class=\" \">Babbien Veloso de Souza<\/p>\n\n\n\n<p class=\" \">Bruna Car\u00edcio da Cunha Lima&nbsp;<\/p>\n\n\n\n<p class=\" \"><a href=\"http:\/\/buscatextual.cnpq.br\/buscatextual\/visualizacv.do?id=K4481284Z4\" rel=\"noreferrer noopener\" target=\"_blank\">Caroline Mu\u00f1oz Cevada<\/a><\/p>\n\n\n\n<p class=\" \"><a href=\"http:\/\/buscatextual.cnpq.br\/buscatextual\/visualizacv.do?id=K4432698T2\" rel=\"noreferrer noopener\" target=\"_blank\">Marjorie Maria de Abreu Gomes<\/a><\/p>\n\n\n\n<p class=\" \"><a href=\"http:\/\/buscatextual.cnpq.br\/buscatextual\/visualizacv.do?id=K4480876H6\" rel=\"noreferrer noopener\" target=\"_blank\">Nayara dos Santos Lemos<\/a><\/p>\n\n\n\n<p><\/p>\n","protected":false},"excerpt":{"rendered":"<p>Em andamento Camila Carla Brito de Lima Extensionista bolsista PROBEX Maria Alice Soares Mendes Extensionista [&hellip;]<\/p>\n","protected":false},"author":418,"featured_media":0,"parent":0,"menu_order":0,"comment_status":"closed","ping_status":"closed","template":"","meta":{"footnotes":""},"class_list":["post-42","page","type-page","status-publish","hentry"],"_links":{"self":[{"href":"https:\/\/www.ct.ufpb.br\/lacesse\/wp-json\/wp\/v2\/pages\/42","targetHints":{"allow":["GET"]}}],"collection":[{"href":"https:\/\/www.ct.ufpb.br\/lacesse\/wp-json\/wp\/v2\/pages"}],"about":[{"href":"https:\/\/www.ct.ufpb.br\/lacesse\/wp-json\/wp\/v2\/types\/page"}],"author":[{"embeddable":true,"href":"https:\/\/www.ct.ufpb.br\/lacesse\/wp-json\/wp\/v2\/users\/418"}],"replies":[{"embeddable":true,"href":"https:\/\/www.ct.ufpb.br\/lacesse\/wp-json\/wp\/v2\/comments?post=42"}],"version-history":[{"count":11,"href":"https:\/\/www.ct.ufpb.br\/lacesse\/wp-json\/wp\/v2\/pages\/42\/revisions"}],"predecessor-version":[{"id":346,"href":"https:\/\/www.ct.ufpb.br\/lacesse\/wp-json\/wp\/v2\/pages\/42\/revisions\/346"}],"wp:attachment":[{"href":"https:\/\/www.ct.ufpb.br\/lacesse\/wp-json\/wp\/v2\/media?parent=42"}],"curies":[{"name":"wp","href":"https:\/\/api.w.org\/{rel}","templated":true}]}}