{"id":85,"date":"2025-09-30T15:17:55","date_gmt":"2025-09-30T18:17:55","guid":{"rendered":"https:\/\/www.ct.ufpb.br\/labcon\/?page_id=85"},"modified":"2026-03-20T15:06:16","modified_gmt":"2026-03-20T18:06:16","slug":"projetos-2","status":"publish","type":"page","link":"https:\/\/www.ct.ufpb.br\/labcon\/projetos-2\/","title":{"rendered":"Projetos"},"content":{"rendered":"\n<h2 class=\"wp-block-heading\"><div class=\"linha-header\">Din\u00e2mica microclim\u00e1tica e conforto t\u00e9rmico em \u00e1reas verdes urbanas: uma an\u00e1lise multivariada em dois climas distintos<\/div><\/h2>\n\n\n\n<p>Chamada CNPq n\u00b0 49\/2024 &#8211; Pesquisador Visitante.<em> <\/em>As cidades enfrentam o aumento das temperaturas devido ao efeito combinado das mudan\u00e7as clim\u00e1ticas e da urbaniza\u00e7\u00e3o, sendo a exposi\u00e7\u00e3o prolongada a temperaturas elevadas um risco \u00e0 sa\u00fade. Ambientes naturais de ref\u00fagio nas situa\u00e7\u00f5es de calor, os parques urbanos s\u00e3o estrat\u00e9gicos para a resili\u00eancia de ambientes urbanos \u00e0 eventos clim\u00e1ticos extremos. Contudo, a diversidade clim\u00e1tica e as caracter\u00edsticas locais exigem estudos espec\u00edficos considerando a amplitude t\u00e9rmica, a oferta de sombra e insola\u00e7\u00e3o, a percep\u00e7\u00e3o t\u00e9rmica dos usu\u00e1rios e sua rela\u00e7\u00e3o com o ambiente do parque, al\u00e9m do potencial de mitiga\u00e7\u00e3o do calor e abrigo t\u00e9rmico. Al\u00e9m disso, grande parte dos estudos de conforto t\u00e9rmico em parques urbanos est\u00e3o concentrados em climas temperados ou frios, assim como, a principal fonte de dados microclim\u00e1ticos dessas investiga\u00e7\u00f5es \u00e9 baseada em coletas realizadas em esta\u00e7\u00f5es ou pontos fixos. Assim, o conforto t\u00e9rmico em \u00e1reas verdes urbanas ser\u00e1 investigado a fim de identificar associa\u00e7\u00f5es entre vari\u00e1veis microclim\u00e1ticas, caracter\u00edsticas morfol\u00f3gicas, vari\u00e1veis fisiol\u00f3gicas e a percep\u00e7\u00e3o dos usu\u00e1rios, por meio de uma abordagem din\u00e2mica com tecnologias port\u00e1teis de monitoramento ambiental. A pesquisa proposta, al\u00e9m de realizar a investiga\u00e7\u00e3o em dois climas distintos no Brasil, ser\u00e1 desenvolvida utilizando equipamentos port\u00e1teis de monitoramento clim\u00e1tico de baixo custo, como a \u201cmochila bioclim\u00e1tica PLEMS\u201d (Kr\u00fcger et al., 2024). Medi\u00e7\u00f5es ao longo de trajetos permitem captar a din\u00e2mica das vari\u00e1veis microclim\u00e1ticas, possibilitando a correla\u00e7\u00e3o entre os dados objetivos e as percep\u00e7\u00f5es subjetivas dos indiv\u00edduos em diferentes percursos e n\u00edveis de atividade metab\u00f3lica. Alinhado ao conceito de exposoma, o estudo integra m\u00faltiplas dimens\u00f5es da exposi\u00e7\u00e3o ambiental e suas rela\u00e7\u00f5es com sa\u00fade e bem-estar. Os resultados podem apoiar o planejamento e a gest\u00e3o de parques e pra\u00e7as como ref\u00fagios t\u00e9rmicos, promovendo cidades mais sustent\u00e1veis e resilientes.<\/p>\n\n\n\n<h2 class=\"wp-block-heading\"><div class=\"linha-header\">Conforto, bem-estar e consumo de energia em ambientes de home-office<\/div><\/h2>\n\n\n\n<p>Projeto aprovado na Chamada CNPq\/MCTI N 10\/2023 &#8211; Faixa B &#8211; Grupos Consolidados &#8211; Universal 2023. Projeto vinculado aos planos de trabalho submetido \u00e0 PROPESQ\/UFPB, com a aprova\u00e7\u00e3o de duas bolsas de inicia\u00e7\u00e3o cient\u00edfica CNPQ\/UPFB &#8211; a primeira no ciclo 2023\/2024, a segunda no ciclo 2024\/2025. Institui\u00e7\u00f5es: Solange Leder (coordenadora), UFPR, UTFPR, UNICENTRO, UFERSA, IFPB, UFCG. Resumo: A hip\u00f3tese \u00e9 de que trabalho remoto tem sido realizado sob condi\u00e7\u00f5es ambientais inadequadas, com efeito delet\u00e9rio no bem-estar e na sa\u00fade dos trabalhadores. A atividade remota pode ainda representar aumento no consumo de energia, superando os benef\u00edcios da flexibilidade. A pesquisa \u00e9 motivada pela car\u00eancia de dados a respeito dos ambientes de trabalho domiciliares. Com a pandemia da Covid houve aumento significativo do trabalho remoto, uma condi\u00e7\u00e3o emergente sobre a qual \u00e9 necess\u00e1rio conhecer as caracter\u00edsticas ambientais, o grau de improvisa\u00e7\u00e3o e o n\u00edvel de satisfa\u00e7\u00e3o dos trabalhadores. Dados sobre as condi\u00e7\u00f5es ambientais do trabalho remoto s\u00e3o escassas. Uma das raz\u00f5es \u00e9 o seu car\u00e1ter privado, isolado do olhar externo, al\u00e9m dos custos e dificuldades operacionais, pois o ambiente residencial mobiliza equipamento e equipe para uma amostra reduzida. Obter um panorama sobre os ambientes de trabalho remoto \u00e9 relevante para fundamentar pol\u00edticas p\u00fablicas de garantia do bem-estar e da sa\u00fade dos trabalhadores, os resultados refletem ainda no projeto das edifica\u00e7\u00f5es, pois o trabalho remoto \u00e9 uma impactante mudan\u00e7a de h\u00e1bito.<\/p>\n\n\n\n<h2 class=\"wp-block-heading\"><div class=\"linha-header\">Influ\u00eancia da exposi\u00e7\u00e3o prolongada em ambientes de trabalho condicionados artificialmente na percep\u00e7\u00e3o de conforto t\u00e9rmico no clima quente e \u00famido<\/div><\/h2>\n\n\n\n<p>Projeto aprovado pela PROPESQ &#8211; Pr\u00f3-Reitoria de Pesquisa da Universidade Federal da Para\u00edba. Valor aprovado R$ 10.000,00 + R$ 5.000,00 (Aditivo). Projeto vinculado a plano de trabalho submetido \u00e0 PROPESQ\/UFPB, com a aprova\u00e7\u00e3o de uma cota de bolsa de inicia\u00e7\u00e3o cient\u00edfica CNPQ\/UPFB &#8211; 2022\/2023. O conforto e a qualidade ambiental est\u00e3o entre as condi\u00e7\u00f5es necess\u00e1rias para promover a sa\u00fade, a seguran\u00e7a e a produtividade dos trabalhadores. Nesse contexto, observa-se atualmente que grande parte dos ambientes de trabalho, principalmente nos meios urbanos, tem ampliado o uso do condicionamento artificial para garantir as condi\u00e7\u00f5es de conforto t\u00e9rmico a despeito das condi\u00e7\u00f5es clim\u00e1ticas do meio externo. A quest\u00e3o colocada a partir deste fato aborda os par\u00e2metros adotados no ajuste do sistema de climatiza\u00e7\u00e3o e o atendimento \u00e0s necessidades de conforto dos usu\u00e1rios de uma cidade com clima quente e \u00famido. A partir da hip\u00f3tese de que a exposi\u00e7\u00e3o excessiva a ambientes climatizados pode modificar a prefer\u00eancia com base na mem\u00f3ria t\u00e9rmica do usu\u00e1rio e interferir na aceitabilidade de temperaturas mais elevadas, assim como dificultar na defini\u00e7\u00e3o dos par\u00e2metros de conforto (como neutralidade t\u00e9rmica), esse estudo objetiva avaliar se existe causalidade entre a a exposi\u00e7\u00e3o prolongada a ambientes condicionados artificialmente e a percep\u00e7\u00e3o do conforto t\u00e9rmico individual no clima quente e \u00famido.<\/p>\n\n\n\n<h2 class=\"wp-block-heading\"><div class=\"linha-header\">Percep\u00e7\u00e3o e Sensa\u00e7\u00e3o de Conforto T\u00e9rmico e Lum\u00ednico em grupos vulner\u00e1veis: Estudo com crian\u00e7as ensino fundamental<\/div><\/h2>\n\n\n\n<p>Projeto aprovado no edital do Cnpq &#8211; Universal 2018. Neste projeto de pesquisa investiga-se especialmente o conforto t\u00e9rmico e lum\u00ednico em grupos vulner\u00e1veis. O objetivo principal, al\u00e9m de caracterizar as condi\u00e7\u00f5es t\u00e9rmicas e lum\u00ednicas em que ocorre a sensa\u00e7\u00e3o e a percep\u00e7\u00e3o de conforto, \u00e9 identificar os limites, frente \u00e0s oscila\u00e7\u00f5es clim\u00e1ticas, nos quais usu\u00e1rios adaptados ao clima quente-\u00famido e semi\u00e1rido relatam a sensa\u00e7\u00e3o de conforto. Como justificativa dessa pesquisa destacam-se o bem-estar como condi\u00e7\u00e3o indissoluvelmente relacionada \u00e0 sa\u00fade das popula\u00e7\u00f5es. Nesse contexto, destaca-se a car\u00eancia de dados, normas e ferramentas espec\u00edficas para analisar o conforto t\u00e9rmico e lum\u00ednico de indiv\u00edduos vulner\u00e1veis, notadamente aqueles em idade infantil e idosos, que s\u00e3o os grupos mais sens\u00edveis e afetados pelas condi\u00e7\u00f5es de rigor, assim como, a precariedade de dados dessa natureza em ambientes localizados no clima quente e \u00famido e semi\u00e1rido. Tamb\u00e9m se destaca o consumo de energia das edifica\u00e7\u00f5es, que \u00e9 fortemente impactado pela necessidade de conforto t\u00e9rmico e lum\u00ednico. O m\u00e9todo adotado para esta pesquisa integra observa\u00e7\u00f5es in loco com levantamento de campo, obtendo vari\u00e1veis subjetivas, individuais e microclim\u00e1ticas, associada posteriormente \u00e0 modelagem e infer\u00eancia estat\u00edstica. A principal caracter\u00edstica dos procedimentos metodol\u00f3gicos a serem adotados \u00e9 a simultaneidade (no tempo e no espa\u00e7o) na concretiza\u00e7\u00e3o da coleta de dados tanto os quantitativos (provenientes do monitoramento e registro das condi\u00e7\u00f5es f\u00edsicas e ambientais) quanto os qualitativos (provenientes das respostas dos ocupantes ao question\u00e1rio). Na an\u00e1lise e modelagem dos dados, ser\u00e3o adotados m\u00faltiplos m\u00e9todos e t\u00e9cnicas estat\u00edsticas, a fim de possibilitar infer\u00eancias representativas para a popula\u00e7\u00e3o.<\/p>\n\n\n\n<h2 class=\"wp-block-heading\"><div class=\"linha-header\">Ambiente<strong>, Conforto e Salubridade<\/strong><\/div><\/h2>\n\n\n\n<p>Projeto aprovado no Departamento de Arquitetura e Urbanismo da UFPB. As condi\u00e7\u00f5es ambientais influenciam na sa\u00fade e no bem-estar dos seres humanos, segundo relat\u00f3rio da Organiza\u00e7\u00e3o Mundial de Sa\u00fade (OMS), globalmente, 23 das mortes em geral deve-se a fatores ambientais. Ambientes confort\u00e1veis s\u00e3o ambientes saud\u00e1veis, contudo, h\u00e1 in\u00fameras lacunas a serem preenchidas em rela\u00e7\u00e3o \u00e0s necessidades de conforto e bem-estar os seres humanos. Tomando como exemplo a luz, sabe-se que a necessidade de contato com a luz extrapola os limites da vis\u00e3o: fun\u00e7\u00f5es biol\u00f3gicas, hormonais e psicol\u00f3gicas cruciais para a vida s\u00e3o coordenadas por ciclos regulados pela luz do dia (VEITCH e GALASIU, 2012). Estudos tem demonstrado que a perman\u00eancia prolongada em espa\u00e7os internos, sem contato com a luz natural, tem sido relacionada \u00e0 problemas de sa\u00fade (BOUBEKRI, 2008). Igualmente, em rela\u00e7\u00e3o ao ambiente t\u00e9rmico, as mudan\u00e7as clim\u00e1ticas tem impactado significativamente o ambiente t\u00e9rmico, especialmente nas concentra\u00e7\u00f5es urbanas, com epis\u00f3dios delet\u00e9rios de ondas de calor e outros eventos t\u00e9rmicos extremos com forte impacto na mortalidade e no aumento da ocorr\u00eancia de enfermidades associadas ao ambiente t\u00e9rmico. Nesse contexto, essa pesquisa investiga as principais vari\u00e1veis ambientais relacionadas com o conforto t\u00e9rmico e lum\u00ednico e o comportamento dos indiv\u00edduos frente a essas vari\u00e1veis (como: sensa\u00e7\u00e3o e percep\u00e7\u00e3o de conforto, rea\u00e7\u00f5es \u00e0 varia\u00e7\u00f5es, limites e processos de adapta\u00e7\u00e3o etc.) no clima tropical. Os ambientes analisados s\u00e3o internos (usos diversos) e externos (recortes urbanos, parques, pra\u00e7as). Em rela\u00e7\u00e3o ao clima tropical, especialmente os climas quente-umido e semi-\u00e1rido ser\u00e3o observados. A popula\u00e7\u00e3o a ser investigada compreende indiv\u00edduos em diversas fases de desenvolvimento. Quest\u00f5es energ\u00e9ticas e uso racional da energia tamb\u00e9m s\u00e3o abordadas na a\u00e7\u00e3o deste projeto. Orienta\u00e7\u00f5es de mestrado e doutorado est\u00e3o abrigadas sob este projeto.<\/p>\n\n\n\n<h2 class=\"wp-block-heading\"><div class=\"linha-header\"><strong>Arquitetura Sustent\u00e1vel em Di\u00e1logo:<\/strong> Compartilhando Saberes com a Comunidade<\/div><\/h2>\n\n\n\n<p>O projeto de extens\u00e3o \u201cArquitetura Sustent\u00e1vel em Di\u00e1logo: Compartilhando Saberes com a Comunidade\u201d, desenvolvido pelo LabCon\/UFPB, tem como objetivo divulgar conhecimentos sobre conforto ambiental, sustentabilidade e efici\u00eancia energ\u00e9tica de forma acess\u00edvel \u00e0 sociedade. A iniciativa utiliza conte\u00fados digitais, entrevistas e materiais educativos para aproximar a universidade da comunidade, promovendo a democratiza\u00e7\u00e3o do conhecimento e incentivando pr\u00e1ticas mais sustent\u00e1veis nas cidades.<\/p>\n\n\n\n<h2 class=\"wp-block-heading\"><div class=\"linha-header\">Parcerias &#8211; Participa\u00e7\u00e3o em Projetos de outras institui\u00e7\u00f5es                                       <\/div><\/h2>\n\n\n\n<h2 class=\"wp-block-heading\"><div class=\"linha-header\">Pra\u00e7as, parques e florestas urbanas e seu potencial de al\u00edvio t\u00e9rmico em situa\u00e7\u00f5es de onda de calor<\/div><\/h2>\n\n\n\n<p>Participa\u00e7\u00e3o no projeto aprovado na Chamada CNPq\/MCTI\/FNDCT n 44\/2024 Universal: Pra\u00e7as, parques e florestas urbanas e seu potencial de al\u00edvio t\u00e9rmico em situa\u00e7\u00f5es de onda de calor. Projeto coordenado pelo Prof. Eduardo Kr\u00fcger &#8211; UTFPR. O projeto objetiva caracterizar os benef\u00edcios de \u00e1reas verdes, florestas e parques urbanos para o bem-estar humano e de forma a mitigar os impactos causados pelas mudan\u00e7as clim\u00e1ticas. Assuntos transversais ao tema incluem a avalia\u00e7\u00e3o multidom\u00ednio do conforto ambiental em tais \u00e1reas por meio de medi\u00e7\u00f5es din\u00e2micas e o estudo de solu\u00e7\u00f5es como a introdu\u00e7\u00e3o de cooling centers, quando tais espa\u00e7os s\u00e3o removidos da \u00e1rea urbana. A pesquisa envolve em grande parte monitoramento ambiental din\u00e2mico e multidom\u00ednio de \u00e1reas externas, compreendendo as seguintes etapas: a) Defini\u00e7\u00e3o de locais de an\u00e1lise e rotas de caminhada, em quatro cidades brasileiras (Curitiba, Jo\u00e3o Pessoa, Cuiab\u00e1 e Rio de Janeiro); b) Monitoramento de dados ambientais din\u00e2micos caminhadas guiadas com participantes, aplica\u00e7\u00e3o de question\u00e1rios de percep\u00e7\u00e3o de conforto ambiental e mensura\u00e7\u00e3o de dados fisiol\u00f3gicos dos participantes; c) Cobrimento a p\u00e9 de transectos com o equipamento port\u00e1til, atravessando \u00e1reas com presen\u00e7a de vegeta\u00e7\u00e3o, a partir de vias trafegadas no per\u00edmetro das \u00e1reas vegetadas: em Curitiba, no Parque Barigui; em Jo\u00e3o Pessoa, no Parque Zoobot\u00e2nico Arruda C\u00e2mara; em Cuiab\u00e1, no Parque M\u00e3e Bonif\u00e1cia; no Rio de Janeiro, no Parque Lage; d) Gera\u00e7\u00e3o de mapas tem\u00e1ticos (t\u00e9rmicos, lum\u00ednicos, ac\u00fasticos e de qualidade do ar), via plataformas de georreferenciamento, com verifica\u00e7\u00e3o do comportamento dos dados medidos em campo.<\/p>\n\n\n\n<p><\/p>\n\n\n\n<h2 class=\"wp-block-heading\"><div class=\"linha-header\">Rede de Conforto t\u00e9rmico: Desenvolvimento de Esta\u00e7\u00e3o Microclim\u00e1tica de Baixo Custo (EMBC) e padroniza\u00e7\u00e3o de protocolo de coleta de dados<\/div><\/h2>\n\n\n\n<p>Projeto aprovado na Chamada CNPq\/MCTI\/FNDCT N 18\/2021 &#8211; UNIVERSAL &#8211; grupos consolidados. Forma\u00e7\u00e3o de um grupo de pesquisa atuante em distintas regi\u00f5es do pa\u00eds para o desenvolvimento de uma Esta\u00e7\u00e3o Microclim\u00e1tica de Baixo Custo (EMBC) para monitoramento t\u00e9rmico do espa\u00e7o constru\u00eddo, assim como a elabora\u00e7\u00e3o e valida\u00e7\u00e3o de protocolo padronizado para coleta de dados (vari\u00e1veis subjetivas individuais e vari\u00e1veis ambientais associadas ao conforto t\u00e9rmico). Os resultados deste projeto contribuir\u00e3o para unificar e padronizar as pesquisas em conforto t\u00e9rmico no Brasil e para a constru\u00e7\u00e3o de modelos de conforto mais condizentes com a diversidade clim\u00e1tica e populacional do pa\u00eds. Institui\u00e7\u00f5es envolvidas no Projeto: UTFPR Eduardo L Kr\u00fcger (coordenador) e Marcio Sorgato; UFPR Aloisio L Schmid, Francine Rossi e Leandro Fernandes; UFMS Ana Paula Milani, Andr\u00e9s B Cheung e Arthur S Silva; IFPB Rafael P Amorim; UFPB Solange Leder.<\/p>\n\n\n\n<h2 class=\"wp-block-heading\"><div class=\"linha-header\">Inova\u00e7\u00e3o no desenvolvimento e constru\u00e7\u00e3o de HIS para promo\u00e7\u00e3o da efici\u00eancia energ\u00e9tica e conforto ambiental<\/div><\/h2>\n\n\n\n<p>Participa\u00e7\u00e3o no Projeto proposto e coordenado pelo professor Roberto Lamberts\/UFSC e equipe. Docentes e pesquisadores de v\u00e1rias institui\u00e7\u00f5es de ensino e pesquisa no Brasil foram convidados a colaborar e participar do Projeto, dentre elas a UFPB. Foram firmados conv\u00eanios de est\u00e1gio entre a institui\u00e7\u00e3o executora e demais institui\u00e7\u00f5es. RESUMO DO PROJETO &#8211; Edital do Finep Encomenda CT-Energ 1536\/22; Contrato 01.22.0580.00. Proponente: FUNDA\u00c7\u00c3O DE ENSINO E ENGENHARIA DE SANTA CATARINA; Executor: UNIVERSIDADE FEDERAL DE SANTA CATARINA. Equipe da UFSC respons\u00e1vel pelo Projeto aprovado: Roberto Lamberts (coordenador), Ana Paula Melo, Matheus Soares Geraldi, Maria Andrea Triana, Mateus Vin\u00edcius Bavaresco, Greici Ramos, Renata De Vecchi. S\u00edntese do Projeto: Avaliar os requisitos que promovam a melhoria do desempenho termo energ\u00e9tico de conjuntos habitacionais de Habita\u00e7\u00e3o de Interesse Social, considerando o papel do usu\u00e1rio no desempenho das edifica\u00e7\u00f5es em diferentes zonas bioclim\u00e1ticas.<\/p>\n\n\n\n<p><\/p>\n","protected":false},"excerpt":{"rendered":"<p>Din\u00e2mica microclim\u00e1tica e conforto t\u00e9rmico em \u00e1reas verdes urbanas: uma an\u00e1lise multivariada em dois climas [&hellip;]<\/p>\n","protected":false},"author":428,"featured_media":0,"parent":0,"menu_order":0,"comment_status":"closed","ping_status":"closed","template":"","meta":{"footnotes":""},"class_list":["post-85","page","type-page","status-publish","hentry"],"_links":{"self":[{"href":"https:\/\/www.ct.ufpb.br\/labcon\/wp-json\/wp\/v2\/pages\/85","targetHints":{"allow":["GET"]}}],"collection":[{"href":"https:\/\/www.ct.ufpb.br\/labcon\/wp-json\/wp\/v2\/pages"}],"about":[{"href":"https:\/\/www.ct.ufpb.br\/labcon\/wp-json\/wp\/v2\/types\/page"}],"author":[{"embeddable":true,"href":"https:\/\/www.ct.ufpb.br\/labcon\/wp-json\/wp\/v2\/users\/428"}],"replies":[{"embeddable":true,"href":"https:\/\/www.ct.ufpb.br\/labcon\/wp-json\/wp\/v2\/comments?post=85"}],"version-history":[{"count":8,"href":"https:\/\/www.ct.ufpb.br\/labcon\/wp-json\/wp\/v2\/pages\/85\/revisions"}],"predecessor-version":[{"id":253,"href":"https:\/\/www.ct.ufpb.br\/labcon\/wp-json\/wp\/v2\/pages\/85\/revisions\/253"}],"wp:attachment":[{"href":"https:\/\/www.ct.ufpb.br\/labcon\/wp-json\/wp\/v2\/media?parent=85"}],"curies":[{"name":"wp","href":"https:\/\/api.w.org\/{rel}","templated":true}]}}