{"id":11,"date":"2025-05-18T20:13:55","date_gmt":"2025-05-18T23:13:55","guid":{"rendered":"https:\/\/www.ct.ufpb.br\/labcon\/?page_id=11"},"modified":"2026-03-20T14:00:03","modified_gmt":"2026-03-20T17:00:03","slug":"dissertacoes","status":"publish","type":"page","link":"https:\/\/www.ct.ufpb.br\/labcon\/dissertacoes\/","title":{"rendered":"Teses\/Disserta\u00e7\u00f5es"},"content":{"rendered":"\n<h2 class=\"wp-block-heading\"><div class=\"linha-header\"><strong>Teses<\/strong><\/div><\/h2>\n\n\n\n<p>Amanda Vieira Pessoa Lima Lafayette. PPGECAM. <strong>O habitat no s\u00e9culo XXI: Trabalho digital e remoto, ilumina\u00e7\u00e3o, bem-estar e sa\u00fade.<\/strong> 2025.<\/p>\n\n\n\n<p>Barbara Lumy Noda Nogueira. PPGAU. <strong>Conforto t\u00e9rmico em atividade de escrit\u00f3rio no clima quente e \u00famido: influ\u00eancia das a\u00e7\u00f5es adaptativas no trabalho presencial e remoto.<\/strong> 2025.<\/p>\n\n\n\n<p>Rafael Ponce de Leon Amorim. PPGAU. <strong>Estimativa da emissividade do c\u00e9u claro e da radia\u00e7\u00e3o de onda longa descendente com foco na simula\u00e7\u00e3o termoenerg\u00e9tica de edifica\u00e7\u00f5es.<\/strong> 2025.<\/p>\n\n\n\n<p>Lilianne de Queiroz Leal. PPGECAM. <strong>Obstru\u00e7\u00e3o do c\u00e9u e radia\u00e7\u00e3o UV: Crit\u00e9rios para a gera\u00e7\u00e3o de espa\u00e7os urbanos saud\u00e1veis. <\/strong>2024. Dispon\u00edvel: <a href=\"https:\/\/repositorio.ufpb.br\/jspui\/handle\/123456789\/32848\">https:\/\/repositorio.ufpb.br\/jspui\/handle\/123456789\/32848<\/a>.<\/p>\n\n\n\n<p>Linccon de Carvalho Lima. PPGECAM. <strong>Proposta de m\u00e9todo para an\u00e1lise din\u00e2mica de conforto t\u00e9rmico em espa\u00e7os urbanos. <\/strong>2024.<\/p>\n\n\n\n<p>Eliana de F\u00e1tima da Costa Lima. PPGECAM. <strong>Levantamento e modelagem da vegeta\u00e7\u00e3o arb\u00f3rea para a simula\u00e7\u00e3o computacional da ilumina\u00e7\u00e3o natural.<\/strong> 2023.<\/p>\n\n\n\n<p>Mayara Cynthia Brasileiro de Sousa. PPGAU. <strong>Estudos de conforto t\u00e9rmico em ambientes ventilados naturalmente em Campina Grande &#8211; PB.<\/strong> 2022. Dispon\u00edvel: <a href=\"https:\/\/repositorio.ufpb.br\/jspui\/handle\/123456789\/24018\">https:\/\/repositorio.ufpb.br\/jspui\/handle\/123456789\/24018<\/a>.<\/p>\n\n\n\n<p>Gianna Monteiro Farias Sim\u00f5es. PPGAU.<strong> Din\u00e2mica da Habita\u00e7\u00e3o Social: estudo sobre o impacto do uso e da adapta\u00e7\u00e3o na habitabilidade da edifica\u00e7\u00e3o.<\/strong> 2022. Dispon\u00edvel: <a href=\"https:\/\/repositorio.ufpb.br\/jspui\/handle\/123456789\/26084\">https:\/\/repositorio.ufpb.br\/jspui\/handle\/123456789\/26084<\/a>.<\/p>\n\n\n\n<p>Andreia Cardoso de Oliveira Serafim. PPGAU. <strong>Padr\u00f5es de comportamento dos usu\u00e1rios sobre as aberturas para modelos de simula\u00e7\u00e3o de desempenho t\u00e9rmico em habita\u00e7\u00f5es de interesse social em clima quente e \u00famido.<\/strong> 2019. Dispon\u00edvel: <a href=\"https:\/\/repositorio.ufpb.br\/jspui\/handle\/123456789\/18498\">https:\/\/repositorio.ufpb.br\/jspui\/handle\/123456789\/18498<\/a>.<\/p>\n\n\n\n<p><\/p>\n\n\n\n<h2 class=\"wp-block-heading\"><div class=\"linha-header\"><strong>Disserta\u00e7\u00f5es<\/strong><\/div><\/h2>\n\n\n\n<p>Joselma Santos Rolim Nunes. PPGECAM. <strong>Ilumina\u00e7\u00e3o em salas de aula e valida\u00e7\u00e3o do instrumento de percep\u00e7\u00e3o lum\u00ednica.<\/strong> 2025.<\/p>\n\n\n\n<p>Gustavo Greg\u00f3rio Gouveia. PPGAU. <strong>Desempenho t\u00e9rmico de edifica\u00e7\u00f5es no semi\u00e1rido brasileiro: um olhar para resid\u00eancias geminadas.<\/strong> 2024.<\/p>\n\n\n\n<p>Danielly Freires de Farias Dion\u00edsio. PPGAU. <strong>Influ\u00eancia dos padr\u00f5es de uso e ocupa\u00e7\u00e3o no desempenho t\u00e9rmico de habita\u00e7\u00f5es de interesse social multifamiliares.<\/strong> 2024.<\/p>\n\n\n\n<p>Walter Ihlenfeld. PPGEC\/UTFPR (coorienta\u00e7\u00e3o). <strong>Desenvolvimento de equipamento de baixo custo para condu\u00e7\u00e3o de pesquisa de campo din\u00e2mica em conforto ambiental em espa\u00e7os abertos.<\/strong> 2024. Dispon\u00edvel: <a href=\"https:\/\/repositorio.utfpr.edu.br\/jspui\/bitstream\/1\/34336\/1\/equipamentobaixocustoconforto.pdf\">https:\/\/repositorio.utfpr.edu.br\/jspui\/bitstream\/1\/34336\/1\/equipamentobaixocustoconforto.pdf<\/a>.<\/p>\n\n\n\n<p>Sarah Brandeburski de Farias. PPGECAM. <strong>Conforto t\u00e9rmico noturno no clima quente e \u00famido: Um estudo sobre ambientes ventilados naturalmente em moradia universit\u00e1ria.<\/strong> 2023.<\/p>\n\n\n\n<p>Luana Maria Quirino. PPGECAM. <strong>Conforto Visual em Escolas de Ensino Fundamental em Jo\u00e3o Pessoa, PB.<\/strong> 2023. Dispon\u00edvel: <a href=\"https:\/\/repositorio.ufpb.br\/jspui\/handle\/123456789\/33994\">https:\/\/repositorio.ufpb.br\/jspui\/handle\/123456789\/33994<\/a>.<\/p>\n\n\n\n<p>Tain\u00e1 Gomes dos Santos Costa. PPGECAM. <strong>Influ\u00eancia da ilumina\u00e7\u00e3o natural no ambiente escolar: O impacto do ofuscamento em crian\u00e7as nas salas de aula de escolas municipais Jo\u00e3o Pessoa.<\/strong> 2022. Dispon\u00edvel: <a href=\"https:\/\/repositorio.ufpb.br\/jspui\/handle\/123456789\/32014\">https:\/\/repositorio.ufpb.br\/jspui\/handle\/123456789\/32014<\/a>.<\/p>\n\n\n\n<p>Pollyanna Padre de Macedo. PPGAU. <strong>Ventila\u00e7\u00e3o natural em escolas na cidade de Campina Grande: a influ\u00eancia da velocidade do ar na percep\u00e7\u00e3o e sensa\u00e7\u00e3o de conforto t\u00e9rmico do usu\u00e1rio.<\/strong> 2021. Dispon\u00edvel: <a href=\"https:\/\/repositorio.ufpb.br\/jspui\/handle\/123456789\/22780\">https:\/\/repositorio.ufpb.br\/jspui\/handle\/123456789\/22780<\/a>.<\/p>\n\n\n\n<p>Julio Gon\u00e7alves. PPGAU. <strong>Conforto t\u00e9rmico de idosos em climas distintos da Para\u00edba.<\/strong> 2020. Dispon\u00edvel: <a href=\"https:\/\/repositorio.ufpb.br\/jspui\/handle\/123456789\/20264\">https:\/\/repositorio.ufpb.br\/jspui\/handle\/123456789\/20264<\/a>.<\/p>\n\n\n\n<p>Jullyanne Ferreira. PPGAU. <strong>As crian\u00e7as e o conforto t\u00e9rmico: sensa\u00e7\u00f5es e prefer\u00eancias t\u00e9rmicas em escolas de ensino fundamental no clima quente e \u00famido.<\/strong> 2020. Dispon\u00edvel: <a href=\"https:\/\/repositorio.ufpb.br\/jspui\/handle\/123456789\/18464\">https:\/\/repositorio.ufpb.br\/jspui\/handle\/123456789\/18464<\/a>.<\/p>\n\n\n\n<p>Barbara Lumy Noda. PPGAU. <strong>Conforto, percep\u00e7\u00e3o e rea\u00e7\u00e3o de trabalhadores ao ambiente t\u00e9rmico em escrit\u00f3rios condicionados artificialmente no contexto do clima quente e \u00famido.<\/strong> 2019. Dispon\u00edvel: <a href=\"https:\/\/repositorio.ufpb.br\/jspui\/handle\/123456789\/19127\">https:\/\/repositorio.ufpb.br\/jspui\/handle\/123456789\/19127<\/a>.<\/p>\n\n\n\n<p>Amanda Vieira Pessoa Lima. PPGECAM. <strong>Orienta\u00e7\u00e3o solar e conforto lum\u00ednico. An\u00e1lise das condi\u00e7\u00f5es ambientais e opini\u00e3o dos usu\u00e1rios. <\/strong>2019. Dispon\u00edvel: <a href=\"https:\/\/repositorio.ufpb.br\/jspui\/handle\/123456789\/18505\">https:\/\/repositorio.ufpb.br\/jspui\/handle\/123456789\/18505<\/a>.<\/p>\n\n\n\n<p>Gianna Guedes Pereira Monteiro Farias. PPGAU. <strong>Conforto e adapta\u00e7\u00e3o espacial e individual em conjuntos habitacionais de interesse social: estudo em Jo\u00e3o Pessoa- PB.<\/strong> 2018. Dispon\u00edvel: <a href=\"https:\/\/repositorio.ufpb.br\/jspui\/handle\/123456789\/13657\">https:\/\/repositorio.ufpb.br\/jspui\/handle\/123456789\/13657<\/a>.<\/p>\n\n\n\n<p>Mayara Cynthia Brasileiro de Sousa. PPGAU. <strong>Desejo por conforto t\u00e9rmico: estrat\u00e9gias adaptativas e modelos de conforto t\u00e9rmico no semi\u00e1rido paraibano. <\/strong>2018. Dispon\u00edvel: <a href=\"https:\/\/repositorio.ufpb.br\/jspui\/handle\/123456789\/13659\">https:\/\/repositorio.ufpb.br\/jspui\/handle\/123456789\/13659<\/a>.<\/p>\n\n\n\n<p>Linccon Carvalho. PPGECAM. <strong>Conforto t\u00e9rmico em espa\u00e7os abertos: estudo de caso em um Parque Urbano na cidade de Jo\u00e3o Pessoa-PB.<\/strong> 2016. Dispon\u00edvel: <a href=\"https:\/\/repositorio.ufpb.br\/jspui\/handle\/tede\/9131\">https:\/\/repositorio.ufpb.br\/jspui\/handle\/tede\/9131<\/a>.<\/p>\n\n\n\n<p>Eliana de F\u00e1tima da Costa Lima. PPGECAM. <strong>Elementos vegetais na simula\u00e7\u00e3o digital da luz natural: contribui\u00e7\u00e3o ao desenvolvimento de modelos tridimensionais virtuais. <\/strong>2014. Dispon\u00edvel: <a href=\"https:\/\/repositorio.ufpb.br\/jspui\/handle\/tede\/9114\">https:\/\/repositorio.ufpb.br\/jspui\/handle\/tede\/9114<\/a>.<\/p>\n\n\n\n<p>Andr\u00e9ia Cardoso de Oliveira. PPGAU. <strong>A influ\u00eancia das recomenda\u00e7\u00f5es do zoneamento bioclim\u00e1tico brasileiro no desempenho t\u00e9rmico da envolt\u00f3ria de edifica\u00e7\u00f5es de interesse social nos munic\u00edpios da Para\u00edba.<\/strong> 2013. Dispon\u00edvel: <a href=\"https:\/\/repositorio.ufpb.br\/jspui\/handle\/tede\/309\">https:\/\/repositorio.ufpb.br\/jspui\/handle\/tede\/309<\/a>.<\/p>\n\n\n\n<p>Guilherme N\u00f3brega de Castro. PPGAU. <strong>Componentes de condu\u00e7\u00e3o da luz natural em edif\u00edcios multifamiliares. <\/strong>2013. Dispon\u00edvel: <a href=\"https:\/\/repositorio.ufpb.br\/jspui\/handle\/tede\/307\">https:\/\/repositorio.ufpb.br\/jspui\/handle\/tede\/307<\/a>.<\/p>\n\n\n\n<p>Lillianne de Queiroz Leal. PPGECAM. <strong>A influ\u00eancia das vari\u00e1veis de entorno e do edif\u00edcio sobre as ilumin\u00e2ncias e o ofuscamento nos ambientes internos: um estudo de caso em edif\u00edcios residenciais multipavimentos em recorte urbano na cidade de Jo\u00e3o Pessoa-PB.<\/strong> 2013. Dispon\u00edvel: <a href=\"https:\/\/repositorio.ufpb.br\/jspui\/handle\/tede\/308\">https:\/\/repositorio.ufpb.br\/jspui\/handle\/tede\/308<\/a>.<\/p>\n\n\n\n<p>L\u00facia Helena Martins. PPGECAM. A<strong> Influ\u00eancia do sombreamento e da absort\u00e2ncia da envolt\u00f3ria no desempenho t\u00e9rmico e energ\u00e9tico de edifica\u00e7\u00f5es residenciais multipavimentos na cidade de Jo\u00e3o Pessoa-PB.<\/strong> 2013. Dispon\u00edvel: <a href=\"https:\/\/repositorio.ufpb.br\/jspui\/handle\/tede\/5515\">https:\/\/repositorio.ufpb.br\/jspui\/handle\/tede\/5515<\/a>.<\/p>\n\n\n\n<p>Jos\u00e9 Rodrigo V. Monteiro. PPGECAM. <strong>Influ\u00eancias da envolt\u00f3ria vertical opaca de edifica\u00e7\u00f5es nas temperaturas internas do ar.<\/strong> 2012. Dispon\u00edvel: <a href=\"https:\/\/sigaa.treinamento.sti.ufpb.br\/sigaa\/public\/programa\/defesas.jsf?lc=en_US&amp;id=2619\">https:\/\/sigaa.treinamento.sti.ufpb.br\/sigaa\/public\/programa\/defesas.jsf?lc=en_US&amp;id=2619<\/a>.<\/p>\n\n\n\n<p>K\u00e1tia Cristina do Vale. PPGECAM. <strong>Avalia\u00e7\u00e3o P\u00f3s-ocupa\u00e7\u00e3o no Condom\u00ednio Gerv\u00e1sio Maia. <\/strong>2012. Dispon\u00edvel: <a href=\"https:\/\/sigaa.treinamento.sti.ufpb.br\/sigaa\/public\/programa\/defesas.jsf?lc=en_US&amp;id=2619\">https:\/\/sigaa.treinamento.sti.ufpb.br\/sigaa\/public\/programa\/defesas.jsf?lc=en_US&amp;id=2619<\/a>.<\/p>\n\n\n\n<p>Gimaoli Cavalcanti. PPGAU. <strong>Estudo do potencial de aproveitamento da Ilumina\u00e7\u00e3o natural em escolas municipais de Jo\u00e3o Pessoa.<\/strong> 2012. Dispon\u00edvel: <a href=\"https:\/\/repositorio.ufpb.br\/jspui\/handle\/tede\/311\">https:\/\/repositorio.ufpb.br\/jspui\/handle\/tede\/311<\/a>.<\/p>\n\n\n\n<p>Matheus Peixoto de Paula Marques. PPGAU. <strong>An\u00e1lise da efici\u00eancia de elementos de prote\u00e7\u00e3o solar em rela\u00e7\u00e3o ao sombreamento e a ilumina\u00e7\u00e3o natural &#8211; estudo de caso no Campus I da UFPB.<\/strong> 2012. Dispon\u00edvel: <a href=\"https:\/\/repositorio.ufpb.br\/jspui\/handle\/tede\/5491\">https:\/\/repositorio.ufpb.br\/jspui\/handle\/tede\/5491<\/a>.<\/p>\n\n\n\n<p>Rafael Ponce de Leon Amorim. PPGECAM. <strong>An\u00e1lise da magnitude da influ\u00eancia clim\u00e1tica de um remanescente de mata Atl\u00e2ntica sobre o seu entorno em clima quente \u00famido.<\/strong> 2011. Dispon\u00edvel: <a href=\"https:\/\/repositorio.ufpb.br\/jspui\/handle\/tede\/5456\">https:\/\/repositorio.ufpb.br\/jspui\/handle\/tede\/5456<\/a>.<\/p>\n\n\n\n<p>Manuela de Luna Freire Duarte. PPGAU. <strong>Comportamento microclim\u00e1tico urbano &#8211; Estudo de caso de um recorte urbano em Jo\u00e3o Pessoa.<\/strong> 2010. Dispon\u00edvel: <a href=\"https:\/\/repositorio.ufpb.br\/jspui\/handle\/tede\/320\">https:\/\/repositorio.ufpb.br\/jspui\/handle\/tede\/320<\/a>.<\/p>\n\n\n\n<p>Liese Carneiro Sobreira. PPGECAM. <strong>Expans\u00e3o urbana e varia\u00e7\u00f5es mesoclim\u00e1ticas em Jo\u00e3o Pessoa &#8211; PB. <\/strong>2010. Dispon\u00edvel: <a href=\"https:\/\/repositorio.ufpb.br\/jspui\/handle\/tede\/5566\">https:\/\/repositorio.ufpb.br\/jspui\/handle\/tede\/5566<\/a>.<\/p>\n\n\n\n<p><\/p>\n\n\n\n<p><strong>Trabalhos de Conclus\u00e3o de Gradua\u00e7\u00e3o<\/strong><\/p>\n\n\n\n<p>Yasmin Vaz Cavalcanti Pereira. <strong>Conforto lum\u00ednico na terceira idade: um estudo da ilumina\u00e7\u00e3o em habita\u00e7\u00f5es de idosos residentes do condom\u00ednio Cidade Madura na cidade de Jo\u00e3o Pessoa \u2013 PB.<\/strong> 2019. Dispon\u00edvel: <a href=\"https:\/\/repositorio.ufpb.br\/jspui\/handle\/123456789\/25298\">https:\/\/repositorio.ufpb.br\/jspui\/handle\/123456789\/25298<\/a>.<\/p>\n\n\n\n<p>Luana Maria de Medeiros Quirino. <strong>Arquitetura escolar: an\u00e1lise do conforto lum\u00ednico em escolas municipais de ensino fundamental em Jo\u00e3o Pessoa\/PB.<\/strong> 2018. Dispon\u00edvel: <a href=\"https:\/\/repositorio.ufpb.br\/jspui\/handle\/123456789\/13470\">https:\/\/repositorio.ufpb.br\/jspui\/handle\/123456789\/13470<\/a>.<\/p>\n\n\n\n<p>Amanda Vieira Pessoa Lima. <strong>Estudo lum\u00ednico em um edif\u00edcio de escrit\u00f3rios: Um estudo de caso em clima quente e \u00famido.<\/strong> 2016.<\/p>\n\n\n\n<p>Eliana F Costa Lima. <strong>Conforto Ambiental e Efici\u00eancia Energ\u00e9tica em edif\u00edcio de interesse social. <\/strong>2011.<\/p>\n","protected":false},"excerpt":{"rendered":"<p>Teses Amanda Vieira Pessoa Lima Lafayette. PPGECAM. O habitat no s\u00e9culo XXI: Trabalho digital e [&hellip;]<\/p>\n","protected":false},"author":47,"featured_media":0,"parent":0,"menu_order":0,"comment_status":"closed","ping_status":"closed","template":"","meta":{"footnotes":""},"class_list":["post-11","page","type-page","status-publish","hentry"],"_links":{"self":[{"href":"https:\/\/www.ct.ufpb.br\/labcon\/wp-json\/wp\/v2\/pages\/11","targetHints":{"allow":["GET"]}}],"collection":[{"href":"https:\/\/www.ct.ufpb.br\/labcon\/wp-json\/wp\/v2\/pages"}],"about":[{"href":"https:\/\/www.ct.ufpb.br\/labcon\/wp-json\/wp\/v2\/types\/page"}],"author":[{"embeddable":true,"href":"https:\/\/www.ct.ufpb.br\/labcon\/wp-json\/wp\/v2\/users\/47"}],"replies":[{"embeddable":true,"href":"https:\/\/www.ct.ufpb.br\/labcon\/wp-json\/wp\/v2\/comments?post=11"}],"version-history":[{"count":5,"href":"https:\/\/www.ct.ufpb.br\/labcon\/wp-json\/wp\/v2\/pages\/11\/revisions"}],"predecessor-version":[{"id":248,"href":"https:\/\/www.ct.ufpb.br\/labcon\/wp-json\/wp\/v2\/pages\/11\/revisions\/248"}],"wp:attachment":[{"href":"https:\/\/www.ct.ufpb.br\/labcon\/wp-json\/wp\/v2\/media?parent=11"}],"curies":[{"name":"wp","href":"https:\/\/api.w.org\/{rel}","templated":true}]}}