{"id":181,"date":"2024-04-02T19:23:00","date_gmt":"2024-04-02T22:23:00","guid":{"rendered":"https:\/\/www.ct.ufpb.br\/dep\/?post_type=edital&#038;p=181"},"modified":"2026-02-19T14:04:16","modified_gmt":"2026-02-19T17:04:16","slug":"concurso-dep-engenharia-da-qualidade","status":"publish","type":"edital","link":"https:\/\/www.ct.ufpb.br\/dep\/edital\/concurso-dep-engenharia-da-qualidade\/","title":{"rendered":"Concurso DEP: Engenharia da Qualidade"},"content":{"rendered":"\n<p>Aberto o concurso do DEP para professor efetivo na \u00e1rea de\u00a0<strong>Engenharia da Qualidade<\/strong>!<\/p>\n\n\n\n<p class=\" \">Requisitos m\u00ednimos exigidos: Gradua\u00e7\u00e3o em Engenharias e Doutorado em Engenharia de Produ\u00e7\u00e3o.<\/p>\n\n\n\n<p class=\" \">Inscri\u00e7\u00f5es de 20 de maio a 20 junho.&nbsp;Per\u00edodo de realiza\u00e7\u00e3o das provas a partir de 29\/07, conforme&nbsp;<strong><a href=\"http:\/\/www.in.gov.br\/web\/dou\/-\/edital-n-32-30-de-abril-de-2024-556958905\" target=\"_blank\" rel=\"noreferrer noopener\">EDITAL<\/a><\/strong>.<\/p>\n\n\n\n<p class=\" \"><a href=\"https:\/\/www.ufpb.br\/ufpb\/contents\/destaques\/Destaque4\" target=\"_blank\" rel=\"noreferrer noopener\">Not\u00edcia geral no site da UFPB<\/a><\/p>\n\n\n\n<p class=\" \">Documentos adicionais:<\/p>\n\n\n\n<p class=\" \"><a href=\"https:\/\/sig-arq.ufpb.br\/arquivos\/2015158232d154095883bc62fb1e248c\/Rsep74_2013.pdf\" target=\"_blank\" rel=\"noreferrer noopener\">Resolu\u00e7\u00e3o 74\/2013<\/a><\/p>\n\n\n\n<p class=\" \"><a href=\"http:\/\/plone.ufpb.br\/dep\/contents\/noticias\/concurso-dep-engenharia-da-qualidade\/requerimento-de-inscricao-geral.docx\">Requerimento de inscri\u00e7\u00e3o<\/a><\/p>\n\n\n\n<p class=\" \"><a href=\"http:\/\/plone.ufpb.br\/dep\/contents\/noticias\/concurso-dep-engenharia-da-qualidade\/termo-de-autodeclaracao.doc\">Termo de autodeclara\u00e7\u00e3o<\/a><\/p>\n\n\n\n<p><a href=\"http:\/\/plone.ufpb.br\/dep\/contents\/oportunidades\/concurso-dep-engenharia-da-qualidade\/PORTARIA_14_2024_CTDC_bancahomologada.pdf\" target=\"_blank\" rel=\"noreferrer noopener\">Composi\u00e7\u00e3o da banca examinadora<\/a><\/p>\n","protected":false},"excerpt":{"rendered":"<p>Aberto o concurso do DEP para professor efetivo na \u00e1rea de\u00a0Engenharia da Qualidade! Requisitos m\u00ednimos [&hellip;]<\/p>\n","protected":false},"featured_media":0,"template":"","meta":{"footnotes":""},"edital_type":[6],"class_list":["post-181","edital","type-edital","status-publish","hentry","edital_type-docente"],"_links":{"self":[{"href":"https:\/\/www.ct.ufpb.br\/dep\/wp-json\/wp\/v2\/edital\/181","targetHints":{"allow":["GET"]}}],"collection":[{"href":"https:\/\/www.ct.ufpb.br\/dep\/wp-json\/wp\/v2\/edital"}],"about":[{"href":"https:\/\/www.ct.ufpb.br\/dep\/wp-json\/wp\/v2\/types\/edital"}],"version-history":[{"count":1,"href":"https:\/\/www.ct.ufpb.br\/dep\/wp-json\/wp\/v2\/edital\/181\/revisions"}],"predecessor-version":[{"id":182,"href":"https:\/\/www.ct.ufpb.br\/dep\/wp-json\/wp\/v2\/edital\/181\/revisions\/182"}],"wp:attachment":[{"href":"https:\/\/www.ct.ufpb.br\/dep\/wp-json\/wp\/v2\/media?parent=181"}],"wp:term":[{"taxonomy":"edital_type","embeddable":true,"href":"https:\/\/www.ct.ufpb.br\/dep\/wp-json\/wp\/v2\/edital_type?post=181"}],"curies":[{"name":"wp","href":"https:\/\/api.w.org\/{rel}","templated":true}]}}