{"id":71,"date":"2025-09-22T17:48:55","date_gmt":"2025-09-22T20:48:55","guid":{"rendered":"https:\/\/www.ct.ufpb.br\/deca\/?page_id=71"},"modified":"2026-03-01T10:27:10","modified_gmt":"2026-03-01T13:27:10","slug":"normativos-laboratorios","status":"publish","type":"page","link":"https:\/\/www.ct.ufpb.br\/deca\/normativos-laboratorios\/","title":{"rendered":"Normativos Laborat\u00f3rios"},"content":{"rendered":"\n<p><\/p>\n\n\n\n<p><strong>Est\u00e1 p\u00e1gina cont\u00e9m os normativos relacionados aos Laborat\u00f3rios do DECA.<\/strong><\/p>\n\n\n\n<p><strong>Estatuto da UFPB<\/strong><\/p>\n\n\n\n<p>&nbsp;<strong>Art. 55.<\/strong>&nbsp;Ao Departamento caber\u00e1, diretamente, a guarda e conserva\u00e7\u00e3o dos bens patrimoniais que lhe forem destinados, no \u00e2mbito do respectivo Centro.<\/p>\n\n\n\n<p><strong>Regimento do CT<\/strong><\/p>\n\n\n\n<p><strong>Art. 30\u00ba<\/strong>&nbsp;Os Laborat\u00f3rios localizados no CT pertencem aos departamentos do Centro de Tecnologia que os criaram.<\/p>\n\n\n\n<p><strong>Par\u00e1grafo \u00fanico.<\/strong>&nbsp;Os coordenadores dos Laborat\u00f3rios do CT ser\u00e3o escolhidos nos seus departamentos e nomeados pelos seus chefes, ouvido o Colegiado do Departamento ou C\u00e2mara Departamental.<\/p>\n\n\n\n<p><strong>Of\u00edcio Circular<\/strong><\/p>\n\n\n\n<p>Trata de informa\u00e7\u00f5es referentes a uma&nbsp;determina\u00e7\u00e3o de que quaisquer recebimentos por servi\u00e7os, bens ou produtos por meio de acordos, contratos e conv\u00eanios&nbsp;mantidos com a UFPB sejam realizados por vias oficiais previstas em leis e\/ou normas desta Universidade.<\/p>\n\n\n\n<p><a href=\"http:\/\/plone.ufpb.br\/deca\/contents\/documentos\/oficios\/oficio_circular_4_2024_reitoria_-_sga_contratos_convenios.pdf\" target=\"_blank\" rel=\"noreferrer noopener\">OF\u00cdCIO CIRCULAR N\u00ba 004\/2024 &#8211; REITORIA UFPB<\/a>&nbsp;| 16 de maio de 2024<\/p>\n\n\n\n<p><a href=\"http:\/\/plone.ufpb.br\/deca\/contents\/documentos\/oficios\/oficio_eletronico_n29_2024_dc_ct.pdf\" target=\"_blank\" rel=\"noreferrer noopener\">OF\u00cdCIO CIRCULAR N\u00ba 029\/2024 &#8211; DIRETORIA DE CENTTRO CT\/UFPB<\/a>&nbsp;| 22 de maio de 2024&nbsp;<\/p>\n\n\n\n<h2 class=\"wp-block-heading\"><div class=\"linha-header\">Celebra\u00e7\u00e3o de acordos, conv\u00eanios ou instrumentos cong\u00eaneres entre a UFPB e institui\u00e7\u00f5es p\u00fablicas e privadas<\/div><\/h2>\n\n\n\n<p class=\" \">**As informa\u00e7\u00f5es a seguir foram retiradas da p\u00e1gina da CODECON.<\/p>\n\n\n\n<p class=\" \">A Coordena\u00e7\u00e3o de Conv\u00eanios (<a href=\"https:\/\/www.ufpb.br\/proplan\/contents\/menu\/coordenacoes\/codecon\" target=\"_blank\" rel=\"noreferrer noopener\">CODECON<\/a>) da Pr\u00f3-reitoria de Planejamento e Desenvolvimento (PROPLAN) da UFPB,&nbsp;tem como objetivo assessorar e orientar a elabora\u00e7\u00e3o de projetos acad\u00eamicos de ensino, pesquisa, extens\u00e3o, desenvolvimento institucional e inova\u00e7\u00e3o tecnol\u00f3gica, com vistas \u00e0 formaliza\u00e7\u00e3o de acordos, conv\u00eanios ou instrumentos cong\u00eaneres com entidades p\u00fablicas e privadas, que promovam o cumprimento das metas e objetivos institucionais, em conson\u00e2ncia com a legisla\u00e7\u00e3o vigente.<\/p>\n\n\n\n<p class=\" \">A Administra\u00e7\u00e3o P\u00fablica vale-se da formaliza\u00e7\u00e3o de instrumentos jur\u00eddicos como meio de oficializar os diversos relacionamentos que desenvolve, seja com \u00f3rg\u00e3os da pr\u00f3pria administra\u00e7\u00e3o p\u00fablica, direta e indireta, nas esferas federal, estadual, municipal e distrital, ou ainda com entidades de natureza privada com ou sem fins lucrativos. Esses documentos, a depender da particularidade das atividades, operacionaliza\u00e7\u00e3o, custos, etc., s\u00e3o definidos na legisla\u00e7\u00e3o vigente com nomenclaturas e requisitos distintos que implicam na fundamenta\u00e7\u00e3o de rotinas espec\u00edficas para cada tipo de instrumento.<\/p>\n\n\n\n<p class=\" \">&nbsp;&nbsp;<\/p>\n\n\n\n<p><strong>Tipos e procedimentos<\/strong><\/p>\n\n\n\n<p class=\" \"><strong>&nbsp;<\/strong><\/p>\n\n\n\n<h3 class=\"wp-block-heading\"><strong>Protocolo de Inten\u00e7\u00f5es<\/strong><\/h3>\n\n\n\n<p class=\" \">Instrumento preparat\u00f3rio que formaliza um compromisso futuro das partes em celebrar um instrumento em termos que ainda ser\u00e3o definidos posteriormente.&nbsp;<a href=\"https:\/\/www.ufpb.br\/proplan\/contents\/menu\/coordenacoes\/codecon\/procedimentos\/protocolo-de-intencoes\" target=\"_blank\" rel=\"noreferrer noopener\">Link para procedimento<\/a><\/p>\n\n\n\n<p class=\" \">&nbsp;&nbsp;<\/p>\n\n\n\n<h3 class=\"wp-block-heading\"><strong>Acordo de Coopera\u00e7\u00e3o de Est\u00e1gio&nbsp;(Celebrado pela Coordena\u00e7\u00e3o Geral de Est\u00e1gio\/PRG, redirecionado para o link abaixo)<\/strong><\/h3>\n\n\n\n<p class=\" \">Instrumento jur\u00eddico firmado com entes p\u00fablicos e privados, visando proporcionar aos discentes regularmente matriculados nos cursos da UFPB a oportunidade de realiza\u00e7\u00e3o de est\u00e1gio na parte concedente.&nbsp;&nbsp;<a href=\"https:\/\/www.ufpb.br\/proplan\/contents\/menu\/coordenacoes\/codecon\/procedimentos\/procedimentos\" target=\"_blank\" rel=\"noreferrer noopener\">Link para procedimento<\/a><\/p>\n\n\n\n<p class=\" \">&nbsp;&nbsp;<\/p>\n\n\n\n<h3 class=\"wp-block-heading\"><strong>Acordo de Coopera\u00e7\u00e3o T\u00e9cnica<\/strong><\/h3>\n\n\n\n<p class=\" \">\u201c<em>instrumento por meio do qual s\u00e3o formalizadas as parcerias estabelecidas pela Administra\u00e7\u00e3o P\u00fablica com organiza\u00e7\u00f5es da sociedade civil, para a consecu\u00e7\u00e3o de finalidade de interesse p\u00fablico e rec\u00edproco que n\u00e3o envolva a transfer\u00eancia de recursos financeiros<\/em>\u201d, de acordo com o Art. 2\u00ba, VIII-A da Lei 13.204,14 de dezembro de 2015.&nbsp;<a href=\"https:\/\/www.ufpb.br\/proplan\/contents\/menu\/coordenacoes\/codecon\/procedimentos\/acordo-de-cooperacao\" target=\"_blank\" rel=\"noreferrer noopener\">Link para procedimento<\/a><\/p>\n\n\n\n<p class=\" \">&nbsp;&nbsp;<\/p>\n\n\n\n<h3 class=\"wp-block-heading\"><strong>Conv\u00eanio com Funda\u00e7\u00e3o de Apoio<\/strong><\/h3>\n\n\n\n<p class=\" \">A&nbsp;Lei n\u00ba 8.958, de 20 de dezembro de 1994, Art. 1\u00ba, prev\u00ea que:<em>&nbsp;&#8220;As Institui\u00e7\u00f5es Federais de Ensino Superior &#8211; IFES e as demais Institui\u00e7\u00f5es Cient\u00edficas e Tecnol\u00f3gicas &#8211; ICTs, de que trata a Lei n\u00ba 10.973, de 2 de dezembro de 2004, poder\u00e3o celebrar&nbsp;<strong>conv\u00eanios<\/strong>&nbsp;e contratos, nos termos do inciso XIII do caput do art. 24 da Lei no&nbsp;8.666, de 21 de junho de 1993, por prazo determinado,&nbsp;<strong>com funda\u00e7\u00f5es<\/strong>&nbsp;institu\u00eddas com a finalidade de apoiar projetos de ensino, pesquisa, extens\u00e3o, desenvolvimento institucional, cient\u00edfico e tecnol\u00f3gico e est\u00edmulo \u00e0 inova\u00e7\u00e3o, inclusive na gest\u00e3o administrativa e financeira necess\u00e1ria \u00e0 execu\u00e7\u00e3o desses projetos<\/em><em>.&#8221;&nbsp;<\/em><a href=\"https:\/\/www.ufpb.br\/proplan\/contents\/menu\/coordenacoes\/codecon\/procedimentos\/convenio-ecti\" target=\"_blank\" rel=\"noreferrer noopener\">Link para procedimento.<\/a><\/p>\n\n\n\n<p class=\" \">&nbsp;&nbsp;<\/p>\n\n\n\n<h3 class=\"wp-block-heading\"><strong>Conv\u00eanio de Receita<\/strong><\/h3>\n\n\n\n<p class=\" \">Acordos firmados entre a UFPB e entidades p\u00fablicas estaduais ou municipais, assim como, entidades privadas com e sem fins lucrativos, com recebimento de recursos financeiros, visando \u00e0 execu\u00e7\u00e3o de projeto ou atividade de interesse rec\u00edproco, em regime de m\u00fatua coopera\u00e7\u00e3o.&nbsp;<a href=\"https:\/\/www.ufpb.br\/proplan\/contents\/menu\/coordenacoes\/codecon\/procedimentos\/convenio-de-receita\" target=\"_blank\" rel=\"noreferrer noopener\">Link para procedimento.<\/a><\/p>\n\n\n\n<p class=\" \">&nbsp;&nbsp;<\/p>\n\n\n\n<h3 class=\"wp-block-heading\"><strong>Termo de Execu\u00e7\u00e3o Descentralizada<\/strong><\/h3>\n\n\n\n<p class=\" \">\u201cinstrumento por meio do qual \u00e9 ajustada a descentraliza\u00e7\u00e3o de cr\u00e9dito entre \u00f3rg\u00e3os e\/ou entidades integrantes dos Or\u00e7amentos Fiscal e da Seguridade Social da Uni\u00e3o, para execu\u00e7\u00e3o de a\u00e7\u00f5es de interesse da unidade or\u00e7ament\u00e1ria descentralizadora e consecu\u00e7\u00e3o do objeto previsto no programa de trabalho,&nbsp;<strong>respeitada fielmente a classifica\u00e7\u00e3o funcional program\u00e1tica<\/strong>\u201d.&nbsp;<a href=\"https:\/\/www.ufpb.br\/proplan\/contents\/menu\/coordenacoes\/codecon\/procedimentos\/ted\/ted\" target=\"_blank\" rel=\"noreferrer noopener\">Link para procedimento<\/a>.<\/p>\n\n\n\n<p class=\" \">&nbsp;<\/p>\n\n\n\n<figure class=\"wp-block-image\"><a class=\"external-link\" href=\"http:\/\/www.in.gov.br\/web\/dou\/-\/edital-n-1-de-11-de-agosto-de-2023-504006103\" target=\"_blank\" rel=\"noreferrer noopener\"><img decoding=\"async\" src=\"http:\/\/plone.ufpb.br\/deca\/contents\/imagens\/home\/Credenciamento.png\" alt=\"Credenciamento\" title=\"Credenciamento\" \/><\/a><\/figure>\n\n\n\n<p class=\" \">&nbsp;<\/p>\n\n\n\n<h2 class=\"wp-block-heading\"><div class=\"linha-header\">Funda\u00e7\u00f5es de Apoio Credenciadas \u00e0 UFPB<\/div><\/h2>\n\n\n\n<h2 class=\"wp-block-heading\"><div class=\"linha-header\"><\/div><\/h2>\n\n\n\n<h2 class=\"wp-block-heading\"><div class=\"linha-header\">Funda\u00e7\u00f5es de Apoio Credenciadas \u00e0 UFPB<\/div><\/h2>\n\n\n\n<p>&nbsp;&nbsp; &nbsp; &nbsp; &nbsp; &nbsp; &nbsp; &nbsp; &nbsp;&nbsp;&nbsp;&nbsp;&nbsp;<a href=\"https:\/\/www.ufpb.br\/proplan\/contents\/menu\/coordenacoes\/codecon\/fundacoesdeapoiocredenciadas\/funetec-pb-fundacao-de-educacao-tecnologica-e-cultural-da-paraiba\" target=\"_blank\" rel=\"noreferrer noopener\">&nbsp;&nbsp; &nbsp; &nbsp; &nbsp; &nbsp; &nbsp; &nbsp; &nbsp; &nbsp;&nbsp;<\/a><\/p>\n\n\n\n<h2 class=\"wp-block-heading\"><div class=\"linha-header\">Funda\u00e7\u00f5es de Apoio &#8211; Transpar\u00eancia<\/div><\/h2>\n\n\n\n<p class=\" \">Para atendimento ao Art. 4\u00ba-A da Lei 8.958 de 20 de dezembro de 1994, disponibilizamos abaixo os links dos portais de transpar\u00eancia das Funda\u00e7\u00f5es de Apoio Credenciadas pela UFPB:<\/p>\n\n\n\n<p class=\" \">&nbsp;<\/p>\n\n\n\n<ul class=\"wp-block-list\">\n<li><strong>Funda\u00e7\u00e3o de Apoio \u00e0 Universidade Federal de Pernambuco &#8211; FADE<\/strong><\/li>\n<\/ul>\n\n\n\n<p><a href=\"https:\/\/sistemas.fade.org.br\/PortalTransparencia\/PortalInicio.aspx\">https:\/\/sistemas.fade.org.br\/PortalTransparencia\/PortalInicio.aspx<\/a><\/p>\n\n\n\n<ul class=\"wp-block-list\">\n<li>&nbsp;<strong>Funda\u00e7\u00e3o Parque Tecnol\u00f3gico da Para\u00edba &#8211; PaqTcPB<\/strong><\/li>\n<\/ul>\n\n\n\n<p><a href=\"https:\/\/sgi.paqtc.org.br\/Portal_Transparencia\">https:\/\/sgi.paqtc.org.br\/Portal_Transparencia<\/a><\/p>\n\n\n\n<ul class=\"wp-block-list\">\n<li><strong>Funda\u00e7\u00e3o de Educa\u00e7\u00e3o Tecnol\u00f3gica e Cultural da Para\u00edba &#8211; FUNETEC<\/strong><\/li>\n<\/ul>\n\n\n\n<p><a href=\"https:\/\/www.funetec.com\/transparencia\">https:\/\/www.funetec.com\/transparencia<\/a><\/p>\n\n\n\n<p class=\" \">&nbsp;<\/p>\n\n\n\n<h2 class=\"wp-block-heading\"><div class=\"linha-header\">Legisla\u00e7\u00e3o correlata:<\/div><\/h2>\n\n\n\n<p class=\" \">&nbsp;1. LEGISLA\u00c7\u00c3O FEDERAL:<\/p>\n\n\n\n<figure class=\"wp-block-table\"><table class=\"has-fixed-layout\"><tbody><tr><td><strong>LEI N\u00ba 8.958\/1994, DE 20 DE DEZEMBRO DE 1994<\/strong>Disp\u00f5e sobre as rela\u00e7\u00f5es entre as institui\u00e7\u00f5es federais de ensino superior e de pesquisa cient\u00edfica e tecnol\u00f3gica e as funda\u00e7\u00f5es de apoio e d\u00e1 outras provid\u00eancias.<\/td><td><a href=\"http:\/\/www.planalto.gov.br\/ccivil_03\/leis\/L8958compilado.htm\" target=\"_blank\" rel=\"noreferrer noopener\">link<\/a><\/td><\/tr><tr><td><strong>DECRETO N\u00ba 7.423\/2010, DE 31 DE DEZEMBRO DE 2010<\/strong>Regulamenta a Lei no&nbsp;8.958, de 20 de dezembro de 1994, que disp\u00f5e sobre as rela\u00e7\u00f5es entre as institui\u00e7\u00f5es federais de ensino superior e de pesquisa cient\u00edfica e tecnol\u00f3gica e as funda\u00e7\u00f5es de apoio, e revoga o Decreto no&nbsp;5.205, de 14 de setembro de 2004.<\/td><td><a href=\"http:\/\/www.planalto.gov.br\/ccivil_03\/_Ato2007-2010\/2010\/Decreto\/D7423.htm\" target=\"_blank\" rel=\"noreferrer noopener\">link<\/a><\/td><\/tr><tr><td><strong>PORTARIA N\u00ba 424\/2016, DE 30 DE DEZEMBRO DE 2016<\/strong>Estabelece normas para execu\u00e7\u00e3o do disposto no Decreto no 6.170, de 25 de julho de 2007, que disp\u00f5e sobre as normas relativas \u00e0s transfer\u00eancias de recursos da Uni\u00e3o mediante conv\u00eanios e contratos de repasse, revoga a Portaria Interministerial n\u00ba 127\/MP\/MF\/CGU, de 29 de maio de 2008 e d\u00e1 outras provid\u00eancias.<\/td><td><a href=\"https:\/\/in.gov.br\/materia\/-\/asset_publisher\/Kujrw0TZC2Mb\/content\/id\/20457541\/do1-2017-01-02-portaria-interministerial-n-424-de-30-de-dezembro-de-2016-20457287\" target=\"_blank\" rel=\"noreferrer noopener\">link<\/a><\/td><\/tr><tr><td><strong>DECRETO N\u00ba 6.170\/2010, DE 25 DE JULHO DE 2007<\/strong>Disp\u00f5e sobre as normas relativas \u00e0s transfer\u00eancias de recursos da Uni\u00e3o mediante conv\u00eanios e contratos de repasse, e d\u00e1 outras provid\u00eancias.<\/td><td><a href=\"http:\/\/www.planalto.gov.br\/ccivil_03\/_ato2007-2010\/2007\/decreto\/d6170.htm\" target=\"_blank\" rel=\"noreferrer noopener\">link<\/a><\/td><\/tr><\/tbody><\/table><\/figure>\n\n\n\n<p><\/p>\n\n\n\n<p>2. REGULAMENTA\u00c7\u00c3O INTERNA DA UFPB:<\/p>\n\n\n\n<figure class=\"wp-block-table\"><table class=\"has-fixed-layout\"><tbody><tr><td><strong>RESOLU\u00c7\u00c3O n\u00ba 35\/2013 &#8211; CONSELHO UNIVERSIT\u00c1RIO &#8211; CONSUNI<\/strong>Fixa normas para retribui\u00e7\u00e3o a docentes por participa\u00e7\u00e3o em Bancas ou Comiss\u00f5es Julgadoras de Concurso P\u00fablico no \u00e2mbito da UFPB, al\u00e9m de disciplinar o relacionamento entre a UFPB e Funda\u00e7\u00f5es de Apoio, estabelecendo os procedimentos operacionais, or\u00e7ament\u00e1rios e financeiros de Projetos Acad\u00eamicos, de Ensino e Extens\u00e3o, Projetos de Pesquisa, de Desenvolvimento Institucional e de est\u00edmulo \u00e0 inova\u00e7\u00e3o desenvolvidos com as Funda\u00e7\u00f5es de Apoio<\/td><\/tr><\/tbody><\/table><\/figure>\n","protected":false},"excerpt":{"rendered":"<p>Est\u00e1 p\u00e1gina cont\u00e9m os normativos relacionados aos Laborat\u00f3rios do DECA. Estatuto da UFPB &nbsp;Art. 55.&nbsp;Ao [&hellip;]<\/p>\n","protected":false},"author":171,"featured_media":0,"parent":0,"menu_order":0,"comment_status":"closed","ping_status":"closed","template":"","meta":{"footnotes":""},"class_list":["post-71","page","type-page","status-publish","hentry"],"_links":{"self":[{"href":"https:\/\/www.ct.ufpb.br\/deca\/wp-json\/wp\/v2\/pages\/71","targetHints":{"allow":["GET"]}}],"collection":[{"href":"https:\/\/www.ct.ufpb.br\/deca\/wp-json\/wp\/v2\/pages"}],"about":[{"href":"https:\/\/www.ct.ufpb.br\/deca\/wp-json\/wp\/v2\/types\/page"}],"author":[{"embeddable":true,"href":"https:\/\/www.ct.ufpb.br\/deca\/wp-json\/wp\/v2\/users\/171"}],"replies":[{"embeddable":true,"href":"https:\/\/www.ct.ufpb.br\/deca\/wp-json\/wp\/v2\/comments?post=71"}],"version-history":[{"count":1,"href":"https:\/\/www.ct.ufpb.br\/deca\/wp-json\/wp\/v2\/pages\/71\/revisions"}],"predecessor-version":[{"id":72,"href":"https:\/\/www.ct.ufpb.br\/deca\/wp-json\/wp\/v2\/pages\/71\/revisions\/72"}],"wp:attachment":[{"href":"https:\/\/www.ct.ufpb.br\/deca\/wp-json\/wp\/v2\/media?parent=71"}],"curies":[{"name":"wp","href":"https:\/\/api.w.org\/{rel}","templated":true}]}}