{"id":66,"date":"2025-08-06T16:17:17","date_gmt":"2025-08-06T19:17:17","guid":{"rendered":"https:\/\/www.ct.ufpb.br\/dau\/?page_id=66"},"modified":"2026-03-01T10:16:51","modified_gmt":"2026-03-01T13:16:51","slug":"laboratorios","status":"publish","type":"page","link":"https:\/\/www.ct.ufpb.br\/dau\/laboratorios\/","title":{"rendered":"Laborat\u00f3rios"},"content":{"rendered":"\n<p><\/p>\n\n\n\n<p><strong>Seis laborat\u00f3rios s\u00e3o vinculados institucionalmente ao Departamento de Arquitetura e Urbanismo.&nbsp;Mais detalhes no site de cada laborat\u00f3rio.<\/strong><\/p>\n\n\n\n<figure class=\"wp-block-table is-style-stripes\"><table class=\"has-fixed-layout\"><tbody><tr><td colspan=\"2\"><strong>LABORAT\u00d3RIO DE CONFORTO AMBIENTAL \u2013 LABCON (11.00.55.26)<\/strong><\/td><\/tr><tr><td>Coordenadora<\/td><td>Solange Maria Leder<\/td><\/tr><tr><td>P\u00e1gina na Web<\/td><td><strong><a href=\"https:\/\/security.ufpb.br\/labcon\" target=\"_blank\" rel=\"noreferrer noopener\">https:\/\/security.ufpb.br\/labcon<\/a><\/strong><\/td><\/tr><tr><td>E-mail<\/td><td>solangeleder@yahoo.com.br<\/td><\/tr><tr><td>Localiza\u00e7\u00e3o<\/td><td>Salas 22 e 44 do Bloco do Ambiente dos Professores &#8211; CT &#8211; UFPB<\/td><\/tr><tr><td colspan=\"2\"><strong>SERVI\u00c7OS QUE PODEM SER REALIZADOS<\/strong><\/td><\/tr><tr><td colspan=\"2\">Caracteriza\u00e7\u00e3o e an\u00e1lise das condi\u00e7\u00f5es de conforto ambiental: ac\u00fastica, lum\u00ednica e t\u00e9rmica, em edifica\u00e7\u00f5es e meio urbano; Auditoria energ\u00e9tica em edifica\u00e7\u00f5es, com objetivo de redu\u00e7\u00e3o no consumo de energia e melhoria nas condi\u00e7\u00f5es de conforto; An\u00e1lise para certifica\u00e7\u00e3o de edifica\u00e7\u00f5es, segundo a regulamenta\u00e7\u00e3o t\u00e9cnica para efici\u00eancia energ\u00e9tica das edifica\u00e7\u00f5es do INMETRO; Forma\u00e7\u00e3o e reciclagem de profissionais para a aplica\u00e7\u00e3o de t\u00e9cnicas de projeto e estrat\u00e9gias passivas de adequa\u00e7\u00e3o clim\u00e1tica, para conforto ambiental e efici\u00eancia energ\u00e9tica das edifica\u00e7\u00f5es; Forma\u00e7\u00e3o de pessoal t\u00e9cnico especializado para as atividades de certifica\u00e7\u00e3o de edifica\u00e7\u00f5es, segundo a regulamenta\u00e7\u00e3o t\u00e9cnica pra efici\u00eancia energ\u00e9tica das edifica\u00e7\u00f5es do INMETRO.<\/td><\/tr><tr><td colspan=\"2\"><strong>PESQUISAS QUE PODEM SER REALIZADAS<\/strong><\/td><\/tr><tr><td colspan=\"2\">Desenvolvimento de novas tecnologias voltadas ao tema Efici\u00eancia Energ\u00e9tica em edifica\u00e7\u00f5es; Caracteriza\u00e7\u00e3o e an\u00e1lise do conforto ambiental no espa\u00e7o edificado e no meio urbano; Medi\u00e7\u00e3o de propriedades t\u00e9rmicas de materiais e componentes construtivos, correlacionando comportamento de materiais; An\u00e1lise de estrat\u00e9gias de projeto, condi\u00e7\u00f5es do entorno e outras caracter\u00edsticas da edifica\u00e7\u00e3o e meio urbano, associadas a maior desempenho energ\u00e9tico; Medi\u00e7\u00e3o e monitoramento das principais vari\u00e1veis ambientais: temperatura do ar e temperatura radiante, velocidade do ar, umidade do ar e ilumin\u00e2ncia; Monitoramento de vari\u00e1veis climatol\u00f3gicas \u2013 an\u00e1lise de micro climas locais e forma\u00e7\u00e3o de banco de dados para a representa\u00e7\u00e3o do clima na simula\u00e7\u00e3o computacional de desempenho ambiental e energ\u00e9tico de edifica\u00e7\u00f5es; Simula\u00e7\u00e3o computacional do comportamento de vari\u00e1veis como ventila\u00e7\u00e3o, insola\u00e7\u00e3o, ilumina\u00e7\u00e3o, carga t\u00e9rmica e ac\u00fastica em edifica\u00e7\u00f5es e meio urbano. Permitindo an\u00e1lises de situa\u00e7\u00f5es atuais, assim como novos projetos e cen\u00e1rios de ocupa\u00e7\u00e3o urbana; Auditoria energ\u00e9tica em edifica\u00e7\u00f5es e identifica\u00e7\u00e3o de padr\u00e3o de uso;<\/td><\/tr><\/tbody><\/table><\/figure>\n\n\n\n<figure class=\"wp-block-table\"><table class=\"has-fixed-layout\"><tbody><tr><td colspan=\"2\"><strong>LABORAT\u00d3RIO DE ACESSIBILIDADE&nbsp;<\/strong>\u2013 LACESSE (11.01.17.05.02)<\/td><\/tr><tr><td>Coordenadora<\/td><td>Angelina Dias Le\u00e3o Costa<\/td><\/tr><tr><td>T\u00e9cnica<\/td><td>Bruna Ramalho Sarmento<\/td><\/tr><tr><td>P\u00e1gina na Web<\/td><td><strong><a href=\"http:\/\/plone.ufpb.br\/ctarq\/lacesse\">http:\/\/www.ct.ufpb.br\/lacesse<\/a><\/strong> <strong><a href=\"https:\/\/lacesse.wixsite.com\/ufpb\/inicio\" target=\"_blank\" rel=\"noreferrer noopener\">https:\/\/lacesse.wixsite.com\/ufpb\/inicio<\/a><\/strong><\/td><\/tr><tr><td>E-mail<\/td><td>angelinadlcosta@yahoo.com.br <a href=\"mailto:lacesse-ufpb@hotmail.com\">lacesse-ufpb@hotmail.com<\/a><\/td><\/tr><tr><td>Telefone<\/td><td>(83) 3216-7077<\/td><\/tr><tr><td colspan=\"2\"><strong>SERVI\u00c7OS QUE PODEM SER REALIZADOS<\/strong><\/td><\/tr><tr><td colspan=\"2\">&nbsp; Contribuir para a melhoria da qualidade do ensino do curso de Arquitetura e Urbanismo e \u00e1reas afins, num espa\u00e7o de refer\u00eancia te\u00f3rica e pr\u00e1tica, uma vez que o laborat\u00f3rio pode oferecer pr\u00e1ticas tais como a Viv\u00eancia de Acessibilidade (para as disciplinas de Desenho&nbsp;Urbano I, Projeto de Edifica\u00e7\u00f5es, dentre outros), al\u00e9m de fonte de consulta para as demais disciplinas de projeto, tecnologia e urbanismo; Desenvolver pesquisas na \u00e1rea, compartilhando conhecimento; Abrigar atividades de extens\u00e3o vinculadas \u00e0 tem\u00e1tica, o que \u00e9 uma necessidade real tanto interna quanto externa \u00e0 UFPB, de apropria\u00e7\u00e3o com a comunidade. Apoiar o desenvolvimento de disserta\u00e7\u00f5es de Mestrado e Doutorado do PPGAU; Estabelecer parcerias com laborat\u00f3rios do DAU, da UFPB (outros departamentos) e institui\u00e7\u00f5es; Estabelecer parcerias com \u00f3rg\u00e3os p\u00fablicos, al\u00e9m de n\u00e3o governamentais; Difundir ci\u00eancia e tecnologia por meio da divulga\u00e7\u00e3o p\u00fablica de resultados de pesquisas em andamento; Dar suporte \u00e0s a\u00e7\u00f5es do Comit\u00ea de Inclus\u00e3o e Acessibilidade &#8211; CIA da UFPB, por meio da participa\u00e7\u00e3o efetiva no Grupo de Trabalho &#8216;Acessibilidade Arquitet\u00f4nica&#8217;, onde o laborat\u00f3rio mant\u00e9m um assento.<\/td><\/tr><tr><td colspan=\"2\"><strong>PESQUISAS QUE PODEM SER REALIZADAS<\/strong><\/td><\/tr><tr><td colspan=\"2\">&nbsp;Linha de pesquisa&nbsp;1:&nbsp;Acessibilidade e Percep\u00e7\u00e3o do ambiente constru\u00eddo. &nbsp;Descri\u00e7\u00e3o: Abrange pesquisas voltadas para a acessibilidade em seu sentido amplo, contemplando a percep\u00e7\u00e3o ambiental. Consideram-se os usu\u00e1rios (inclusive aqueles com alguma defici\u00eancia) e a melhoria cont\u00ednua do processo de projeto atrav\u00e9s de m\u00e9todos e t\u00e9cnicas (inclusive de avalia\u00e7\u00e3o p\u00f3s-ocupa\u00e7\u00e3o); tendo como objetos de estudo tanto o edif\u00edcio quanto o meio urbano constru\u00eddo (em pequena escala), na perspectiva do design universal. Fundamentam-se em reflex\u00f5es te\u00f3ricas, conceituais e metodol\u00f3gicas e em uma an\u00e1lise multidisciplinar, envolvendo v\u00e1rios campos da ci\u00eancia. Tem como palavras-chave:&nbsp;Acessibilidade integral;&nbsp;Percep\u00e7\u00e3o Ambiental;&nbsp;Rela\u00e7\u00e3o pessoa-ambiente;&nbsp;Design universal;&nbsp;Qualidade do projeto; Novas tecnologias; e Processo de projeto colaborativo e participativo.&nbsp;Como parte integrante desse projeto j\u00e1 foram defendidas 04 disserta\u00e7\u00f5es, sob a orienta\u00e7\u00e3o da docente, a saber: \u201cInser\u00e7\u00e3o de acessibilidade em \u00e1reas tombadas: Roteiro tur\u00edstico para pedestres no Centro de Jo\u00e3o Pessoa-PB\u201d (Emanoella Matias, 2015), Acessibilidade f\u00edsico-espacial em hospital p\u00fablico na percep\u00e7\u00e3o do usu\u00e1rio com defici\u00eancia: estudo de caso em Jo\u00e3o Pessoa-PB (Larissa Silva, 2014),&nbsp;Acessibilidade em sistema de circula\u00e7\u00e3o de pedestre: Avalia\u00e7\u00e3o do Campus I da UFPB (Bruna Sarmento, 2012)&nbsp;e Acessibilidade f\u00edsica do idoso ao espa\u00e7o p\u00fablico: Estudo e proposi\u00e7\u00f5es projetuais em Jo\u00e3o Pessoa-PB (Marcella Cunha, 2011). Al\u00e9m disso, j\u00e1 foram desenvolvidos alguns importantes projetos e programas de extens\u00e3o, com financiamento, tais como: \u201cAcessibilidade, Tecnologias Assistivas e Inclus\u00e3o: UFPB para todos\u201d (PROEXT, 2014). &nbsp;Linha de pesquisa 2:&nbsp;Mobilidade e Qualidade ambiental urbana. &nbsp;Descri\u00e7\u00e3o:&nbsp;Contempla&nbsp;pesquisas sobre a mobilidade urbana e a qualidade ambiental urbana, englobando o planejamento de uso e ocupa\u00e7\u00e3o do solo, e o desenho urbano, a partir de uma vis\u00e3o mais sustent\u00e1vel, e na escala da fra\u00e7\u00e3o urbana (micro). Estudam-se aspectos de conforto ambiental como componente essencial da qualidade do espa\u00e7o constru\u00eddo. Trabalhe-se com foco no transporte ativo (pedestre e bicicleta).Tem como palavras-chave:&nbsp;Transporte Ativo (pedestre e bicicleta);&nbsp;Percep\u00e7\u00e3o Ambiental;&nbsp;Espa\u00e7os Livres P\u00fablicos;&nbsp;Mobilidade Urbana;&nbsp;Planejamento Experimental; e Projeto colaborativo e participativo.&nbsp;Como parte integrante desse projeto j\u00e1 foram defendidas 03&nbsp;disserta\u00e7\u00f5es, sob a orienta\u00e7\u00e3o da docente, cujos t\u00edtulos seguem: \u201cO potencial da bicicleta para a melhoria da mobilidade urbana: Estudo de caso do Campus I da UFPB\u201d(Caroline Cevada, 2015); \u201cA qualidade das cal\u00e7adas e agentes: Um estudo de caso da Av. Pres. Epit\u00e1cio Pessoa-PB\u201d(Marjorie Gomes, 2015);&nbsp; \u201cCiclovias como uma alternativa para a mobilidade urbana sustent\u00e1vel: os casos de Manaus-AM e Jo\u00e3o Pessoa-PB\u201d(Helen Neri, 2014), . E conclu\u00eddos 03 PIBICs (2012-2013\/ 2013-2014\/ 2014-2015); al\u00e9m de alguns programas de extens\u00e3o importantes como o \u201cCaminhos acess\u00edveis: Mobilidade inclusiva na UFPB\u201d (PROEXT 2014) e o \u201cPrograma Incluir\u201d (2011). Linha de pesquisa 3:&nbsp;Projeto centrado no usu\u00e1rio Descri\u00e7\u00e3o:&nbsp;Pesquisas voltadas para a acessibilidade em seu sentido amplo, contemplando aspectos ergon\u00f4micos, tecnol\u00f3gicos e de percep\u00e7\u00e3o ambiental. Consideram os usu\u00e1rios como foco do projeto (inclusive aqueles com defici\u00eancia e\/ou mobilidade reduzida) e a melhoria cont\u00ednua do processo de projeto atrav\u00e9s de m\u00e9todos e t\u00e9cnicas de avalia\u00e7\u00e3o; tendo como objetos de estudo tanto o edif\u00edcio quanto o meio urbano constru\u00eddo (em pequena escala, contemplando a\u00ed a mobilidade ativa). Fundamentam-se em reflex\u00f5es conceituais e metodol\u00f3gicas e em uma an\u00e1lise multidisciplinar, envolvendo pr\u00e1ticas de colabora\u00e7\u00e3o e participa\u00e7\u00e3o.<\/td><\/tr><\/tbody><\/table><\/figure>\n\n\n\n<figure class=\"wp-block-table\"><table class=\"has-fixed-layout\"><tbody><tr><td colspan=\"2\"><strong>LABORAT\u00d3RIO DE ESTUDOS SOBRE CIDADE, CULTURA E URBANIDADE &#8211; LECCU<\/strong><strong>R (11.00.55.33)<\/strong><\/td><\/tr><tr><td>Coordenadora<\/td><td>Marcele Trigueiro de Ara\u00fajo Morais<\/td><\/tr><tr><td>P\u00e1gina na Web<\/td><td><a href=\"https:\/\/leccur.wordpress.com\/\" target=\"_blank\" rel=\"noreferrer noopener\">https:\/\/leccur.wordpress.com\/<\/a><\/td><\/tr><tr><td>E-mail<\/td><td><a href=\"mailto:marcele.trigueiro@gmail.com\">marcele.trigueiro@gmail.com<\/a> <a href=\"mailto:leccur@gmail.com\">leccur@gmail.com<\/a><\/td><\/tr><\/tbody><\/table><\/figure>\n\n\n\n<figure class=\"wp-block-table\"><table class=\"has-fixed-layout\"><tbody><tr><td colspan=\"2\"><strong>LABORAT\u00d3RIO DE MODELOS E PROTOTIPAGEM<\/strong><strong>&nbsp;\u2013 LM + P (11.00.55.72)<\/strong><\/td><\/tr><tr><td>Coordenadora<\/td><td>Luciana Andrade Dos Passos<\/td><\/tr><tr><td>T\u00e9cnico<\/td><td>Jesse Pedro Gomes Junior<\/td><\/tr><tr><td>P\u00e1gina na Web<\/td><td><a href=\"https:\/\/www.lmpufpb.com\/\" target=\"_blank\" rel=\"noreferrer noopener\">https:\/\/www.lmpufpb.com\/<\/a><\/td><\/tr><tr><td>E-mail<\/td><td><a href=\"mailto:lmpufpb@gmail.com\">lmpufpb@gmail.com<\/a> Luciana.passos@academico.ufpb.br<\/td><\/tr><tr><td>Localiza\u00e7\u00e3o<\/td><td>Bloco H \u2013 CT &#8211; T\u00e9rreo<\/td><\/tr><tr><td colspan=\"2\"><strong>SERVI\u00c7OS QUE PODEM SER REALIZADOS<\/strong><\/td><\/tr><tr><td colspan=\"2\">Maquetes arquitet\u00f4nicas, f\u00edsicas e virtuais, modelos de objetos.<\/td><\/tr><tr><td colspan=\"2\"><strong>PESQUISAS QUE PODEM SER REALIZADAS<\/strong><\/td><\/tr><tr><td colspan=\"2\">Pesquisas sobre formas tridimensionais e estudo de criatividade, assist\u00eancia educacional \u00e0 UFPB e sociedade civil organizada (ONGS).<\/td><\/tr><\/tbody><\/table><\/figure>\n\n\n\n<figure class=\"wp-block-table\"><table class=\"has-fixed-layout\"><tbody><tr><td colspan=\"2\"><strong>LABORAT\u00d3RIO DE PESQUISA, PROJETO E MEM\u00d3RIA &#8211; LPPM<\/strong>&nbsp;(11.01.17.05.01)<\/td><\/tr><tr><td>Coordenadora<\/td><td>Wylnna Carlos Lima Vidal<\/td><\/tr><tr><td>P\u00e1gina na Web<\/td><td><a href=\"https:\/\/ufpblppm.wixsite.com\/lppm\" target=\"_blank\" rel=\"noreferrer noopener\">https:\/\/ufpblppm.wixsite.com\/lppm<\/a><\/td><\/tr><tr><td>E-mail<\/td><td>wylnna.vidal@academico.ufpb.br <a href=\"mailto:ufpblppm@gmail.com\">ufpblppm@gmail.com<\/a><\/td><\/tr><tr><td>Localiza\u00e7\u00e3o<\/td><td>Biblioteca Setorial \u2013 CT e Ambiente dos Professores (sala 40)<\/td><\/tr><tr><td colspan=\"2\"><strong>SERVI\u00c7OS QUE PODEM SER REALIZADOS<\/strong><\/td><\/tr><tr><td colspan=\"2\">Pesquisas e produ\u00e7\u00e3o de conhecimento no campo de abrang\u00eancia da Teoria e Hist\u00f3ria da Arquitetura e do Urbanismo; Desenvolvimento de projetos para institui\u00e7\u00f5es que tratam da preserva\u00e7\u00e3o do patrim\u00f4nio; Apoio a atividades de ensino da gradua\u00e7\u00e3o e p\u00f3s-gradua\u00e7\u00e3o em Arquitetura e Urbanismo;<\/td><\/tr><tr><td colspan=\"2\"><strong>PESQUISAS QUE PODEM SER REALIZADAS<\/strong><\/td><\/tr><tr><td colspan=\"2\">Pesquisas relativas ao campo de abrang\u00eancia da Teoria e Hist\u00f3ria da Arquitetura e do Urbanismo, da preserva\u00e7\u00e3o do patrim\u00f4nio e interven\u00e7\u00e3o em \u00e1reas de interesse hist\u00f3rico.<\/td><\/tr><\/tbody><\/table><\/figure>\n\n\n\n<figure class=\"wp-block-table is-style-stripes\"><table class=\"has-fixed-layout\"><tbody><tr><td colspan=\"2\"><strong>LABORAT\u00d3RIO DO AMBIENTE URBANO E EDIFICADO \u2013 LAURBE (11.00.55.23<\/strong>)<\/td><\/tr><tr><td>Coordenadora<\/td><td>Ana Gomes Negr\u00e3o<\/td><\/tr><tr><td>P\u00e1gina na Web<\/td><td><a href=\"https:\/\/laurbeufpb.wixsite.com\/laurbe\" target=\"_blank\" rel=\"noreferrer noopener\">https:\/\/laurbeufpb.wixsite.com\/laurbe<\/a><\/td><\/tr><tr><td>E-mail<\/td><td>ct.laurbe@gmail.com<\/td><\/tr><tr><td>Telefone<\/td><td>3216-7601<\/td><\/tr><tr><td>Localiza\u00e7\u00e3o<\/td><td>Salas 23 e 24 do Bloco do Ambiente dos Professores &#8211; CT<\/td><\/tr><tr><td colspan=\"2\"><strong>SERVI\u00c7OS QUE PODEM SER REALIZADOS<\/strong><\/td><\/tr><tr><td colspan=\"2\">Apoio a planos e a projetos urbanos: planos diretores, projetos de (re) urbaniza\u00e7\u00e3o e desenho urbano, gest\u00e3o urbana, investiga\u00e7\u00f5es sobre qualidade de vida e desempenho das cidades, transportes urbanos e projetos de arquitetura.<\/td><\/tr><tr><td colspan=\"2\"><strong>PESQUISAS QUE PODEM SER REALIZADAS<\/strong><\/td><\/tr><tr><td colspan=\"2\">Din\u00e2micas da expans\u00e3o urbana, centralidades intra-urbanas, desempenho urbano, regi\u00f5es metropolitanas, gest\u00e3o urbana, qualidade de vida na cidade e acessibilidade e mobilidade intra-urbana.<\/td><\/tr><\/tbody><\/table><\/figure>\n\n\n\n<p><\/p>\n","protected":false},"excerpt":{"rendered":"<p>Seis laborat\u00f3rios s\u00e3o vinculados institucionalmente ao Departamento de Arquitetura e Urbanismo.&nbsp;Mais detalhes no site de [&hellip;]<\/p>\n","protected":false},"author":171,"featured_media":0,"parent":0,"menu_order":0,"comment_status":"closed","ping_status":"closed","template":"","meta":{"footnotes":""},"class_list":["post-66","page","type-page","status-publish","hentry"],"_links":{"self":[{"href":"https:\/\/www.ct.ufpb.br\/dau\/wp-json\/wp\/v2\/pages\/66","targetHints":{"allow":["GET"]}}],"collection":[{"href":"https:\/\/www.ct.ufpb.br\/dau\/wp-json\/wp\/v2\/pages"}],"about":[{"href":"https:\/\/www.ct.ufpb.br\/dau\/wp-json\/wp\/v2\/types\/page"}],"author":[{"embeddable":true,"href":"https:\/\/www.ct.ufpb.br\/dau\/wp-json\/wp\/v2\/users\/171"}],"replies":[{"embeddable":true,"href":"https:\/\/www.ct.ufpb.br\/dau\/wp-json\/wp\/v2\/comments?post=66"}],"version-history":[{"count":1,"href":"https:\/\/www.ct.ufpb.br\/dau\/wp-json\/wp\/v2\/pages\/66\/revisions"}],"predecessor-version":[{"id":67,"href":"https:\/\/www.ct.ufpb.br\/dau\/wp-json\/wp\/v2\/pages\/66\/revisions\/67"}],"wp:attachment":[{"href":"https:\/\/www.ct.ufpb.br\/dau\/wp-json\/wp\/v2\/media?parent=66"}],"curies":[{"name":"wp","href":"https:\/\/api.w.org\/{rel}","templated":true}]}}