{"id":197,"date":"2023-07-11T15:52:00","date_gmt":"2023-07-11T18:52:00","guid":{"rendered":"https:\/\/www.ct.ufpb.br\/cgceq\/?post_type=edital&#038;p=197"},"modified":"2026-03-23T19:07:24","modified_gmt":"2026-03-23T22:07:24","slug":"programa-moura-de-estagio-2023-2","status":"publish","type":"edital","link":"https:\/\/www.ct.ufpb.br\/cgceq\/edital\/programa-moura-de-estagio-2023-2\/","title":{"rendered":"Programa Moura de Est\u00e1gio 2023.2"},"content":{"rendered":"\n<p>Recife\/PE e Belo Jardim\/PE<br><br>DESCRI\u00c7\u00c3O DA VAGA<\/p>\n\n\n\n<p>Venha fazer parte de uma empresa que preza pelo desenvolvimento e crescimento da sua carreira. O Programa Moura de Est\u00e1gio busca talentos que estejam dispostos a trabalhar em um ambiente colaborativo, trazendo sempre solu\u00e7\u00f5es inovadoras e criativas para a rotina de trabalho.<\/p>\n\n\n\n<p>Aqui, acreditamos que nossas pessoas s\u00e3o nossa raz\u00e3o de ser. #VemSerMoura<\/p>\n\n\n\n<p><strong>Conhe\u00e7a&nbsp;<a href=\"http:\/\/plone.ufpb.br\/cceq\/contents\/noticias\/programa-moura-de-estagio-2023.2\/cartaz-instituicoes-ppt-pme-2023-2.pdf\" target=\"_blank\" rel=\"noreferrer noopener\">nosso programa<\/a><\/strong><\/p>\n\n\n\n<p>Com dura\u00e7\u00e3o de at\u00e9 dois anos, nosso programa faz com que nossos estagi\u00e1rios vivenciem desde cedo a Cultura Empresarial Moura. Temos o objetivo de inspirar, desenvolver e formar futuros profissionais que v\u00e3o contribuir com os desafios da empresa que \u00e9 l\u00edder de mercado no ramo Acumuladores de Energia na Am\u00e9rica do Sul.<\/p>\n\n\n\n<p>Por meio de experi\u00eancias pr\u00e1ticas e conte\u00fado especialmente preparado para o programa, os estagi\u00e1rios ter\u00e3o o seu curr\u00edculo e a sua forma\u00e7\u00e3o acad\u00eamica muito mais enriquecidos.<\/p>\n\n\n\n<p><strong>Cadastre seu curr\u00edculo site do&nbsp;<a href=\"https:\/\/grupomoura.gupy.io\/jobs\/5114718\" target=\"_blank\" rel=\"noreferrer noopener\">Grupo Moura<\/a><\/strong><\/p>\n","protected":false},"excerpt":{"rendered":"<p>Recife\/PE e Belo Jardim\/PE DESCRI\u00c7\u00c3O DA VAGA Venha fazer parte de uma empresa que preza [&hellip;]<\/p>\n","protected":false},"featured_media":0,"template":"","meta":{"footnotes":""},"edital_type":[8],"class_list":["post-197","edital","type-edital","status-publish","hentry","edital_type-estagio"],"_links":{"self":[{"href":"https:\/\/www.ct.ufpb.br\/cgceq\/wp-json\/wp\/v2\/edital\/197","targetHints":{"allow":["GET"]}}],"collection":[{"href":"https:\/\/www.ct.ufpb.br\/cgceq\/wp-json\/wp\/v2\/edital"}],"about":[{"href":"https:\/\/www.ct.ufpb.br\/cgceq\/wp-json\/wp\/v2\/types\/edital"}],"version-history":[{"count":1,"href":"https:\/\/www.ct.ufpb.br\/cgceq\/wp-json\/wp\/v2\/edital\/197\/revisions"}],"predecessor-version":[{"id":198,"href":"https:\/\/www.ct.ufpb.br\/cgceq\/wp-json\/wp\/v2\/edital\/197\/revisions\/198"}],"wp:attachment":[{"href":"https:\/\/www.ct.ufpb.br\/cgceq\/wp-json\/wp\/v2\/media?parent=197"}],"wp:term":[{"taxonomy":"edital_type","embeddable":true,"href":"https:\/\/www.ct.ufpb.br\/cgceq\/wp-json\/wp\/v2\/edital_type?post=197"}],"curies":[{"name":"wp","href":"https:\/\/api.w.org\/{rel}","templated":true}]}}