{"id":16,"date":"2025-09-29T10:20:24","date_gmt":"2025-09-29T13:20:24","guid":{"rendered":"https:\/\/www.ct.ufpb.br\/ccau\/?page_id=14"},"modified":"2026-03-21T08:57:05","modified_gmt":"2026-03-21T11:57:05","slug":"apresentacao","status":"publish","type":"page","link":"https:\/\/www.ct.ufpb.br\/ccgem\/apresentacao\/","title":{"rendered":"Apresenta\u00e7\u00e3o"},"content":{"rendered":"\n<p><\/p>\n\n\n\n<h2 class=\"wp-block-heading\"><div class=\"linha-header\">S<strong>obre o Curso de Engenharia Mec\u00e2nica<\/strong><\/div><\/h2>\n\n\n\n<p>O&nbsp;Curso de Gradua\u00e7\u00e3o em Engenharia Mec\u00e2nica da UFPB teve in\u00edcio no ano de 1966, na ent\u00e3o Escola de Engenharia.&nbsp;Seu reconhecimento pelo Conselho Federal de Educa\u00e7\u00e3o foi concedido pelo decreto No&nbsp;72.451, de 11\/07\/73.&nbsp; Destina-se a forma\u00e7\u00e3o do Engenheiro Mec\u00e2nico de acordo com a Lei n\u00ba 5194\/66 que regula a profiss\u00e3o de Engenheiro. O tempo m\u00ednimo de dura\u00e7\u00e3o dos cursos de Engenharia \u00e9 regulamentado pela na Resolu\u00e7\u00e3o n\u00ba 48\/76,&nbsp;e os conte\u00fados b\u00e1sicos, profissionalizantes e espec\u00edficos \u00e9 regulamentado pela Resolu\u00e7\u00e3o CNE\/CES 11.<\/p>\n\n\n\n<h2 class=\"wp-block-heading\"><div class=\"linha-header\"><strong>Objetivos Gerais<\/strong><\/div><\/h2>\n\n\n\n<p>&nbsp; &nbsp; &nbsp; &nbsp; &nbsp; &nbsp; O Curso tem como objetivo geral \u00e0 forma\u00e7\u00e3o de profissionais na \u00e1rea de Engenharia Mec\u00e2nica, capazes de desempenhar atividades referentes \u00e0 execu\u00e7\u00e3o, supervis\u00e3o e consultoria de projetos, ensino, pesquisa, opera\u00e7\u00e3o e manuten\u00e7\u00e3o de sistemas mec\u00e2nicos, m\u00e1quinas em geral, instala\u00e7\u00f5es eletromec\u00e2nicas, ve\u00edculos automotores e de sistemas de transmiss\u00e3o e convers\u00e3o de energia, sistemas de refrigera\u00e7\u00e3o e ar condicionado, sele\u00e7\u00e3o de materiais e processos de fabrica\u00e7\u00e3o. Pode ainda prever custos e meios de produ\u00e7\u00e3o e outros servi\u00e7os afins, conforme Res. 218 do CONFEA (Conselho Federal de Engenharia, Arquitetura, e Agronomia). O momento atual \u00e9 de aproxima\u00e7\u00e3o com a inform\u00e1tica e eletr\u00f4nica.<\/p>\n\n\n\n<p>&nbsp;&nbsp;&nbsp;&nbsp;&nbsp;&nbsp;&nbsp;&nbsp;&nbsp;&nbsp;&nbsp; Ao final do curso o engenheiro ter\u00e1 uma forma\u00e7\u00e3o generalizada, atuando em qualquer \u00e1rea da Engenharia Mec\u00e2nica, com capacidade de solucionar problemas utilizando metodologia cient\u00edfica e condi\u00e7\u00f5es de desempenhar atividades profissionais isoladamente ou em equipe, com conhecimento de causa-efeito.<\/p>\n\n\n\n<h2 class=\"wp-block-heading\"><div class=\"linha-header\"><strong>Grau Conferido, Habilita\u00e7\u00e3o, Linhas de Forma\u00e7\u00e3o e Integraliza\u00e7\u00e3o<\/strong><\/div><\/h2>\n\n\n\n<p>&nbsp;&nbsp; &nbsp; &nbsp; &nbsp; &nbsp; &nbsp;A Universidade Federal da Para\u00edba confere o grau de Engenheiro Mec\u00e2nica, obedecendo ao regime de cr\u00e9ditos, com abrang\u00eancia nas \u00e1reas b\u00e1sicas: Termofluidos, Materiais e Processos de Fabrica\u00e7\u00e3o e Mecatr\u00f4nica.<\/p>\n\n\n\n<p>&nbsp; &nbsp; &nbsp; &nbsp; &nbsp; &nbsp;Materiais e Processos de Fabrica\u00e7\u00e3o abrange os materiais met\u00e1licos, polim\u00e9ricos e cer\u00e2micos, nos seus aspectos de caracteriza\u00e7\u00e3o, fenomenologia e aplica\u00e7\u00f5es, assim como a an\u00e1lise, cria\u00e7\u00e3o e desenvolvimento de novos materiais. Ao lado do estudo dos materiais como tal \u00e9 essencial o entendimento dos fundamentos dos processos de produ\u00e7\u00e3o e fabrica\u00e7\u00e3o, pilares da competitividade industrial. Os materiais s\u00e3o os meios com os quais projetos de engenharia se realizam; por isto, essa \u00e1rea possui aplica\u00e7\u00e3o todos os ramos da Engenharia. Nela, o estudante adquire conhecimentos sobre mat\u00e9rias-primas, processamento, propriedades, estrutura e aplica\u00e7\u00f5es de materiais e processamento, propriedades e desempenho em servi\u00e7o.<\/p>\n\n\n\n<p>&nbsp; &nbsp; &nbsp; &nbsp; &nbsp;Automa\u00e7\u00e3o e Sistemas s\u00e3o tamb\u00e9m conhecidos como&nbsp;<em>Mecatr\u00f4nica<\/em>. A Mecatr\u00f4nica \u00e9 um ramo recente da Engenharia, que procura incorporar aos sistemas mec\u00e2nicos os avan\u00e7os proporcionados pela microeletr\u00f4nica e pelo computador. Apesar de estarem causando uma revolu\u00e7\u00e3o tecnol\u00f3gica em todas as \u00e1reas da Engenharia, \u00e9 quando essas tecnologias s\u00e3o associadas \u00e0 Engenharia Mec\u00e2nica que se observa um impacto maior nos sistemas produtivos e no cotidiano das pessoas. Os exemplos v\u00e3o desde a inje\u00e7\u00e3o eletr\u00f4nica de combust\u00edvel em autom\u00f3veis at\u00e9 a integra\u00e7\u00e3o por computador de v\u00e1rias m\u00e1quinas automatizadas em uma f\u00e1brica.<\/p>\n\n\n\n<p>&nbsp; &nbsp; &nbsp; &nbsp; &nbsp; Termofluidos tem como objetivo habilitar o profissional em Engenharia Mec\u00e2nica para desenvolver e\/ou otimizar projetos de sistemas termofluidos e seus componentes assim como atuar na an\u00e1lise e solu\u00e7\u00e3o, pesquisa, projeto, instrumenta\u00e7\u00e3o, manuten\u00e7\u00e3o, controle e ensino dos temas vinculados aos fen\u00f4menos de Transporte, \u00e0s Ci\u00eancias T\u00e9rmicas e Energ\u00e9ticas.<\/p>\n\n\n\n<h2 class=\"wp-block-heading\"><div class=\"linha-header\"><strong>Hor\u00e1rio de Funcionamento<\/strong><\/div><\/h2>\n\n\n\n<p>Segunda a Sexta-feira, das 07h \u00e0s 19h<\/p>\n","protected":false},"excerpt":{"rendered":"<p>Sobre o Curso de Engenharia Mec\u00e2nica O&nbsp;Curso de Gradua\u00e7\u00e3o em Engenharia Mec\u00e2nica da UFPB teve [&hellip;]<\/p>\n","protected":false},"author":63,"featured_media":0,"parent":0,"menu_order":0,"comment_status":"closed","ping_status":"closed","template":"","meta":{"footnotes":""},"class_list":["post-16","page","type-page","status-publish","hentry"],"_links":{"self":[{"href":"https:\/\/www.ct.ufpb.br\/ccgem\/wp-json\/wp\/v2\/pages\/16","targetHints":{"allow":["GET"]}}],"collection":[{"href":"https:\/\/www.ct.ufpb.br\/ccgem\/wp-json\/wp\/v2\/pages"}],"about":[{"href":"https:\/\/www.ct.ufpb.br\/ccgem\/wp-json\/wp\/v2\/types\/page"}],"author":[{"embeddable":true,"href":"https:\/\/www.ct.ufpb.br\/ccgem\/wp-json\/wp\/v2\/users\/63"}],"replies":[{"embeddable":true,"href":"https:\/\/www.ct.ufpb.br\/ccgem\/wp-json\/wp\/v2\/comments?post=16"}],"version-history":[{"count":3,"href":"https:\/\/www.ct.ufpb.br\/ccgem\/wp-json\/wp\/v2\/pages\/16\/revisions"}],"predecessor-version":[{"id":105,"href":"https:\/\/www.ct.ufpb.br\/ccgem\/wp-json\/wp\/v2\/pages\/16\/revisions\/105"}],"wp:attachment":[{"href":"https:\/\/www.ct.ufpb.br\/ccgem\/wp-json\/wp\/v2\/media?parent=16"}],"curies":[{"name":"wp","href":"https:\/\/api.w.org\/{rel}","templated":true}]}}