{"id":25,"date":"2025-09-29T10:28:03","date_gmt":"2025-09-29T13:28:03","guid":{"rendered":"https:\/\/www.ct.ufpb.br\/ccau\/?page_id=25"},"modified":"2026-02-24T19:41:25","modified_gmt":"2026-02-24T22:41:25","slug":"nucleo-docente-estruturante","status":"publish","type":"page","link":"https:\/\/www.ct.ufpb.br\/ccau\/nucleo-docente-estruturante\/","title":{"rendered":"N\u00facleo Docente Estruturante"},"content":{"rendered":"\n<p>O N\u00facleo Docente Estruturante \u00e9 uma comiss\u00e3o de professores do curso respons\u00e1vel pela revis\u00e3o e atualiza\u00e7\u00e3o curricular. Atualmente, \u00e9 composto pelos seguintes professores:&nbsp;<\/p>\n\n\n\n<figure class=\"wp-block-table\"><table class=\"has-fixed-layout\"><tbody><tr><td class=\"has-text-align-center\" data-align=\"center\"><strong>MEMBRO<\/strong><\/td><td class=\"has-text-align-center\" data-align=\"center\"><strong>NORMATIVO<\/strong><\/td><td class=\"has-text-align-center\" data-align=\"center\"><strong>MANDATO<\/strong><\/td><\/tr><tr><td class=\"has-text-align-center\" data-align=\"center\"><a href=\"https:\/\/sigaa.ufpb.br\/sigaa\/public\/docente\/portal.jsf?siape=3210747\" target=\"_blank\" rel=\"noreferrer noopener\">Dalton Bertini Ruas<\/a><\/td><td class=\"has-text-align-center\" data-align=\"center\">Presidente. Coordenador de Curso -PORTARIA N\u00b0 1978\/2022 \u2013 PROGEP \u2013 SCRF<\/td><td class=\"has-text-align-center\" data-align=\"center\">30\/11\/2022 a 29\/11\/2024<\/td><\/tr><tr><td class=\"has-text-align-center\" data-align=\"center\"><a href=\"https:\/\/sigaa.ufpb.br\/sigaa\/public\/docente\/portal.jsf?siape=1161775\" target=\"_blank\" rel=\"noreferrer noopener\">Paula Dieb Martins<\/a><\/td><td class=\"has-text-align-center\" data-align=\"center\">Vice-presidente. Vice-Coordenadora de Curso.&nbsp;PORTARIA N\u00b0 1978\/2022 \u2013 PROGEP \u2013 SCRF<\/td><td class=\"has-text-align-center\" data-align=\"center\">30\/11\/2022 a 29\/11\/2024<\/td><\/tr><tr><td class=\"has-text-align-center\" data-align=\"center\"><a href=\"https:\/\/sigaa.ufpb.br\/sigaa\/public\/docente\/portal.jsf?siape=2334108\" target=\"_blank\" rel=\"noreferrer noopener\">Patr\u00edcia Alonso de Andrade<\/a><\/td><td class=\"has-text-align-center\" data-align=\"center\">Membro. PORTARIA N\u00ba 1 \/ 2024 &#8211; CT &#8211; DAU<\/td><td class=\"has-text-align-center\" data-align=\"center\">05\/02\/2024 a 05\/02\/2026<\/td><\/tr><tr><td class=\"has-text-align-center\" data-align=\"center\"><a href=\"https:\/\/sigaa.ufpb.br\/sigaa\/public\/docente\/portal.jsf?siape=3282445\" target=\"_blank\" rel=\"noreferrer noopener\">Adriana Leal de Almeida Freire<\/a><\/td><td class=\"has-text-align-center\" data-align=\"center\">Membro. PORTARIA N\u00ba 2 \/ 2024 &#8211; CT &#8211; DAU<\/td><td class=\"has-text-align-center\" data-align=\"center\">05\/02\/2024 a 05\/02\/2026<\/td><\/tr><tr><td class=\"has-text-align-center\" data-align=\"center\"><a href=\"https:\/\/sigaa.ufpb.br\/sigaa\/public\/docente\/portal.jsf?siape=1622020\" target=\"_blank\" rel=\"noreferrer noopener\">Pedro Dultra Britto<\/a><\/td><td class=\"has-text-align-center\" data-align=\"center\">Membro. PORTARIA N\u00ba 12 \/ 2024 &#8211; CT &#8211; DAU<\/td><td class=\"has-text-align-center\" data-align=\"center\">12\/08\/2024 a 12\/08\/2026<\/td><\/tr><\/tbody><\/table><\/figure>\n\n\n\n<p><a href=\"http:\/\/plone.ufpb.br\/ccau\/contents\/menu\/institucional\/nde#wrapper\">Voltar para o topo<\/a><\/p>\n","protected":false},"excerpt":{"rendered":"<p>O N\u00facleo Docente Estruturante \u00e9 uma comiss\u00e3o de professores do curso respons\u00e1vel pela revis\u00e3o e [&hellip;]<\/p>\n","protected":false},"author":63,"featured_media":0,"parent":0,"menu_order":0,"comment_status":"closed","ping_status":"closed","template":"","meta":{"footnotes":""},"class_list":["post-25","page","type-page","status-publish","hentry"],"_links":{"self":[{"href":"https:\/\/www.ct.ufpb.br\/ccau\/wp-json\/wp\/v2\/pages\/25","targetHints":{"allow":["GET"]}}],"collection":[{"href":"https:\/\/www.ct.ufpb.br\/ccau\/wp-json\/wp\/v2\/pages"}],"about":[{"href":"https:\/\/www.ct.ufpb.br\/ccau\/wp-json\/wp\/v2\/types\/page"}],"author":[{"embeddable":true,"href":"https:\/\/www.ct.ufpb.br\/ccau\/wp-json\/wp\/v2\/users\/63"}],"replies":[{"embeddable":true,"href":"https:\/\/www.ct.ufpb.br\/ccau\/wp-json\/wp\/v2\/comments?post=25"}],"version-history":[{"count":3,"href":"https:\/\/www.ct.ufpb.br\/ccau\/wp-json\/wp\/v2\/pages\/25\/revisions"}],"predecessor-version":[{"id":119,"href":"https:\/\/www.ct.ufpb.br\/ccau\/wp-json\/wp\/v2\/pages\/25\/revisions\/119"}],"wp:attachment":[{"href":"https:\/\/www.ct.ufpb.br\/ccau\/wp-json\/wp\/v2\/media?parent=25"}],"curies":[{"name":"wp","href":"https:\/\/api.w.org\/{rel}","templated":true}]}}